{"id":1887,"date":"2026-04-02T10:55:16","date_gmt":"2026-04-02T08:55:16","guid":{"rendered":"https:\/\/ultra-trail-montagnes-jura.fr\/?page_id=1887"},"modified":"2026-04-03T16:43:17","modified_gmt":"2026-04-03T14:43:17","slug":"utmj-kids","status":"publish","type":"page","link":"https:\/\/ultra-trail-montagnes-jura.fr\/en\/utmj-kids\/","title":{"rendered":"UTMJ Kids"},"content":{"rendered":"<div data-elementor-type=\"wp-page\" data-elementor-id=\"1887\" class=\"elementor elementor-1887\" data-elementor-post-type=\"page\">\n\t\t\t\t<div class=\"elementor-element elementor-element-1f3f2f2 e-flex e-con-boxed e-con e-parent\" data-id=\"1f3f2f2\" data-element_type=\"container\" data-e-type=\"container\" data-settings=\"{&quot;background_background&quot;:&quot;classic&quot;,&quot;shape_divider_bottom&quot;:&quot;mountains&quot;}\">\n\t\t\t\t\t<div class=\"e-con-inner\">\n\t\t\t\t<div class=\"elementor-shape elementor-shape-bottom\" aria-hidden=\"true\" data-negative=\"false\">\n\t\t\t<svg xmlns=\"http:\/\/www.w3.org\/2000\/svg\" viewbox=\"0 0 1000 100\" preserveaspectratio=\"none\">\n\t<path class=\"elementor-shape-fill\" opacity=\"0.33\" d=\"M473,67.3c-203.9,88.3-263.1-34-320.3,0C66,119.1,0,59.7,0,59.7V0h1000v59.7 c0,0-62.1,26.1-94.9,29.3c-32.8,3.3-62.8-12.3-75.8-22.1C806,49.6,745.3,8.7,694.9,4.7S492.4,59,473,67.3z\"\/>\n\t<path class=\"elementor-shape-fill\" opacity=\"0.66\" d=\"M734,67.3c-45.5,0-77.2-23.2-129.1-39.1c-28.6-8.7-150.3-10.1-254,39.1 s-91.7-34.4-149.2,0C115.7,118.3,0,39.8,0,39.8V0h1000v36.5c0,0-28.2-18.5-92.1-18.5C810.2,18.1,775.7,67.3,734,67.3z\"\/>\n\t<path class=\"elementor-shape-fill\" d=\"M766.1,28.9c-200-57.5-266,65.5-395.1,19.5C242,1.8,242,5.4,184.8,20.6C128,35.8,132.3,44.9,89.9,52.5C28.6,63.7,0,0,0,0 h1000c0,0-9.9,40.9-83.6,48.1S829.6,47,766.1,28.9z\"\/>\n<\/svg>\t\t<\/div>\n\t\t\t\t<div class=\"elementor-element elementor-element-15ec14c elementor-widget elementor-widget-heading\" data-id=\"15ec14c\" data-element_type=\"widget\" data-e-type=\"widget\" data-widget_type=\"heading.default\">\n\t\t\t\t\t<h1 class=\"elementor-heading-title elementor-size-default\">UTMJ KIDS<\/h1>\t\t\t\t<\/div>\n\t\t\t\t<div class=\"elementor-element elementor-element-e783823 elementor-widget elementor-widget-button\" data-id=\"e783823\" data-element_type=\"widget\" data-e-type=\"widget\" data-widget_type=\"button.default\">\n\t\t\t\t\t\t\t\t\t\t<a class=\"elementor-button elementor-size-sm\" role=\"button\">\n\t\t\t\t\t\t<span class=\"elementor-button-content-wrapper\">\n\t\t\t\t\t\t\t\t\t<span class=\"elementor-button-text\">INSCRIPTION \u00c0 PARTIR DU 15 AO\u00dbT<\/span>\n\t\t\t\t\t<\/span>\n\t\t\t\t\t<\/a>\n\t\t\t\t\t\t\t\t<\/div>\n\t\t\t\t\t<\/div>\n\t\t\t\t<\/div>\n\t\t<div class=\"elementor-element elementor-element-d847726 e-flex e-con-boxed e-con e-parent\" data-id=\"d847726\" data-element_type=\"container\" data-e-type=\"container\">\n\t\t\t\t\t<div class=\"e-con-inner\">\n\t\t<div class=\"elementor-element elementor-element-f5f1b47 e-con-full e-flex e-con e-child\" data-id=\"f5f1b47\" data-element_type=\"container\" data-e-type=\"container\">\n\t\t<div class=\"elementor-element elementor-element-574ff7e e-con-full e-flex e-con e-child\" data-id=\"574ff7e\" data-element_type=\"container\" data-e-type=\"container\">\n\t\t\t\t<div class=\"elementor-element elementor-element-a84529d elementor-widget elementor-widget-text-editor\" data-id=\"a84529d\" data-element_type=\"widget\" data-e-type=\"widget\" data-widget_type=\"text-editor.default\">\n\t\t\t\t\t\t\t\t\t<p>L\u2019UTMJ Kids, c\u2019est l\u2019occasion pour les jeunes trailers de\u00a0se challenger sur des parcours adapt\u00e9s, de d\u00e9couvrir la beaut\u00e9 du massif jurassien et de\u00a0vivre l\u2019exp\u00e9rience unique de l\u2019UTMJ. De la\u00a0Louve (1 km)\u00a0\u00e0 l\u2019Hermine (3 km), en passant par la\u00a0Milan (1,5 km)\u00a0et la\u00a0T\u00e9tras (5 km), chaque enfant pourra se d\u00e9passer et repousser ses limites. Et\u00a0pour les tout-petits, l\u2019\u00c9cureuil (500m)\u00a0offre une premi\u00e8re initiation ludique au trail.<br \/><br \/>Faites d\u00e9couvrir la joie du du trail \u00e0 vos enfants !\u00a0Plaisir, d\u00e9passement de soi et souvenirs inoubliables garantis !<\/p>\t\t\t\t\t\t\t\t<\/div>\n\t\t\t\t<\/div>\n\t\t\t\t<\/div>\n\t\t\t\t\t<\/div>\n\t\t\t\t<\/div>\n\t\t<div class=\"elementor-element elementor-element-4487fdb e-flex e-con-boxed e-con e-parent\" data-id=\"4487fdb\" data-element_type=\"container\" data-e-type=\"container\" data-settings=\"{&quot;background_background&quot;:&quot;classic&quot;,&quot;shape_divider_top&quot;:&quot;mountains&quot;,&quot;shape_divider_bottom&quot;:&quot;mountains&quot;}\">\n\t\t\t\t\t<div class=\"e-con-inner\">\n\t\t\t\t<div class=\"elementor-shape elementor-shape-top\" aria-hidden=\"true\" data-negative=\"false\">\n\t\t\t<svg xmlns=\"http:\/\/www.w3.org\/2000\/svg\" viewbox=\"0 0 1000 100\" preserveaspectratio=\"none\">\n\t<path class=\"elementor-shape-fill\" opacity=\"0.33\" d=\"M473,67.3c-203.9,88.3-263.1-34-320.3,0C66,119.1,0,59.7,0,59.7V0h1000v59.7 c0,0-62.1,26.1-94.9,29.3c-32.8,3.3-62.8-12.3-75.8-22.1C806,49.6,745.3,8.7,694.9,4.7S492.4,59,473,67.3z\"\/>\n\t<path class=\"elementor-shape-fill\" opacity=\"0.66\" d=\"M734,67.3c-45.5,0-77.2-23.2-129.1-39.1c-28.6-8.7-150.3-10.1-254,39.1 s-91.7-34.4-149.2,0C115.7,118.3,0,39.8,0,39.8V0h1000v36.5c0,0-28.2-18.5-92.1-18.5C810.2,18.1,775.7,67.3,734,67.3z\"\/>\n\t<path class=\"elementor-shape-fill\" d=\"M766.1,28.9c-200-57.5-266,65.5-395.1,19.5C242,1.8,242,5.4,184.8,20.6C128,35.8,132.3,44.9,89.9,52.5C28.6,63.7,0,0,0,0 h1000c0,0-9.9,40.9-83.6,48.1S829.6,47,766.1,28.9z\"\/>\n<\/svg>\t\t<\/div>\n\t\t\t\t<div class=\"elementor-shape elementor-shape-bottom\" aria-hidden=\"true\" data-negative=\"false\">\n\t\t\t<svg xmlns=\"http:\/\/www.w3.org\/2000\/svg\" viewbox=\"0 0 1000 100\" preserveaspectratio=\"none\">\n\t<path class=\"elementor-shape-fill\" opacity=\"0.33\" d=\"M473,67.3c-203.9,88.3-263.1-34-320.3,0C66,119.1,0,59.7,0,59.7V0h1000v59.7 c0,0-62.1,26.1-94.9,29.3c-32.8,3.3-62.8-12.3-75.8-22.1C806,49.6,745.3,8.7,694.9,4.7S492.4,59,473,67.3z\"\/>\n\t<path class=\"elementor-shape-fill\" opacity=\"0.66\" d=\"M734,67.3c-45.5,0-77.2-23.2-129.1-39.1c-28.6-8.7-150.3-10.1-254,39.1 s-91.7-34.4-149.2,0C115.7,118.3,0,39.8,0,39.8V0h1000v36.5c0,0-28.2-18.5-92.1-18.5C810.2,18.1,775.7,67.3,734,67.3z\"\/>\n\t<path class=\"elementor-shape-fill\" d=\"M766.1,28.9c-200-57.5-266,65.5-395.1,19.5C242,1.8,242,5.4,184.8,20.6C128,35.8,132.3,44.9,89.9,52.5C28.6,63.7,0,0,0,0 h1000c0,0-9.9,40.9-83.6,48.1S829.6,47,766.1,28.9z\"\/>\n<\/svg>\t\t<\/div>\n\t\t<div class=\"elementor-element elementor-element-3db2fad e-con-full e-flex e-con e-child\" data-id=\"3db2fad\" data-element_type=\"container\" data-e-type=\"container\">\n\t\t<div class=\"elementor-element elementor-element-75632ed e-con-full e-flex e-con e-child\" data-id=\"75632ed\" data-element_type=\"container\" data-e-type=\"container\">\n\t\t\t\t<div class=\"elementor-element elementor-element-b5aa6b9 elementor-view-stacked elementor-shape-circle elementor-position-block-start elementor-mobile-position-block-start elementor-widget elementor-widget-icon-box\" data-id=\"b5aa6b9\" data-element_type=\"widget\" data-e-type=\"widget\" data-widget_type=\"icon-box.default\">\n\t\t\t\t\t\t\t<div class=\"elementor-icon-box-wrapper\">\n\n\t\t\t\t\t\t<div class=\"elementor-icon-box-icon\">\n\t\t\t\t<span  class=\"elementor-icon\">\n\t\t\t\t<svg aria-hidden=\"true\" class=\"e-font-icon-svg e-fas-map-marked-alt\" viewbox=\"0 0 576 512\" xmlns=\"http:\/\/www.w3.org\/2000\/svg\"><path d=\"M288 0c-69.59 0-126 56.41-126 126 0 56.26 82.35 158.8 113.9 196.02 6.39 7.54 17.82 7.54 24.2 0C331.65 284.8 414 182.26 414 126 414 56.41 357.59 0 288 0zm0 168c-23.2 0-42-18.8-42-42s18.8-42 42-42 42 18.8 42 42-18.8 42-42 42zM20.12 215.95A32.006 32.006 0 0 0 0 245.66v250.32c0 11.32 11.43 19.06 21.94 14.86L160 448V214.92c-8.84-15.98-16.07-31.54-21.25-46.42L20.12 215.95zM288 359.67c-14.07 0-27.38-6.18-36.51-16.96-19.66-23.2-40.57-49.62-59.49-76.72v182l192 64V266c-18.92 27.09-39.82 53.52-59.49 76.72-9.13 10.77-22.44 16.95-36.51 16.95zm266.06-198.51L416 224v288l139.88-55.95A31.996 31.996 0 0 0 576 426.34V176.02c0-11.32-11.43-19.06-21.94-14.86z\"><\/path><\/svg>\t\t\t\t<\/span>\n\t\t\t<\/div>\n\t\t\t\n\t\t\t\t\t\t<div class=\"elementor-icon-box-content\">\n\n\t\t\t\t\t\t\t\t\t<h3 class=\"elementor-icon-box-title\">\n\t\t\t\t\t\t<span  >\n\t\t\t\t\t\t\tSAMEDI 3 OCTOBRE 2026 \u00c0 PARTIR DE 14h00\t\t\t\t\t\t<\/span>\n\t\t\t\t\t<\/h3>\n\t\t\t\t\n\t\t\t\t\t\t\t\t\t<p class=\"elementor-icon-box-description\">\n\t\t\t\t\t\tD\u00c9PART \u00c0 M\u00c9TABIEF\t\t\t\t\t<\/p>\n\t\t\t\t\n\t\t\t<\/div>\n\t\t\t\n\t\t<\/div>\n\t\t\t\t\t\t<\/div>\n\t\t\t\t<div class=\"elementor-element elementor-element-3eebb8a elementor-widget-tablet__width-inherit elementor-widget elementor-widget-image\" data-id=\"3eebb8a\" data-element_type=\"widget\" data-e-type=\"widget\" data-widget_type=\"image.default\">\n\t\t\t\t\t\t\t\t\t\t\t\t\t\t\t<img fetchpriority=\"high\" decoding=\"async\" width=\"1920\" height=\"1280\" src=\"https:\/\/ultra-trail-montagnes-jura.fr\/wp-content\/uploads\/2026\/04\/utmj_2025_globale_hd_lilian_menetrier143.webp\" class=\"attachment-full size-full wp-image-1903\" alt=\"Utmj Kids 2025\" srcset=\"https:\/\/ultra-trail-montagnes-jura.fr\/wp-content\/uploads\/2026\/04\/utmj_2025_globale_hd_lilian_menetrier143.webp 1920w, https:\/\/ultra-trail-montagnes-jura.fr\/wp-content\/uploads\/2026\/04\/utmj_2025_globale_hd_lilian_menetrier143-300x200.webp 300w, https:\/\/ultra-trail-montagnes-jura.fr\/wp-content\/uploads\/2026\/04\/utmj_2025_globale_hd_lilian_menetrier143-1024x683.webp 1024w, https:\/\/ultra-trail-montagnes-jura.fr\/wp-content\/uploads\/2026\/04\/utmj_2025_globale_hd_lilian_menetrier143-768x512.webp 768w, https:\/\/ultra-trail-montagnes-jura.fr\/wp-content\/uploads\/2026\/04\/utmj_2025_globale_hd_lilian_menetrier143-1536x1024.webp 1536w\" sizes=\"(max-width: 1920px) 100vw, 1920px\" \/>\t\t\t\t\t\t\t\t\t\t\t\t\t\t\t<\/div>\n\t\t\t\t<\/div>\n\t\t<div class=\"elementor-element elementor-element-4300d92 e-con-full e-flex e-con e-child\" data-id=\"4300d92\" data-element_type=\"container\" data-e-type=\"container\">\n\t\t\t\t<div class=\"elementor-element elementor-element-a53eac9 elementor-widget-tablet__width-inherit elementor-widget elementor-widget-image\" data-id=\"a53eac9\" data-element_type=\"widget\" data-e-type=\"widget\" data-widget_type=\"image.default\">\n\t\t\t\t\t\t\t\t\t\t\t\t\t\t\t<img decoding=\"async\" width=\"1920\" height=\"1280\" src=\"https:\/\/ultra-trail-montagnes-jura.fr\/wp-content\/uploads\/2026\/04\/utmj_2025_globale_hd_lilian_menetrier150.webp\" class=\"attachment-full size-full wp-image-1901\" alt=\"Utmj Kids 2025\" srcset=\"https:\/\/ultra-trail-montagnes-jura.fr\/wp-content\/uploads\/2026\/04\/utmj_2025_globale_hd_lilian_menetrier150.webp 1920w, https:\/\/ultra-trail-montagnes-jura.fr\/wp-content\/uploads\/2026\/04\/utmj_2025_globale_hd_lilian_menetrier150-300x200.webp 300w, https:\/\/ultra-trail-montagnes-jura.fr\/wp-content\/uploads\/2026\/04\/utmj_2025_globale_hd_lilian_menetrier150-1024x683.webp 1024w, https:\/\/ultra-trail-montagnes-jura.fr\/wp-content\/uploads\/2026\/04\/utmj_2025_globale_hd_lilian_menetrier150-768x512.webp 768w, https:\/\/ultra-trail-montagnes-jura.fr\/wp-content\/uploads\/2026\/04\/utmj_2025_globale_hd_lilian_menetrier150-1536x1024.webp 1536w\" sizes=\"(max-width: 1920px) 100vw, 1920px\" \/>\t\t\t\t\t\t\t\t\t\t\t\t\t\t\t<\/div>\n\t\t\t\t<div class=\"elementor-element elementor-element-83ba939 elementor-view-stacked elementor-shape-circle elementor-position-block-start elementor-mobile-position-block-start elementor-widget elementor-widget-icon-box\" data-id=\"83ba939\" data-element_type=\"widget\" data-e-type=\"widget\" data-widget_type=\"icon-box.default\">\n\t\t\t\t\t\t\t<div class=\"elementor-icon-box-wrapper\">\n\n\t\t\t\t\t\t<div class=\"elementor-icon-box-icon\">\n\t\t\t\t<span  class=\"elementor-icon\">\n\t\t\t\t<svg aria-hidden=\"true\" class=\"e-font-icon-svg e-fas-running\" viewbox=\"0 0 416 512\" xmlns=\"http:\/\/www.w3.org\/2000\/svg\"><path d=\"M272 96c26.51 0 48-21.49 48-48S298.51 0 272 0s-48 21.49-48 48 21.49 48 48 48zM113.69 317.47l-14.8 34.52H32c-17.67 0-32 14.33-32 32s14.33 32 32 32h77.45c19.25 0 36.58-11.44 44.11-29.09l8.79-20.52-10.67-6.3c-17.32-10.23-30.06-25.37-37.99-42.61zM384 223.99h-44.03l-26.06-53.25c-12.5-25.55-35.45-44.23-61.78-50.94l-71.08-21.14c-28.3-6.8-57.77-.55-80.84 17.14l-39.67 30.41c-14.03 10.75-16.69 30.83-5.92 44.86s30.84 16.66 44.86 5.92l39.69-30.41c7.67-5.89 17.44-8 25.27-6.14l14.7 4.37-37.46 87.39c-12.62 29.48-1.31 64.01 26.3 80.31l84.98 50.17-27.47 87.73c-5.28 16.86 4.11 34.81 20.97 40.09 3.19 1 6.41 1.48 9.58 1.48 13.61 0 26.23-8.77 30.52-22.45l31.64-101.06c5.91-20.77-2.89-43.08-21.64-54.39l-61.24-36.14 31.31-78.28 20.27 41.43c8 16.34 24.92 26.89 43.11 26.89H384c17.67 0 32-14.33 32-32s-14.33-31.99-32-31.99z\"><\/path><\/svg>\t\t\t\t<\/span>\n\t\t\t<\/div>\n\t\t\t\n\t\t\t\t\t\t<div class=\"elementor-icon-box-content\">\n\n\t\t\t\t\t\t\t\t\t<h3 class=\"elementor-icon-box-title\">\n\t\t\t\t\t\t<span  >\n\t\t\t\t\t\t\tDE 500M \u00c0 5KM\t\t\t\t\t\t<\/span>\n\t\t\t\t\t<\/h3>\n\t\t\t\t\n\t\t\t\t\n\t\t\t<\/div>\n\t\t\t\n\t\t<\/div>\n\t\t\t\t\t\t<\/div>\n\t\t\t\t<\/div>\n\t\t<div class=\"elementor-element elementor-element-2202a01 e-con-full e-flex e-con e-child\" data-id=\"2202a01\" data-element_type=\"container\" data-e-type=\"container\">\n\t\t\t\t<div class=\"elementor-element elementor-element-2a82ca1 elementor-view-stacked elementor-shape-circle elementor-position-block-start elementor-mobile-position-block-start elementor-widget elementor-widget-icon-box\" data-id=\"2a82ca1\" data-element_type=\"widget\" data-e-type=\"widget\" data-widget_type=\"icon-box.default\">\n\t\t\t\t\t\t\t<div class=\"elementor-icon-box-wrapper\">\n\n\t\t\t\t\t\t<div class=\"elementor-icon-box-icon\">\n\t\t\t\t<span  class=\"elementor-icon\">\n\t\t\t\t<svg aria-hidden=\"true\" class=\"e-font-icon-svg e-fas-child\" viewbox=\"0 0 384 512\" xmlns=\"http:\/\/www.w3.org\/2000\/svg\"><path d=\"M120 72c0-39.765 32.235-72 72-72s72 32.235 72 72c0 39.764-32.235 72-72 72s-72-32.236-72-72zm254.627 1.373c-12.496-12.497-32.758-12.497-45.254 0L242.745 160H141.254L54.627 73.373c-12.496-12.497-32.758-12.497-45.254 0-12.497 12.497-12.497 32.758 0 45.255L104 213.254V480c0 17.673 14.327 32 32 32h16c17.673 0 32-14.327 32-32V368h16v112c0 17.673 14.327 32 32 32h16c17.673 0 32-14.327 32-32V213.254l94.627-94.627c12.497-12.497 12.497-32.757 0-45.254z\"><\/path><\/svg>\t\t\t\t<\/span>\n\t\t\t<\/div>\n\t\t\t\n\t\t\t\t\t\t<div class=\"elementor-icon-box-content\">\n\n\t\t\t\t\t\t\t\t\t<h3 class=\"elementor-icon-box-title\">\n\t\t\t\t\t\t<span  >\n\t\t\t\t\t\t\tDE 6 \u00c0 15 ANS\t\t\t\t\t\t<\/span>\n\t\t\t\t\t<\/h3>\n\t\t\t\t\n\t\t\t\t\n\t\t\t<\/div>\n\t\t\t\n\t\t<\/div>\n\t\t\t\t\t\t<\/div>\n\t\t\t\t<div class=\"elementor-element elementor-element-ac11f3d elementor-widget-tablet__width-inherit elementor-widget elementor-widget-image\" data-id=\"ac11f3d\" data-element_type=\"widget\" data-e-type=\"widget\" data-widget_type=\"image.default\">\n\t\t\t\t\t\t\t\t\t\t\t\t\t\t\t<img decoding=\"async\" width=\"1920\" height=\"1280\" src=\"https:\/\/ultra-trail-montagnes-jura.fr\/wp-content\/uploads\/2026\/04\/utmj_2025_globale_hd_lilian_menetrier138.webp\" class=\"attachment-full size-full wp-image-1893\" alt=\"UTMJ Kids 2025\" srcset=\"https:\/\/ultra-trail-montagnes-jura.fr\/wp-content\/uploads\/2026\/04\/utmj_2025_globale_hd_lilian_menetrier138.webp 1920w, https:\/\/ultra-trail-montagnes-jura.fr\/wp-content\/uploads\/2026\/04\/utmj_2025_globale_hd_lilian_menetrier138-300x200.webp 300w, https:\/\/ultra-trail-montagnes-jura.fr\/wp-content\/uploads\/2026\/04\/utmj_2025_globale_hd_lilian_menetrier138-1024x683.webp 1024w, https:\/\/ultra-trail-montagnes-jura.fr\/wp-content\/uploads\/2026\/04\/utmj_2025_globale_hd_lilian_menetrier138-768x512.webp 768w, https:\/\/ultra-trail-montagnes-jura.fr\/wp-content\/uploads\/2026\/04\/utmj_2025_globale_hd_lilian_menetrier138-1536x1024.webp 1536w\" sizes=\"(max-width: 1920px) 100vw, 1920px\" \/>\t\t\t\t\t\t\t\t\t\t\t\t\t\t\t<\/div>\n\t\t\t\t<\/div>\n\t\t\t\t<\/div>\n\t\t\t\t\t<\/div>\n\t\t\t\t<\/div>\n\t\t<div class=\"elementor-element elementor-element-61c263e e-flex e-con-boxed e-con e-parent\" data-id=\"61c263e\" data-element_type=\"container\" data-e-type=\"container\">\n\t\t\t\t\t<div class=\"e-con-inner\">\n\t\t<div class=\"elementor-element elementor-element-7ce6d1f e-con-full e-flex e-con e-child\" data-id=\"7ce6d1f\" data-element_type=\"container\" data-e-type=\"container\">\n\t\t\t\t<div class=\"elementor-element elementor-element-950fa95 elementor-widget__width-initial elementor-widget-mobile__width-inherit elementor-widget elementor-widget-n-accordion\" data-id=\"950fa95\" data-element_type=\"widget\" data-e-type=\"widget\" data-settings=\"{&quot;n_accordion_animation_duration&quot;:{&quot;unit&quot;:&quot;ms&quot;,&quot;size&quot;:200,&quot;sizes&quot;:[]},&quot;default_state&quot;:&quot;expanded&quot;,&quot;max_items_expended&quot;:&quot;one&quot;}\" data-widget_type=\"nested-accordion.default\">\n\t\t\t\t\t\t\t<div class=\"e-n-accordion\" aria-label=\"Accordion. Open links with Enter or Space, close with Escape, and navigate with Arrow Keys\">\n\t\t\t\t\t\t<details id=\"e-n-accordion-item-1560\" class=\"e-n-accordion-item\" open>\n\t\t\t\t<summary class=\"e-n-accordion-item-title\" data-accordion-index=\"1\" tabindex=\"0\" aria-expanded=\"true\" aria-controls=\"e-n-accordion-item-1560\" >\n\t\t\t\t\t<span class='e-n-accordion-item-title-header'><div class=\"e-n-accordion-item-title-text\"> Informations g\u00e9n\u00e9rales <\/div><\/span>\n\t\t\t\t\t\t\t<span class='e-n-accordion-item-title-icon'>\n\t\t\t<span class='e-opened' ><svg aria-hidden=\"true\" class=\"e-font-icon-svg e-fas-minus\" viewbox=\"0 0 448 512\" xmlns=\"http:\/\/www.w3.org\/2000\/svg\"><path d=\"M416 208H32c-17.67 0-32 14.33-32 32v32c0 17.67 14.33 32 32 32h384c17.67 0 32-14.33 32-32v-32c0-17.67-14.33-32-32-32z\"><\/path><\/svg><\/span>\n\t\t\t<span class='e-closed'><svg aria-hidden=\"true\" class=\"e-font-icon-svg e-fas-plus\" viewbox=\"0 0 448 512\" xmlns=\"http:\/\/www.w3.org\/2000\/svg\"><path d=\"M416 208H272V64c0-17.67-14.33-32-32-32h-32c-17.67 0-32 14.33-32 32v144H32c-17.67 0-32 14.33-32 32v32c0 17.67 14.33 32 32 32h144v144c0 17.67 14.33 32 32 32h32c17.67 0 32-14.33 32-32V304h144c17.67 0 32-14.33 32-32v-32c0-17.67-14.33-32-32-32z\"><\/path><\/svg><\/span>\n\t\t<\/span>\n\n\t\t\t\t\t\t<\/summary>\n\t\t\t\t<div role=\"region\" aria-labelledby=\"e-n-accordion-item-1560\" class=\"elementor-element elementor-element-d6f8584 e-con-full e-flex e-con e-child\" data-id=\"d6f8584\" data-element_type=\"container\" data-e-type=\"container\">\n\t\t\t\t<div class=\"elementor-element elementor-element-210306a elementor-widget elementor-widget-text-editor\" data-id=\"210306a\" data-element_type=\"widget\" data-e-type=\"widget\" data-widget_type=\"text-editor.default\">\n\t\t\t\t\t\t\t\t\t<div><br \/><br \/><table style=\"height: 346px;\" width=\"208\"><tbody><tr><td><div><p>Distances<\/p><\/div><\/td><td><div><p>Cat\u00e9gories d\u2019\u00e2ge<\/p><\/div><\/td><\/tr><tr><td><div><p>500m<\/p><\/div><\/td><td><div><p>2020-2021<\/p><\/div><\/td><\/tr><tr><td><div><p>1km<\/p><\/div><\/td><td><div><p>2018-2019<\/p><\/div><\/td><\/tr><tr><td><div><p>1,5km<\/p><\/div><\/td><td><div><p>2016-2017<\/p><\/div><\/td><\/tr><tr><td><div><p>3km<\/p><\/div><\/td><td><div><p>2014-2015<\/p><\/div><\/td><\/tr><tr><td><div><p>5km<\/p><\/div><\/td><td><div><p>2012-2013<\/p><\/div><\/td><\/tr><\/tbody><\/table><\/div>\t\t\t\t\t\t\t\t<\/div>\n\t\t\t\t<\/div>\n\t\t\t\t\t<\/details>\n\t\t\t\t\t\t<details id=\"e-n-accordion-item-1561\" class=\"e-n-accordion-item\" >\n\t\t\t\t<summary class=\"e-n-accordion-item-title\" data-accordion-index=\"2\" tabindex=\"-1\" aria-expanded=\"false\" aria-controls=\"e-n-accordion-item-1561\" >\n\t\t\t\t\t<span class='e-n-accordion-item-title-header'><div class=\"e-n-accordion-item-title-text\"> L'\u00c9cureuil <\/div><\/span>\n\t\t\t\t\t\t\t<span class='e-n-accordion-item-title-icon'>\n\t\t\t<span class='e-opened' ><svg aria-hidden=\"true\" class=\"e-font-icon-svg e-fas-minus\" viewbox=\"0 0 448 512\" xmlns=\"http:\/\/www.w3.org\/2000\/svg\"><path d=\"M416 208H32c-17.67 0-32 14.33-32 32v32c0 17.67 14.33 32 32 32h384c17.67 0 32-14.33 32-32v-32c0-17.67-14.33-32-32-32z\"><\/path><\/svg><\/span>\n\t\t\t<span class='e-closed'><svg aria-hidden=\"true\" class=\"e-font-icon-svg e-fas-plus\" viewbox=\"0 0 448 512\" xmlns=\"http:\/\/www.w3.org\/2000\/svg\"><path d=\"M416 208H272V64c0-17.67-14.33-32-32-32h-32c-17.67 0-32 14.33-32 32v144H32c-17.67 0-32 14.33-32 32v32c0 17.67 14.33 32 32 32h144v144c0 17.67 14.33 32 32 32h32c17.67 0 32-14.33 32-32V304h144c17.67 0 32-14.33 32-32v-32c0-17.67-14.33-32-32-32z\"><\/path><\/svg><\/span>\n\t\t<\/span>\n\n\t\t\t\t\t\t<\/summary>\n\t\t\t\t<div role=\"region\" aria-labelledby=\"e-n-accordion-item-1561\" class=\"elementor-element elementor-element-55d7cdd e-con-full e-flex e-con e-child\" data-id=\"55d7cdd\" data-element_type=\"container\" data-e-type=\"container\">\n\t\t\t\t<div class=\"elementor-element elementor-element-a7429ec elementor-widget elementor-widget-text-editor\" data-id=\"a7429ec\" data-element_type=\"widget\" data-e-type=\"widget\" data-widget_type=\"text-editor.default\">\n\t\t\t\t\t\t\t\t\t<p><strong>Distance<\/strong>\u00a0: 500 m<br \/><strong>D\u00e9nivel\u00e9<\/strong>\u00a0: 20 D+<br \/><strong>Date<\/strong> : Samedi 03 octobre 2026<br \/><strong>D\u00e9part<\/strong>\u00a0: M\u00e9tabief (25)<br \/><strong>\u00c2ge requis <\/strong>: enfants n\u00e9s en 2020 ou 2021 (cat\u00e9gorie : Ecole d\u2019athl\u00e9tisme 1)<br \/><br \/>Les enfants r\u00e9alisent une boucle de 500m. Les filles partent \u00e0 14h30 et les gar\u00e7ons \u00e0 14h40.<\/p>\t\t\t\t\t\t\t\t<\/div>\n\t\t\t\t<\/div>\n\t\t\t\t\t<\/details>\n\t\t\t\t\t\t<details id=\"e-n-accordion-item-1562\" class=\"e-n-accordion-item\" >\n\t\t\t\t<summary class=\"e-n-accordion-item-title\" data-accordion-index=\"3\" tabindex=\"-1\" aria-expanded=\"false\" aria-controls=\"e-n-accordion-item-1562\" >\n\t\t\t\t\t<span class='e-n-accordion-item-title-header'><div class=\"e-n-accordion-item-title-text\"> La Louve <\/div><\/span>\n\t\t\t\t\t\t\t<span class='e-n-accordion-item-title-icon'>\n\t\t\t<span class='e-opened' ><svg aria-hidden=\"true\" class=\"e-font-icon-svg e-fas-minus\" viewbox=\"0 0 448 512\" xmlns=\"http:\/\/www.w3.org\/2000\/svg\"><path d=\"M416 208H32c-17.67 0-32 14.33-32 32v32c0 17.67 14.33 32 32 32h384c17.67 0 32-14.33 32-32v-32c0-17.67-14.33-32-32-32z\"><\/path><\/svg><\/span>\n\t\t\t<span class='e-closed'><svg aria-hidden=\"true\" class=\"e-font-icon-svg e-fas-plus\" viewbox=\"0 0 448 512\" xmlns=\"http:\/\/www.w3.org\/2000\/svg\"><path d=\"M416 208H272V64c0-17.67-14.33-32-32-32h-32c-17.67 0-32 14.33-32 32v144H32c-17.67 0-32 14.33-32 32v32c0 17.67 14.33 32 32 32h144v144c0 17.67 14.33 32 32 32h32c17.67 0 32-14.33 32-32V304h144c17.67 0 32-14.33 32-32v-32c0-17.67-14.33-32-32-32z\"><\/path><\/svg><\/span>\n\t\t<\/span>\n\n\t\t\t\t\t\t<\/summary>\n\t\t\t\t<div role=\"region\" aria-labelledby=\"e-n-accordion-item-1562\" class=\"elementor-element elementor-element-e3e1082 e-con-full e-flex e-con e-child\" data-id=\"e3e1082\" data-element_type=\"container\" data-e-type=\"container\">\n\t\t\t\t<div class=\"elementor-element elementor-element-4c2d2b1 elementor-widget elementor-widget-text-editor\" data-id=\"4c2d2b1\" data-element_type=\"widget\" data-e-type=\"widget\" data-widget_type=\"text-editor.default\">\n\t\t\t\t\t\t\t\t\t<p data-start=\"62\" data-end=\"326\"><strong>Distance<\/strong>\u00a0: 1 km<br \/><strong>D\u00e9nivel\u00e9<\/strong>\u00a0: 40 D+<br \/><strong>Date<\/strong> : Samedi 03 octobre 2026<br \/><strong>D\u00e9part<\/strong> : M\u00e9tabief (25)<br \/><strong>\u00c2ge requis <\/strong>: enfants n\u00e9s en 2018 ou 2019 (cat\u00e9gorie : Ecole d\u2019athl\u00e9tisme 2)<\/p><p>Les enfants r\u00e9alisent deux fois une boucle de 500m. Les filles partent \u00e0 14h50 et les gar\u00e7ons \u00e0 15h00.<\/p>\t\t\t\t\t\t\t\t<\/div>\n\t\t\t\t<\/div>\n\t\t\t\t\t<\/details>\n\t\t\t\t\t<\/div>\n\t\t\t\t\t\t<\/div>\n\t\t\t\t<div class=\"elementor-element elementor-element-09aeed8 elementor-widget__width-initial elementor-widget-mobile__width-inherit elementor-widget elementor-widget-n-accordion\" data-id=\"09aeed8\" data-element_type=\"widget\" data-e-type=\"widget\" data-settings=\"{&quot;default_state&quot;:&quot;all_collapsed&quot;,&quot;n_accordion_animation_duration&quot;:{&quot;unit&quot;:&quot;ms&quot;,&quot;size&quot;:200,&quot;sizes&quot;:[]},&quot;max_items_expended&quot;:&quot;one&quot;}\" data-widget_type=\"nested-accordion.default\">\n\t\t\t\t\t\t\t<div class=\"e-n-accordion\" aria-label=\"Accordion. Open links with Enter or Space, close with Escape, and navigate with Arrow Keys\">\n\t\t\t\t\t\t<details id=\"e-n-accordion-item-1010\" class=\"e-n-accordion-item\" >\n\t\t\t\t<summary class=\"e-n-accordion-item-title\" data-accordion-index=\"1\" tabindex=\"0\" aria-expanded=\"false\" aria-controls=\"e-n-accordion-item-1010\" >\n\t\t\t\t\t<span class='e-n-accordion-item-title-header'><div class=\"e-n-accordion-item-title-text\"> La Milan Royal <\/div><\/span>\n\t\t\t\t\t\t\t<span class='e-n-accordion-item-title-icon'>\n\t\t\t<span class='e-opened' ><svg aria-hidden=\"true\" class=\"e-font-icon-svg e-fas-minus\" viewbox=\"0 0 448 512\" xmlns=\"http:\/\/www.w3.org\/2000\/svg\"><path d=\"M416 208H32c-17.67 0-32 14.33-32 32v32c0 17.67 14.33 32 32 32h384c17.67 0 32-14.33 32-32v-32c0-17.67-14.33-32-32-32z\"><\/path><\/svg><\/span>\n\t\t\t<span class='e-closed'><svg aria-hidden=\"true\" class=\"e-font-icon-svg e-fas-plus\" viewbox=\"0 0 448 512\" xmlns=\"http:\/\/www.w3.org\/2000\/svg\"><path d=\"M416 208H272V64c0-17.67-14.33-32-32-32h-32c-17.67 0-32 14.33-32 32v144H32c-17.67 0-32 14.33-32 32v32c0 17.67 14.33 32 32 32h144v144c0 17.67 14.33 32 32 32h32c17.67 0 32-14.33 32-32V304h144c17.67 0 32-14.33 32-32v-32c0-17.67-14.33-32-32-32z\"><\/path><\/svg><\/span>\n\t\t<\/span>\n\n\t\t\t\t\t\t<\/summary>\n\t\t\t\t<div role=\"region\" aria-labelledby=\"e-n-accordion-item-1010\" class=\"elementor-element elementor-element-ed17c6a e-con-full e-flex e-con e-child\" data-id=\"ed17c6a\" data-element_type=\"container\" data-e-type=\"container\">\n\t\t\t\t<div class=\"elementor-element elementor-element-4f0ac7b elementor-widget elementor-widget-text-editor\" data-id=\"4f0ac7b\" data-element_type=\"widget\" data-e-type=\"widget\" data-widget_type=\"text-editor.default\">\n\t\t\t\t\t\t\t\t\t<p><strong>Distance<\/strong>\u00a0: 1,5 km<br \/><strong>D\u00e9nivel\u00e9<\/strong>\u00a0: 50 D+<br \/><strong>Date<\/strong> : Samedi 03 octobre 2026<br \/><strong>D\u00e9part<\/strong> : M\u00e9tabief (25)<br \/><strong>\u00c2ge requis <\/strong>: enfants n\u00e9s en 2016 ou 2017 (cat\u00e9gorie : Poussins U12)<\/p><p>Les enfants r\u00e9alisent une boucle de 1500m. Les filles partent \u00e0 14h30 et les gar\u00e7ons \u00e0 14h40.<\/p>\t\t\t\t\t\t\t\t<\/div>\n\t\t\t\t<\/div>\n\t\t\t\t\t<\/details>\n\t\t\t\t\t\t<details id=\"e-n-accordion-item-1011\" class=\"e-n-accordion-item\" >\n\t\t\t\t<summary class=\"e-n-accordion-item-title\" data-accordion-index=\"2\" tabindex=\"-1\" aria-expanded=\"false\" aria-controls=\"e-n-accordion-item-1011\" >\n\t\t\t\t\t<span class='e-n-accordion-item-title-header'><div class=\"e-n-accordion-item-title-text\"> L'Hermine <\/div><\/span>\n\t\t\t\t\t\t\t<span class='e-n-accordion-item-title-icon'>\n\t\t\t<span class='e-opened' ><svg aria-hidden=\"true\" class=\"e-font-icon-svg e-fas-minus\" viewbox=\"0 0 448 512\" xmlns=\"http:\/\/www.w3.org\/2000\/svg\"><path d=\"M416 208H32c-17.67 0-32 14.33-32 32v32c0 17.67 14.33 32 32 32h384c17.67 0 32-14.33 32-32v-32c0-17.67-14.33-32-32-32z\"><\/path><\/svg><\/span>\n\t\t\t<span class='e-closed'><svg aria-hidden=\"true\" class=\"e-font-icon-svg e-fas-plus\" viewbox=\"0 0 448 512\" xmlns=\"http:\/\/www.w3.org\/2000\/svg\"><path d=\"M416 208H272V64c0-17.67-14.33-32-32-32h-32c-17.67 0-32 14.33-32 32v144H32c-17.67 0-32 14.33-32 32v32c0 17.67 14.33 32 32 32h144v144c0 17.67 14.33 32 32 32h32c17.67 0 32-14.33 32-32V304h144c17.67 0 32-14.33 32-32v-32c0-17.67-14.33-32-32-32z\"><\/path><\/svg><\/span>\n\t\t<\/span>\n\n\t\t\t\t\t\t<\/summary>\n\t\t\t\t<div role=\"region\" aria-labelledby=\"e-n-accordion-item-1011\" class=\"elementor-element elementor-element-4bb95e2 e-con-full e-flex e-con e-child\" data-id=\"4bb95e2\" data-element_type=\"container\" data-e-type=\"container\">\n\t\t\t\t<div class=\"elementor-element elementor-element-6bc3ce5 elementor-widget elementor-widget-text-editor\" data-id=\"6bc3ce5\" data-element_type=\"widget\" data-e-type=\"widget\" data-widget_type=\"text-editor.default\">\n\t\t\t\t\t\t\t\t\t<p><strong>Distance<\/strong>\u00a0: 3 km<br \/><strong>D\u00e9nivel\u00e9<\/strong>\u00a0: 100 D+<br \/><strong>Date<\/strong> : Samedi 03 octobre 2026<br \/><strong>D\u00e9part<\/strong>\u00a0: M\u00e9tabief (25)<br \/><strong>\u00c2ge requis <\/strong>: enfants n\u00e9s en 2014 ou 2015 (cat\u00e9gorie : Benjamins U14)<\/p><p>Les enfants r\u00e9alisent deux fois une boucle de 1500m. Les filles et les gar\u00e7ons partent ensemble \u00e0 15h40.<\/p>\t\t\t\t\t\t\t\t<\/div>\n\t\t\t\t<\/div>\n\t\t\t\t\t<\/details>\n\t\t\t\t\t\t<details id=\"e-n-accordion-item-1012\" class=\"e-n-accordion-item\" >\n\t\t\t\t<summary class=\"e-n-accordion-item-title\" data-accordion-index=\"3\" tabindex=\"-1\" aria-expanded=\"false\" aria-controls=\"e-n-accordion-item-1012\" >\n\t\t\t\t\t<span class='e-n-accordion-item-title-header'><div class=\"e-n-accordion-item-title-text\"> La Tetras <\/div><\/span>\n\t\t\t\t\t\t\t<span class='e-n-accordion-item-title-icon'>\n\t\t\t<span class='e-opened' ><svg aria-hidden=\"true\" class=\"e-font-icon-svg e-fas-minus\" viewbox=\"0 0 448 512\" xmlns=\"http:\/\/www.w3.org\/2000\/svg\"><path d=\"M416 208H32c-17.67 0-32 14.33-32 32v32c0 17.67 14.33 32 32 32h384c17.67 0 32-14.33 32-32v-32c0-17.67-14.33-32-32-32z\"><\/path><\/svg><\/span>\n\t\t\t<span class='e-closed'><svg aria-hidden=\"true\" class=\"e-font-icon-svg e-fas-plus\" viewbox=\"0 0 448 512\" xmlns=\"http:\/\/www.w3.org\/2000\/svg\"><path d=\"M416 208H272V64c0-17.67-14.33-32-32-32h-32c-17.67 0-32 14.33-32 32v144H32c-17.67 0-32 14.33-32 32v32c0 17.67 14.33 32 32 32h144v144c0 17.67 14.33 32 32 32h32c17.67 0 32-14.33 32-32V304h144c17.67 0 32-14.33 32-32v-32c0-17.67-14.33-32-32-32z\"><\/path><\/svg><\/span>\n\t\t<\/span>\n\n\t\t\t\t\t\t<\/summary>\n\t\t\t\t<div role=\"region\" aria-labelledby=\"e-n-accordion-item-1012\" class=\"elementor-element elementor-element-c4c83bc e-con-full e-flex e-con e-child\" data-id=\"c4c83bc\" data-element_type=\"container\" data-e-type=\"container\">\n\t\t\t\t<div class=\"elementor-element elementor-element-7ea549a elementor-widget elementor-widget-text-editor\" data-id=\"7ea549a\" data-element_type=\"widget\" data-e-type=\"widget\" data-widget_type=\"text-editor.default\">\n\t\t\t\t\t\t\t\t\t<p><strong>Distance<\/strong>\u00a0: 5 km<br \/><strong>D\u00e9nivel\u00e9<\/strong>\u00a0: 200 D+<br \/><strong>Date<\/strong> : Samedi 03 octobre 2026<br \/><strong>D\u00e9part<\/strong>\u00a0: M\u00e9tabief (25)<br \/><strong>\u00c2ge requis\u00a0<\/strong>: enfants n\u00e9s en 2012 ou 2013 (cat\u00e9gorie : Minimes U16)<br \/><br \/>Les enfants r\u00e9alisent une boucle de 1500m et une autre de 2500m. Les filles et les gar\u00e7ons partent ensemble \u00e0 16h00.<\/p>\t\t\t\t\t\t\t\t<\/div>\n\t\t\t\t<\/div>\n\t\t\t\t\t<\/details>\n\t\t\t\t\t<\/div>\n\t\t\t\t\t\t<\/div>\n\t\t\t\t<\/div>\n\t\t\t\t\t<\/div>\n\t\t\t\t<\/div>\n\t\t\t\t<\/div>","protected":false},"excerpt":{"rendered":"<p>UTMJ KIDS INSCRIPTION \u00c0 PARTIR DU 15 AO\u00dbT L\u2019UTMJ Kids, c\u2019est l\u2019occasion pour les jeunes trailers de\u00a0se challenger sur des parcours adapt\u00e9s, de d\u00e9couvrir la beaut\u00e9 du massif jurassien et de\u00a0vivre l\u2019exp\u00e9rience unique de l\u2019UTMJ. De la\u00a0Louve (1 km)\u00a0\u00e0 l\u2019Hermine (3 km), en passant par la\u00a0Milan (1,5 km)\u00a0et la\u00a0T\u00e9tras (5 km), chaque enfant pourra se [&hellip;]<\/p>\n","protected":false},"author":2,"featured_media":0,"parent":0,"menu_order":0,"comment_status":"closed","ping_status":"closed","template":"","meta":{"_eb_attr":"","footnotes":""},"class_list":["post-1887","page","type-page","status-publish","hentry"],"yoast_head":"<!-- This site is optimized with the Yoast SEO plugin v26.9 - https:\/\/yoast.com\/product\/yoast-seo-wordpress\/ -->\n<title>UTMJ Kids - Ultra Trail des Montagnes du Jura<\/title>\n<meta name=\"robots\" content=\"index, follow, max-snippet:-1, max-image-preview:large, max-video-preview:-1\" \/>\n<link rel=\"canonical\" href=\"https:\/\/ultra-trail-montagnes-jura.fr\/en\/utmj-kids\/\" \/>\n<meta property=\"og:locale\" content=\"en_GB\" \/>\n<meta property=\"og:type\" content=\"article\" \/>\n<meta property=\"og:title\" content=\"UTMJ Kids - Ultra Trail des Montagnes du Jura\" \/>\n<meta property=\"og:description\" content=\"UTMJ KIDS INSCRIPTION \u00c0 PARTIR DU 15 AO\u00dbT L\u2019UTMJ Kids, c\u2019est l\u2019occasion pour les jeunes trailers de\u00a0se challenger sur des parcours adapt\u00e9s, de d\u00e9couvrir la beaut\u00e9 du massif jurassien et de\u00a0vivre l\u2019exp\u00e9rience unique de l\u2019UTMJ. De la\u00a0Louve (1 km)\u00a0\u00e0 l\u2019Hermine (3 km), en passant par la\u00a0Milan (1,5 km)\u00a0et la\u00a0T\u00e9tras (5 km), chaque enfant pourra se [&hellip;]\" \/>\n<meta property=\"og:url\" content=\"https:\/\/ultra-trail-montagnes-jura.fr\/en\/utmj-kids\/\" \/>\n<meta property=\"og:site_name\" content=\"Ultra Trail des Montagnes du Jura\" \/>\n<meta property=\"article:modified_time\" content=\"2026-04-03T14:43:17+00:00\" \/>\n<meta property=\"og:image\" content=\"https:\/\/ultra-trail-montagnes-jura.fr\/wp-content\/uploads\/2026\/04\/utmj_2025_globale_hd_lilian_menetrier143.webp\" \/>\n\t<meta property=\"og:image:width\" content=\"1920\" \/>\n\t<meta property=\"og:image:height\" content=\"1280\" \/>\n\t<meta property=\"og:image:type\" content=\"image\/webp\" \/>\n<meta name=\"twitter:card\" content=\"summary_large_image\" \/>\n<meta name=\"twitter:label1\" content=\"Estimated reading time\" \/>\n\t<meta name=\"twitter:data1\" content=\"4 minutes\" \/>\n<script type=\"application\/ld+json\" class=\"yoast-schema-graph\">{\"@context\":\"https:\/\/schema.org\",\"@graph\":[{\"@type\":\"WebPage\",\"@id\":\"https:\/\/ultra-trail-montagnes-jura.fr\/utmj-kids\/\",\"url\":\"https:\/\/ultra-trail-montagnes-jura.fr\/utmj-kids\/\",\"name\":\"UTMJ Kids - Ultra Trail des Montagnes du Jura\",\"isPartOf\":{\"@id\":\"https:\/\/ultra-trail-montagnes-jura.fr\/#website\"},\"primaryImageOfPage\":{\"@id\":\"https:\/\/ultra-trail-montagnes-jura.fr\/utmj-kids\/#primaryimage\"},\"image\":{\"@id\":\"https:\/\/ultra-trail-montagnes-jura.fr\/utmj-kids\/#primaryimage\"},\"thumbnailUrl\":\"https:\/\/ultra-trail-montagnes-jura.fr\/wp-content\/uploads\/2026\/04\/utmj_2025_globale_hd_lilian_menetrier143.webp\",\"datePublished\":\"2026-04-02T08:55:16+00:00\",\"dateModified\":\"2026-04-03T14:43:17+00:00\",\"breadcrumb\":{\"@id\":\"https:\/\/ultra-trail-montagnes-jura.fr\/utmj-kids\/#breadcrumb\"},\"inLanguage\":\"en-GB\",\"potentialAction\":[{\"@type\":\"ReadAction\",\"target\":[\"https:\/\/ultra-trail-montagnes-jura.fr\/utmj-kids\/\"]}]},{\"@type\":\"ImageObject\",\"inLanguage\":\"en-GB\",\"@id\":\"https:\/\/ultra-trail-montagnes-jura.fr\/utmj-kids\/#primaryimage\",\"url\":\"https:\/\/ultra-trail-montagnes-jura.fr\/wp-content\/uploads\/2026\/04\/utmj_2025_globale_hd_lilian_menetrier143.webp\",\"contentUrl\":\"https:\/\/ultra-trail-montagnes-jura.fr\/wp-content\/uploads\/2026\/04\/utmj_2025_globale_hd_lilian_menetrier143.webp\"},{\"@type\":\"BreadcrumbList\",\"@id\":\"https:\/\/ultra-trail-montagnes-jura.fr\/utmj-kids\/#breadcrumb\",\"itemListElement\":[{\"@type\":\"ListItem\",\"position\":1,\"name\":\"Accueil\",\"item\":\"https:\/\/ultra-trail-montagnes-jura.fr\/\"},{\"@type\":\"ListItem\",\"position\":2,\"name\":\"UTMJ Kids\"}]},{\"@type\":\"WebSite\",\"@id\":\"https:\/\/ultra-trail-montagnes-jura.fr\/#website\",\"url\":\"https:\/\/ultra-trail-montagnes-jura.fr\/\",\"name\":\"Ultra Trail des Montagnes du Jura\",\"description\":\"\",\"publisher\":{\"@id\":\"https:\/\/ultra-trail-montagnes-jura.fr\/#organization\"},\"potentialAction\":[{\"@type\":\"SearchAction\",\"target\":{\"@type\":\"EntryPoint\",\"urlTemplate\":\"https:\/\/ultra-trail-montagnes-jura.fr\/?s={search_term_string}\"},\"query-input\":{\"@type\":\"PropertyValueSpecification\",\"valueRequired\":true,\"valueName\":\"search_term_string\"}}],\"inLanguage\":\"en-GB\"},{\"@type\":\"Organization\",\"@id\":\"https:\/\/ultra-trail-montagnes-jura.fr\/#organization\",\"name\":\"Ultra Trail des Montagnes du Jura\",\"url\":\"https:\/\/ultra-trail-montagnes-jura.fr\/\",\"logo\":{\"@type\":\"ImageObject\",\"inLanguage\":\"en-GB\",\"@id\":\"https:\/\/ultra-trail-montagnes-jura.fr\/#\/schema\/logo\/image\/\",\"url\":\"https:\/\/ultra-trail-montagnes-jura.fr\/wp-content\/uploads\/2025\/12\/cropped-logo-FINAL-Bleu.png\",\"contentUrl\":\"https:\/\/ultra-trail-montagnes-jura.fr\/wp-content\/uploads\/2025\/12\/cropped-logo-FINAL-Bleu.png\",\"width\":1918,\"height\":630,\"caption\":\"Ultra Trail des Montagnes du Jura\"},\"image\":{\"@id\":\"https:\/\/ultra-trail-montagnes-jura.fr\/#\/schema\/logo\/image\/\"}}]}<\/script>\n<!-- \/ Yoast SEO plugin. -->","yoast_head_json":{"title":"UTMJ Kids - Ultra Trail des Montagnes du Jura","robots":{"index":"index","follow":"follow","max-snippet":"max-snippet:-1","max-image-preview":"max-image-preview:large","max-video-preview":"max-video-preview:-1"},"canonical":"https:\/\/ultra-trail-montagnes-jura.fr\/en\/utmj-kids\/","og_locale":"en_GB","og_type":"article","og_title":"UTMJ Kids - Ultra Trail des Montagnes du Jura","og_description":"UTMJ KIDS INSCRIPTION \u00c0 PARTIR DU 15 AO\u00dbT L\u2019UTMJ Kids, c\u2019est l\u2019occasion pour les jeunes trailers de\u00a0se challenger sur des parcours adapt\u00e9s, de d\u00e9couvrir la beaut\u00e9 du massif jurassien et de\u00a0vivre l\u2019exp\u00e9rience unique de l\u2019UTMJ. De la\u00a0Louve (1 km)\u00a0\u00e0 l\u2019Hermine (3 km), en passant par la\u00a0Milan (1,5 km)\u00a0et la\u00a0T\u00e9tras (5 km), chaque enfant pourra se [&hellip;]","og_url":"https:\/\/ultra-trail-montagnes-jura.fr\/en\/utmj-kids\/","og_site_name":"Ultra Trail des Montagnes du Jura","article_modified_time":"2026-04-03T14:43:17+00:00","og_image":[{"width":1920,"height":1280,"url":"https:\/\/ultra-trail-montagnes-jura.fr\/wp-content\/uploads\/2026\/04\/utmj_2025_globale_hd_lilian_menetrier143.webp","type":"image\/webp"}],"twitter_card":"summary_large_image","twitter_misc":{"Estimated reading time":"4 minutes"},"schema":{"@context":"https:\/\/schema.org","@graph":[{"@type":"WebPage","@id":"https:\/\/ultra-trail-montagnes-jura.fr\/utmj-kids\/","url":"https:\/\/ultra-trail-montagnes-jura.fr\/utmj-kids\/","name":"UTMJ Kids - Ultra Trail des Montagnes du Jura","isPartOf":{"@id":"https:\/\/ultra-trail-montagnes-jura.fr\/#website"},"primaryImageOfPage":{"@id":"https:\/\/ultra-trail-montagnes-jura.fr\/utmj-kids\/#primaryimage"},"image":{"@id":"https:\/\/ultra-trail-montagnes-jura.fr\/utmj-kids\/#primaryimage"},"thumbnailUrl":"https:\/\/ultra-trail-montagnes-jura.fr\/wp-content\/uploads\/2026\/04\/utmj_2025_globale_hd_lilian_menetrier143.webp","datePublished":"2026-04-02T08:55:16+00:00","dateModified":"2026-04-03T14:43:17+00:00","breadcrumb":{"@id":"https:\/\/ultra-trail-montagnes-jura.fr\/utmj-kids\/#breadcrumb"},"inLanguage":"en-GB","potentialAction":[{"@type":"ReadAction","target":["https:\/\/ultra-trail-montagnes-jura.fr\/utmj-kids\/"]}]},{"@type":"ImageObject","inLanguage":"en-GB","@id":"https:\/\/ultra-trail-montagnes-jura.fr\/utmj-kids\/#primaryimage","url":"https:\/\/ultra-trail-montagnes-jura.fr\/wp-content\/uploads\/2026\/04\/utmj_2025_globale_hd_lilian_menetrier143.webp","contentUrl":"https:\/\/ultra-trail-montagnes-jura.fr\/wp-content\/uploads\/2026\/04\/utmj_2025_globale_hd_lilian_menetrier143.webp"},{"@type":"BreadcrumbList","@id":"https:\/\/ultra-trail-montagnes-jura.fr\/utmj-kids\/#breadcrumb","itemListElement":[{"@type":"ListItem","position":1,"name":"Accueil","item":"https:\/\/ultra-trail-montagnes-jura.fr\/"},{"@type":"ListItem","position":2,"name":"UTMJ Kids"}]},{"@type":"WebSite","@id":"https:\/\/ultra-trail-montagnes-jura.fr\/#website","url":"https:\/\/ultra-trail-montagnes-jura.fr\/","name":"Ultra Trail des Montagnes du Jura","description":"","publisher":{"@id":"https:\/\/ultra-trail-montagnes-jura.fr\/#organization"},"potentialAction":[{"@type":"SearchAction","target":{"@type":"EntryPoint","urlTemplate":"https:\/\/ultra-trail-montagnes-jura.fr\/?s={search_term_string}"},"query-input":{"@type":"PropertyValueSpecification","valueRequired":true,"valueName":"search_term_string"}}],"inLanguage":"en-GB"},{"@type":"Organization","@id":"https:\/\/ultra-trail-montagnes-jura.fr\/#organization","name":"Ultra Trail des Montagnes du Jura","url":"https:\/\/ultra-trail-montagnes-jura.fr\/","logo":{"@type":"ImageObject","inLanguage":"en-GB","@id":"https:\/\/ultra-trail-montagnes-jura.fr\/#\/schema\/logo\/image\/","url":"https:\/\/ultra-trail-montagnes-jura.fr\/wp-content\/uploads\/2025\/12\/cropped-logo-FINAL-Bleu.png","contentUrl":"https:\/\/ultra-trail-montagnes-jura.fr\/wp-content\/uploads\/2025\/12\/cropped-logo-FINAL-Bleu.png","width":1918,"height":630,"caption":"Ultra Trail des Montagnes du Jura"},"image":{"@id":"https:\/\/ultra-trail-montagnes-jura.fr\/#\/schema\/logo\/image\/"}}]}},"_links":{"self":[{"href":"https:\/\/ultra-trail-montagnes-jura.fr\/en\/wp-json\/wp\/v2\/pages\/1887","targetHints":{"allow":["GET"]}}],"collection":[{"href":"https:\/\/ultra-trail-montagnes-jura.fr\/en\/wp-json\/wp\/v2\/pages"}],"about":[{"href":"https:\/\/ultra-trail-montagnes-jura.fr\/en\/wp-json\/wp\/v2\/types\/page"}],"author":[{"embeddable":true,"href":"https:\/\/ultra-trail-montagnes-jura.fr\/en\/wp-json\/wp\/v2\/users\/2"}],"replies":[{"embeddable":true,"href":"https:\/\/ultra-trail-montagnes-jura.fr\/en\/wp-json\/wp\/v2\/comments?post=1887"}],"version-history":[{"count":73,"href":"https:\/\/ultra-trail-montagnes-jura.fr\/en\/wp-json\/wp\/v2\/pages\/1887\/revisions"}],"predecessor-version":[{"id":1984,"href":"https:\/\/ultra-trail-montagnes-jura.fr\/en\/wp-json\/wp\/v2\/pages\/1887\/revisions\/1984"}],"wp:attachment":[{"href":"https:\/\/ultra-trail-montagnes-jura.fr\/en\/wp-json\/wp\/v2\/media?parent=1887"}],"curies":[{"name":"wp","href":"https:\/\/api.w.org\/{rel}","templated":true}]}}