{"id":655,"date":"2025-12-12T11:36:22","date_gmt":"2025-12-12T10:36:22","guid":{"rendered":"https:\/\/utmjnew.adrienromain.ovh\/?page_id=655"},"modified":"2025-12-12T16:12:21","modified_gmt":"2025-12-12T15:12:21","slug":"mentions-legales","status":"publish","type":"page","link":"https:\/\/ultra-trail-montagnes-jura.fr\/en\/mentions-legales\/","title":{"rendered":"Mentions l\u00e9gales"},"content":{"rendered":"<div data-elementor-type=\"wp-page\" data-elementor-id=\"655\" class=\"elementor elementor-655\" data-elementor-post-type=\"page\">\n\t\t\t\t<div class=\"elementor-element elementor-element-e641005 e-flex e-con-boxed e-con e-parent\" data-id=\"e641005\" data-element_type=\"container\" data-e-type=\"container\" data-settings=\"{&quot;background_background&quot;:&quot;classic&quot;,&quot;shape_divider_bottom&quot;:&quot;mountains&quot;}\">\n\t\t\t\t\t<div class=\"e-con-inner\">\n\t\t\t\t<div class=\"elementor-shape elementor-shape-bottom\" aria-hidden=\"true\" data-negative=\"false\">\n\t\t\t<svg xmlns=\"http:\/\/www.w3.org\/2000\/svg\" viewbox=\"0 0 1000 100\" preserveaspectratio=\"none\">\n\t<path class=\"elementor-shape-fill\" opacity=\"0.33\" d=\"M473,67.3c-203.9,88.3-263.1-34-320.3,0C66,119.1,0,59.7,0,59.7V0h1000v59.7 c0,0-62.1,26.1-94.9,29.3c-32.8,3.3-62.8-12.3-75.8-22.1C806,49.6,745.3,8.7,694.9,4.7S492.4,59,473,67.3z\"\/>\n\t<path class=\"elementor-shape-fill\" opacity=\"0.66\" d=\"M734,67.3c-45.5,0-77.2-23.2-129.1-39.1c-28.6-8.7-150.3-10.1-254,39.1 s-91.7-34.4-149.2,0C115.7,118.3,0,39.8,0,39.8V0h1000v36.5c0,0-28.2-18.5-92.1-18.5C810.2,18.1,775.7,67.3,734,67.3z\"\/>\n\t<path class=\"elementor-shape-fill\" d=\"M766.1,28.9c-200-57.5-266,65.5-395.1,19.5C242,1.8,242,5.4,184.8,20.6C128,35.8,132.3,44.9,89.9,52.5C28.6,63.7,0,0,0,0 h1000c0,0-9.9,40.9-83.6,48.1S829.6,47,766.1,28.9z\"\/>\n<\/svg>\t\t<\/div>\n\t\t\t\t<div class=\"elementor-element elementor-element-bbd466f elementor-widget elementor-widget-heading\" data-id=\"bbd466f\" data-element_type=\"widget\" data-e-type=\"widget\" data-widget_type=\"heading.default\">\n\t\t\t\t\t<h1 class=\"elementor-heading-title elementor-size-default\">MENTIONS L\u00c9GALES<\/h1>\t\t\t\t<\/div>\n\t\t\t\t\t<\/div>\n\t\t\t\t<\/div>\n\t\t<div class=\"elementor-element elementor-element-4919ca0 e-flex e-con-boxed e-con e-parent\" data-id=\"4919ca0\" data-element_type=\"container\" data-e-type=\"container\">\n\t\t\t\t\t<div class=\"e-con-inner\">\n\t\t\t\t<div class=\"elementor-element elementor-element-cf62275 elementor-widget elementor-widget-heading\" data-id=\"cf62275\" data-element_type=\"widget\" data-e-type=\"widget\" data-widget_type=\"heading.default\">\n\t\t\t\t\t<h2 class=\"elementor-heading-title elementor-size-default\">Article 1 \u2013 \u00c9diteur du site<\/h2>\t\t\t\t<\/div>\n\t\t\t\t<div class=\"elementor-element elementor-element-8fa1403 elementor-widget elementor-widget-text-editor\" data-id=\"8fa1403\" data-element_type=\"widget\" data-e-type=\"widget\" data-widget_type=\"text-editor.default\">\n\t\t\t\t\t\t\t\t\t<p>En vertu de\u00a0<a href=\"https:\/\/www.legifrance.gouv.fr\/affichTexte.do?cidTexte=JORFTEXT000000801164#LEGIARTI000042038977\">l\u2019article 6 de la loi n\u00b0 2004-575 du 21 juin 2004<\/a>\u00a0pour la confiance dans l\u2019\u00e9conomie num\u00e9rique, il est pr\u00e9cis\u00e9 aux utilisateurs du site internet\u00a0<b>Ultra Trail des Montagnes du Jura\u00a0<\/b>\u00a0(https:\/\/www.ultra-trail-montagnes-jura.fr) l\u2019identit\u00e9 des diff\u00e9rents intervenants dans le cadre de sa r\u00e9alisation et de son suivi:<\/p><p><b>Propri\u00e9taire du site :<\/b><b><br \/><\/b>Association ARTMO<br \/>Adresse : 2 rue de la Poudri\u00e8re, 25370 LES LONGEVILLES MONT D\u2019OR.<br \/>Email : contact@artmo.org<br \/>T\u00e9l\u00e9phone : +33(0)3 81 49 90 95<\/p><p><b>Identification de l\u2019entreprise :<\/b>\u00a0Association ARTMO (Animation Rurale et Touristique du Mont d\u2019Or), association Loi 1901 \u2013 SIREN : 311532683 \u2013 Adresse postale : 2 rue de la Poudri\u00e8re, 25370 LES LONGEVILLES MONT D\u2019OR.<\/p><p><b>Directeur de la publication :<\/b><b><br \/><\/b>Association ARTMO<br \/>Directeur de la publication : Eric PICOT<br \/>Responsable de la r\u00e9daction : M\u00e9line Faipoux (meline.faipoux@utmj.fr)<\/p><p><b>H\u00e9bergeur :<\/b>\u00a0O2Switch Siret : 510 909 807 00032 RCS Clermont Ferrand SAS au capital de 100 000\u20ac<\/p><p><b>Autres contributeurs :<\/b><b><br \/><\/b>Auteur : M\u00e9line Faipoux, Adrien ROMAIN, Jules Perret<br \/>Cr\u00e9dits Photos : Association ARTMO, Benjamin Becker, Lilian Menetrier<\/p>\t\t\t\t\t\t\t\t<\/div>\n\t\t\t\t<div class=\"elementor-element elementor-element-0a3562e elementor-widget elementor-widget-heading\" data-id=\"0a3562e\" data-element_type=\"widget\" data-e-type=\"widget\" data-widget_type=\"heading.default\">\n\t\t\t\t\t<h2 class=\"elementor-heading-title elementor-size-default\">Article 2 \u2013 Propri\u00e9t\u00e9 intellectuelle et contrefa\u00e7ons<\/h2>\t\t\t\t<\/div>\n\t\t\t\t<div class=\"elementor-element elementor-element-6c84a15 elementor-widget elementor-widget-text-editor\" data-id=\"6c84a15\" data-element_type=\"widget\" data-e-type=\"widget\" data-widget_type=\"text-editor.default\">\n\t\t\t\t\t\t\t\t\t<p><b>L\u2019Ultra Trail des Montagnes du Jura\u00a0<\/b>est propri\u00e9taire des droits de propri\u00e9t\u00e9 intellectuelle et d\u00e9tient les droits d\u2019usage sur tous les \u00e9l\u00e9ments accessibles sur le site internet, notamment les textes, images, graphismes, logos, vid\u00e9os, architecture, ic\u00f4nes et sons.<\/p><p>Toute reproduction, repr\u00e9sentation, modification, publication, adaptation de tout ou partie des \u00e9l\u00e9ments du site, quel que soit le moyen ou le proc\u00e9d\u00e9 utilis\u00e9, est interdite, sauf autorisation \u00e9crite pr\u00e9alable de\u00a0<b>L\u2019Ultra Trail des Montagnes du Jura<\/b>.<\/p><p>Toute exploitation non autoris\u00e9e du site ou de l\u2019un quelconque des \u00e9l\u00e9ments qu\u2019il contient sera consid\u00e9r\u00e9e comme constitutive d\u2019une contrefa\u00e7on et poursuivie conform\u00e9ment aux dispositions des articles\u00a0<a href=\"https:\/\/www.legifrance.gouv.fr\/affichCodeArticle.do?idArticle=LEGIARTI000032655082&amp;cidTexte=LEGITEXT000006069414&amp;dateTexte=20160605\">L.335-2 et suivants du Code de Propri\u00e9t\u00e9 Intellectuelle<\/a>.<\/p><p>Pour plus d\u2019informations, nous vous invitons \u00e0 consulter nos<a href=\"https:\/\/www.sports-nature-formations.fr\/cgu\">\u00a0Conditions G\u00e9n\u00e9rales d\u2019Utilisation<\/a>.<\/p>\t\t\t\t\t\t\t\t<\/div>\n\t\t\t\t<div class=\"elementor-element elementor-element-9bf91dc elementor-widget elementor-widget-heading\" data-id=\"9bf91dc\" data-element_type=\"widget\" data-e-type=\"widget\" data-widget_type=\"heading.default\">\n\t\t\t\t\t<h2 class=\"elementor-heading-title elementor-size-default\">Article 3 \u2013 Limitations de responsabilit\u00e9<\/h2>\t\t\t\t<\/div>\n\t\t\t\t<div class=\"elementor-element elementor-element-25a0edb elementor-widget elementor-widget-text-editor\" data-id=\"25a0edb\" data-element_type=\"widget\" data-e-type=\"widget\" data-widget_type=\"text-editor.default\">\n\t\t\t\t\t\t\t\t\t<p><b>Association ARTMO\u00a0<\/b>ne pourra \u00eatre tenu pour responsable des dommages directs et indirects caus\u00e9s au mat\u00e9riel de l\u2019utilisateur, lors de l\u2019acc\u00e8s au site l\u2019Ultra Trail des Montagnes du Jura .<\/p><p><b>Association ARTMO<\/b>\u00a0d\u00e9cline toute responsabilit\u00e9 quant \u00e0 l\u2019utilisation qui pourrait \u00eatre faite des informations et contenus pr\u00e9sents sur le site l\u2019Ultra Trail des Montagnes du Jura.<\/p><p><b>Association ARTMO<\/b>\u00a0s\u2019engage \u00e0 s\u00e9curiser au mieux le site\u00a0 l\u2019Ultra Trail des Montagnes du Jura, cependant sa responsabilit\u00e9 ne pourra \u00eatre mise en cause si des donn\u00e9es ind\u00e9sirables sont import\u00e9es et install\u00e9es sur son site \u00e0 son insu.<\/p><p>Des espaces interactifs (espace contact ou commentaires) sont \u00e0 la disposition des utilisateurs.\u00a0<b>Association ARTMO<\/b>\u00a0se r\u00e9serve le droit de supprimer, sans mise en demeure pr\u00e9alable, tout contenu d\u00e9pos\u00e9 dans cet espace qui contreviendrait \u00e0 la l\u00e9gislation applicable en France, en particulier aux dispositions relatives \u00e0 la protection des donn\u00e9es.<\/p><p>Le cas \u00e9ch\u00e9ant,\u00a0<b>Association ARTMO<\/b>\u00a0se r\u00e9serve \u00e9galement la possibilit\u00e9 de mettre en cause la responsabilit\u00e9 civile et\/ou p\u00e9nale de l\u2019utilisateur, notamment en cas de message \u00e0 caract\u00e8re raciste, injurieux, diffamant, ou pornographique, quel que soit le support utilis\u00e9 (texte, photographie \u2026).<\/p><p>Pour plus d\u2019informations, nous vous invitons \u00e0 consulter nos<a href=\"https:\/\/www.sports-nature-formations.fr\/cgu\">\u00a0Conditions G\u00e9n\u00e9rales d\u2019Utilisation<\/a>.<\/p>\t\t\t\t\t\t\t\t<\/div>\n\t\t\t\t<div class=\"elementor-element elementor-element-357e5ed elementor-widget elementor-widget-heading\" data-id=\"357e5ed\" data-element_type=\"widget\" data-e-type=\"widget\" data-widget_type=\"heading.default\">\n\t\t\t\t\t<h2 class=\"elementor-heading-title elementor-size-default\">Article 4 \u2013 CNIL et gestion des donn\u00e9es personnelles<\/h2>\t\t\t\t<\/div>\n\t\t\t\t<div class=\"elementor-element elementor-element-a407b4a elementor-widget elementor-widget-text-editor\" data-id=\"a407b4a\" data-element_type=\"widget\" data-e-type=\"widget\" data-widget_type=\"text-editor.default\">\n\t\t\t\t\t\t\t\t\t<p>Conform\u00e9ment aux dispositions de\u00a0<a href=\"https:\/\/www.legifrance.gouv.fr\/affichTexte.do?cidTexte=JORFTEXT000000886460\">la loi 78-17 du 6 janvier 1978 modifi\u00e9e<\/a>, l\u2019utilisateur du site\u00a0 Ultra Trail des Montagnes du Jura. dispose d\u2019un droit d\u2019acc\u00e8s, de modification et de suppression des informations collect\u00e9es. Pour exercer ce droit, envoyez un message \u00e0 notre webmaster : contact@utmj.fr.<\/p><p>Pour plus d\u2019informations sur la fa\u00e7on dont nous traitons vos donn\u00e9es (type de donn\u00e9es, finalit\u00e9, destinataire\u2026), lisez notre\u00a0<a href=\"https:\/\/www.sports-nature-formations.fr\/politique-de-confidentialite\/\">Politique de Confidentialit\u00e9<\/a>.<\/p><p>Il est \u00e9galement possible de\u00a0<a href=\"https:\/\/www.cnil.fr\/fr\/plaintes\">d\u00e9poser une r\u00e9clamation aupr\u00e8s de la CNIL<\/a>.<\/p>\t\t\t\t\t\t\t\t<\/div>\n\t\t\t\t<div class=\"elementor-element elementor-element-0d1e888 elementor-widget elementor-widget-heading\" data-id=\"0d1e888\" data-element_type=\"widget\" data-e-type=\"widget\" data-widget_type=\"heading.default\">\n\t\t\t\t\t<h2 class=\"elementor-heading-title elementor-size-default\">Article 5 \u2013 Liens hypertextes et cookies<\/h2>\t\t\t\t<\/div>\n\t\t\t\t<div class=\"elementor-element elementor-element-498d306 elementor-widget elementor-widget-text-editor\" data-id=\"498d306\" data-element_type=\"widget\" data-e-type=\"widget\" data-widget_type=\"text-editor.default\">\n\t\t\t\t\t\t\t\t\t<p>Le site Ultra Trail des Montagnes du Jura. contient des liens hypertextes vers d\u2019autres sites et d\u00e9gage toute responsabilit\u00e9 \u00e0 propos de ces liens externes ou des liens cr\u00e9\u00e9s par d\u2019autres sites vers https:\/\/www.ultra-trail-montagnes-jura.fr\/.<\/p><p>La navigation sur le site Ultra Trail des Montagnes du Jura est susceptible de provoquer l\u2019installation de cookie(s) sur l\u2019ordinateur de l\u2019utilisateur.<\/p><p>Un cookie est un fichier de petite taille qui enregistre des informations relatives \u00e0 la navigation d\u2019un utilisateur sur un site. Les donn\u00e9es ainsi obtenues permettent d\u2019obtenir des mesures de fr\u00e9quentation, par exemple.<\/p><p>Aucun cookie ne sera d\u00e9pos\u00e9 sans votre consentement (mis \u00e0 part les cookies techniques n\u00e9cessaires au bon fonctionnement du site). Vous avez la possibilit\u00e9\u00a0<b>d\u2019accepter ou de refuser les cookies<\/b>\u00a0lors de votre connexion au site et \u00e0 tout moment depuis les param\u00e8tres de votre navigateur.<\/p>\t\t\t\t\t\t\t\t<\/div>\n\t\t\t\t<div class=\"elementor-element elementor-element-7544b04 elementor-widget elementor-widget-heading\" data-id=\"7544b04\" data-element_type=\"widget\" data-e-type=\"widget\" data-widget_type=\"heading.default\">\n\t\t\t\t\t<h2 class=\"elementor-heading-title elementor-size-default\">Article 6 \u2013 Droit applicable et attribution de juridiction<\/h2>\t\t\t\t<\/div>\n\t\t\t\t<div class=\"elementor-element elementor-element-bd0e40d elementor-widget elementor-widget-text-editor\" data-id=\"bd0e40d\" data-element_type=\"widget\" data-e-type=\"widget\" data-widget_type=\"text-editor.default\">\n\t\t\t\t\t\t\t\t\t<p>Tout litige en relation avec l\u2019utilisation du site Ultra Trail des Montagnes du Jura est soumis au droit fran\u00e7ais. En dehors des cas o\u00f9 la loi ne le permet pas, il est fait attribution exclusive de juridiction aux tribunaux comp\u00e9tents de\u00a0<b>Besan\u00e7on<\/b>.<\/p>\t\t\t\t\t\t\t\t<\/div>\n\t\t\t\t\t<\/div>\n\t\t\t\t<\/div>\n\t\t\t\t<\/div>","protected":false},"excerpt":{"rendered":"<p>MENTIONS L\u00c9GALES Article 1 \u2013 \u00c9diteur du site En vertu de\u00a0l\u2019article 6 de la loi n\u00b0 2004-575 du 21 juin 2004\u00a0pour la confiance dans l\u2019\u00e9conomie num\u00e9rique, il est pr\u00e9cis\u00e9 aux utilisateurs du site internet\u00a0Ultra Trail des Montagnes du Jura\u00a0\u00a0(https:\/\/www.ultra-trail-montagnes-jura.fr) l\u2019identit\u00e9 des diff\u00e9rents intervenants dans le cadre de sa r\u00e9alisation et de son suivi: Propri\u00e9taire du [&hellip;]<\/p>\n","protected":false},"author":1,"featured_media":0,"parent":0,"menu_order":0,"comment_status":"closed","ping_status":"closed","template":"","meta":{"_eb_attr":"","footnotes":""},"class_list":["post-655","page","type-page","status-publish","hentry"],"yoast_head":"<!-- This site is optimized with the Yoast SEO plugin v26.9 - https:\/\/yoast.com\/product\/yoast-seo-wordpress\/ -->\n<title>Mentions l\u00e9gales - Ultra Trail des Montagnes du Jura<\/title>\n<meta name=\"robots\" content=\"index, follow, max-snippet:-1, max-image-preview:large, max-video-preview:-1\" \/>\n<link rel=\"canonical\" href=\"https:\/\/ultra-trail-montagnes-jura.fr\/en\/mentions-legales\/\" \/>\n<meta property=\"og:locale\" content=\"en_GB\" \/>\n<meta property=\"og:type\" content=\"article\" \/>\n<meta property=\"og:title\" content=\"Mentions l\u00e9gales - Ultra Trail des Montagnes du Jura\" \/>\n<meta property=\"og:description\" content=\"MENTIONS L\u00c9GALES Article 1 \u2013 \u00c9diteur du site En vertu de\u00a0l\u2019article 6 de la loi n\u00b0 2004-575 du 21 juin 2004\u00a0pour la confiance dans l\u2019\u00e9conomie num\u00e9rique, il est pr\u00e9cis\u00e9 aux utilisateurs du site internet\u00a0Ultra Trail des Montagnes du Jura\u00a0\u00a0(https:\/\/www.ultra-trail-montagnes-jura.fr) l\u2019identit\u00e9 des diff\u00e9rents intervenants dans le cadre de sa r\u00e9alisation et de son suivi: Propri\u00e9taire du [&hellip;]\" \/>\n<meta property=\"og:url\" content=\"https:\/\/ultra-trail-montagnes-jura.fr\/en\/mentions-legales\/\" \/>\n<meta property=\"og:site_name\" content=\"Ultra Trail des Montagnes du Jura\" \/>\n<meta property=\"article:modified_time\" content=\"2025-12-12T15:12:21+00:00\" \/>\n<meta name=\"twitter:card\" content=\"summary_large_image\" \/>\n<meta name=\"twitter:label1\" content=\"Estimated reading time\" \/>\n\t<meta name=\"twitter:data1\" content=\"4 minutes\" \/>\n<script type=\"application\/ld+json\" class=\"yoast-schema-graph\">{\"@context\":\"https:\/\/schema.org\",\"@graph\":[{\"@type\":\"WebPage\",\"@id\":\"https:\/\/ultra-trail-montagnes-jura.fr\/mentions-legales\/\",\"url\":\"https:\/\/ultra-trail-montagnes-jura.fr\/mentions-legales\/\",\"name\":\"Mentions l\u00e9gales - Ultra Trail des Montagnes du Jura\",\"isPartOf\":{\"@id\":\"https:\/\/ultra-trail-montagnes-jura.fr\/#website\"},\"datePublished\":\"2025-12-12T10:36:22+00:00\",\"dateModified\":\"2025-12-12T15:12:21+00:00\",\"breadcrumb\":{\"@id\":\"https:\/\/ultra-trail-montagnes-jura.fr\/mentions-legales\/#breadcrumb\"},\"inLanguage\":\"en-GB\",\"potentialAction\":[{\"@type\":\"ReadAction\",\"target\":[\"https:\/\/ultra-trail-montagnes-jura.fr\/mentions-legales\/\"]}]},{\"@type\":\"BreadcrumbList\",\"@id\":\"https:\/\/ultra-trail-montagnes-jura.fr\/mentions-legales\/#breadcrumb\",\"itemListElement\":[{\"@type\":\"ListItem\",\"position\":1,\"name\":\"Accueil\",\"item\":\"https:\/\/ultra-trail-montagnes-jura.fr\/\"},{\"@type\":\"ListItem\",\"position\":2,\"name\":\"Mentions l\u00e9gales\"}]},{\"@type\":\"WebSite\",\"@id\":\"https:\/\/ultra-trail-montagnes-jura.fr\/#website\",\"url\":\"https:\/\/ultra-trail-montagnes-jura.fr\/\",\"name\":\"Ultra Trail des Montagnes du Jura\",\"description\":\"\",\"publisher\":{\"@id\":\"https:\/\/ultra-trail-montagnes-jura.fr\/#organization\"},\"potentialAction\":[{\"@type\":\"SearchAction\",\"target\":{\"@type\":\"EntryPoint\",\"urlTemplate\":\"https:\/\/ultra-trail-montagnes-jura.fr\/?s={search_term_string}\"},\"query-input\":{\"@type\":\"PropertyValueSpecification\",\"valueRequired\":true,\"valueName\":\"search_term_string\"}}],\"inLanguage\":\"en-GB\"},{\"@type\":\"Organization\",\"@id\":\"https:\/\/ultra-trail-montagnes-jura.fr\/#organization\",\"name\":\"Ultra Trail des Montagnes du Jura\",\"url\":\"https:\/\/ultra-trail-montagnes-jura.fr\/\",\"logo\":{\"@type\":\"ImageObject\",\"inLanguage\":\"en-GB\",\"@id\":\"https:\/\/ultra-trail-montagnes-jura.fr\/#\/schema\/logo\/image\/\",\"url\":\"https:\/\/ultra-trail-montagnes-jura.fr\/wp-content\/uploads\/2025\/12\/cropped-logo-FINAL-Bleu.png\",\"contentUrl\":\"https:\/\/ultra-trail-montagnes-jura.fr\/wp-content\/uploads\/2025\/12\/cropped-logo-FINAL-Bleu.png\",\"width\":1918,\"height\":630,\"caption\":\"Ultra Trail des Montagnes du Jura\"},\"image\":{\"@id\":\"https:\/\/ultra-trail-montagnes-jura.fr\/#\/schema\/logo\/image\/\"}}]}<\/script>\n<!-- \/ Yoast SEO plugin. -->","yoast_head_json":{"title":"Mentions l\u00e9gales - Ultra Trail des Montagnes du Jura","robots":{"index":"index","follow":"follow","max-snippet":"max-snippet:-1","max-image-preview":"max-image-preview:large","max-video-preview":"max-video-preview:-1"},"canonical":"https:\/\/ultra-trail-montagnes-jura.fr\/en\/mentions-legales\/","og_locale":"en_GB","og_type":"article","og_title":"Mentions l\u00e9gales - Ultra Trail des Montagnes du Jura","og_description":"MENTIONS L\u00c9GALES Article 1 \u2013 \u00c9diteur du site En vertu de\u00a0l\u2019article 6 de la loi n\u00b0 2004-575 du 21 juin 2004\u00a0pour la confiance dans l\u2019\u00e9conomie num\u00e9rique, il est pr\u00e9cis\u00e9 aux utilisateurs du site internet\u00a0Ultra Trail des Montagnes du Jura\u00a0\u00a0(https:\/\/www.ultra-trail-montagnes-jura.fr) l\u2019identit\u00e9 des diff\u00e9rents intervenants dans le cadre de sa r\u00e9alisation et de son suivi: Propri\u00e9taire du [&hellip;]","og_url":"https:\/\/ultra-trail-montagnes-jura.fr\/en\/mentions-legales\/","og_site_name":"Ultra Trail des Montagnes du Jura","article_modified_time":"2025-12-12T15:12:21+00:00","twitter_card":"summary_large_image","twitter_misc":{"Estimated reading time":"4 minutes"},"schema":{"@context":"https:\/\/schema.org","@graph":[{"@type":"WebPage","@id":"https:\/\/ultra-trail-montagnes-jura.fr\/mentions-legales\/","url":"https:\/\/ultra-trail-montagnes-jura.fr\/mentions-legales\/","name":"Mentions l\u00e9gales - Ultra Trail des Montagnes du Jura","isPartOf":{"@id":"https:\/\/ultra-trail-montagnes-jura.fr\/#website"},"datePublished":"2025-12-12T10:36:22+00:00","dateModified":"2025-12-12T15:12:21+00:00","breadcrumb":{"@id":"https:\/\/ultra-trail-montagnes-jura.fr\/mentions-legales\/#breadcrumb"},"inLanguage":"en-GB","potentialAction":[{"@type":"ReadAction","target":["https:\/\/ultra-trail-montagnes-jura.fr\/mentions-legales\/"]}]},{"@type":"BreadcrumbList","@id":"https:\/\/ultra-trail-montagnes-jura.fr\/mentions-legales\/#breadcrumb","itemListElement":[{"@type":"ListItem","position":1,"name":"Accueil","item":"https:\/\/ultra-trail-montagnes-jura.fr\/"},{"@type":"ListItem","position":2,"name":"Mentions l\u00e9gales"}]},{"@type":"WebSite","@id":"https:\/\/ultra-trail-montagnes-jura.fr\/#website","url":"https:\/\/ultra-trail-montagnes-jura.fr\/","name":"Ultra Trail des Montagnes du Jura","description":"","publisher":{"@id":"https:\/\/ultra-trail-montagnes-jura.fr\/#organization"},"potentialAction":[{"@type":"SearchAction","target":{"@type":"EntryPoint","urlTemplate":"https:\/\/ultra-trail-montagnes-jura.fr\/?s={search_term_string}"},"query-input":{"@type":"PropertyValueSpecification","valueRequired":true,"valueName":"search_term_string"}}],"inLanguage":"en-GB"},{"@type":"Organization","@id":"https:\/\/ultra-trail-montagnes-jura.fr\/#organization","name":"Ultra Trail des Montagnes du Jura","url":"https:\/\/ultra-trail-montagnes-jura.fr\/","logo":{"@type":"ImageObject","inLanguage":"en-GB","@id":"https:\/\/ultra-trail-montagnes-jura.fr\/#\/schema\/logo\/image\/","url":"https:\/\/ultra-trail-montagnes-jura.fr\/wp-content\/uploads\/2025\/12\/cropped-logo-FINAL-Bleu.png","contentUrl":"https:\/\/ultra-trail-montagnes-jura.fr\/wp-content\/uploads\/2025\/12\/cropped-logo-FINAL-Bleu.png","width":1918,"height":630,"caption":"Ultra Trail des Montagnes du Jura"},"image":{"@id":"https:\/\/ultra-trail-montagnes-jura.fr\/#\/schema\/logo\/image\/"}}]}},"_links":{"self":[{"href":"https:\/\/ultra-trail-montagnes-jura.fr\/en\/wp-json\/wp\/v2\/pages\/655","targetHints":{"allow":["GET"]}}],"collection":[{"href":"https:\/\/ultra-trail-montagnes-jura.fr\/en\/wp-json\/wp\/v2\/pages"}],"about":[{"href":"https:\/\/ultra-trail-montagnes-jura.fr\/en\/wp-json\/wp\/v2\/types\/page"}],"author":[{"embeddable":true,"href":"https:\/\/ultra-trail-montagnes-jura.fr\/en\/wp-json\/wp\/v2\/users\/1"}],"replies":[{"embeddable":true,"href":"https:\/\/ultra-trail-montagnes-jura.fr\/en\/wp-json\/wp\/v2\/comments?post=655"}],"version-history":[{"count":12,"href":"https:\/\/ultra-trail-montagnes-jura.fr\/en\/wp-json\/wp\/v2\/pages\/655\/revisions"}],"predecessor-version":[{"id":952,"href":"https:\/\/ultra-trail-montagnes-jura.fr\/en\/wp-json\/wp\/v2\/pages\/655\/revisions\/952"}],"wp:attachment":[{"href":"https:\/\/ultra-trail-montagnes-jura.fr\/en\/wp-json\/wp\/v2\/media?parent=655"}],"curies":[{"name":"wp","href":"https:\/\/api.w.org\/{rel}","templated":true}]}}