{"id":715,"date":"2025-12-12T12:40:45","date_gmt":"2025-12-12T11:40:45","guid":{"rendered":"https:\/\/utmjnew.adrienromain.ovh\/?page_id=715"},"modified":"2025-12-12T16:13:35","modified_gmt":"2025-12-12T15:13:35","slug":"cgu","status":"publish","type":"page","link":"https:\/\/ultra-trail-montagnes-jura.fr\/en\/cgu\/","title":{"rendered":"Conditions G\u00e9n\u00e9rales d\u2019Utilisation"},"content":{"rendered":"<div data-elementor-type=\"wp-page\" data-elementor-id=\"715\" class=\"elementor elementor-715\" data-elementor-post-type=\"page\">\n\t\t\t\t<div class=\"elementor-element elementor-element-e641005 e-flex e-con-boxed e-con e-parent\" data-id=\"e641005\" data-element_type=\"container\" data-e-type=\"container\" data-settings=\"{&quot;background_background&quot;:&quot;classic&quot;,&quot;shape_divider_bottom&quot;:&quot;mountains&quot;}\">\n\t\t\t\t\t<div class=\"e-con-inner\">\n\t\t\t\t<div class=\"elementor-shape elementor-shape-bottom\" aria-hidden=\"true\" data-negative=\"false\">\n\t\t\t<svg xmlns=\"http:\/\/www.w3.org\/2000\/svg\" viewbox=\"0 0 1000 100\" preserveaspectratio=\"none\">\n\t<path class=\"elementor-shape-fill\" opacity=\"0.33\" d=\"M473,67.3c-203.9,88.3-263.1-34-320.3,0C66,119.1,0,59.7,0,59.7V0h1000v59.7 c0,0-62.1,26.1-94.9,29.3c-32.8,3.3-62.8-12.3-75.8-22.1C806,49.6,745.3,8.7,694.9,4.7S492.4,59,473,67.3z\"\/>\n\t<path class=\"elementor-shape-fill\" opacity=\"0.66\" d=\"M734,67.3c-45.5,0-77.2-23.2-129.1-39.1c-28.6-8.7-150.3-10.1-254,39.1 s-91.7-34.4-149.2,0C115.7,118.3,0,39.8,0,39.8V0h1000v36.5c0,0-28.2-18.5-92.1-18.5C810.2,18.1,775.7,67.3,734,67.3z\"\/>\n\t<path class=\"elementor-shape-fill\" d=\"M766.1,28.9c-200-57.5-266,65.5-395.1,19.5C242,1.8,242,5.4,184.8,20.6C128,35.8,132.3,44.9,89.9,52.5C28.6,63.7,0,0,0,0 h1000c0,0-9.9,40.9-83.6,48.1S829.6,47,766.1,28.9z\"\/>\n<\/svg>\t\t<\/div>\n\t\t\t\t<div class=\"elementor-element elementor-element-bbd466f elementor-widget elementor-widget-heading\" data-id=\"bbd466f\" data-element_type=\"widget\" data-e-type=\"widget\" data-widget_type=\"heading.default\">\n\t\t\t\t\t<h1 class=\"elementor-heading-title elementor-size-default\">CONDITIONS G\u00c9N\u00c9RALES D'UTILISATION<\/h1>\t\t\t\t<\/div>\n\t\t\t\t\t<\/div>\n\t\t\t\t<\/div>\n\t\t<div class=\"elementor-element elementor-element-4919ca0 e-flex e-con-boxed e-con e-parent\" data-id=\"4919ca0\" data-element_type=\"container\" data-e-type=\"container\">\n\t\t\t\t\t<div class=\"e-con-inner\">\n\t\t\t\t<div class=\"elementor-element elementor-element-cf62275 elementor-widget elementor-widget-heading\" data-id=\"cf62275\" data-element_type=\"widget\" data-e-type=\"widget\" data-widget_type=\"heading.default\">\n\t\t\t\t\t<h2 class=\"elementor-heading-title elementor-size-default\">Article 1 - Informations l\u00e9gales<\/h2>\t\t\t\t<\/div>\n\t\t\t\t<div class=\"elementor-element elementor-element-8fa1403 elementor-widget elementor-widget-text-editor\" data-id=\"8fa1403\" data-element_type=\"widget\" data-e-type=\"widget\" data-widget_type=\"text-editor.default\">\n\t\t\t\t\t\t\t\t\t<p>En vertu de l\u2019article 6 de la Loi n\u00b0 2004-575 du 21 juin 2004 pour la confiance dans l\u2019\u00e9conomie num\u00e9rique, il est pr\u00e9cis\u00e9 dans cet article l\u2019identit\u00e9 des diff\u00e9rents intervenants dans le cadre de sa r\u00e9alisation et de son suivi.<\/p><p>Le site Ultra Trail des Montagne du Jura est \u00e9dit\u00e9 par :<br \/>L\u2019association ARTMO, dont le si\u00e8ge social est situ\u00e9 \u00e0 l\u2019adresse suivante : 2 rue de la Poudri\u00e8re, 25370 LES LONGEVILLES MONT D\u2019OR et immatricul\u00e9e au registre suivant : SIREN 311532683.<br \/>T\u00e9l\u00e9phone : 03 81 49 90 95<br \/>Adresse e-mail : contact@artmo.org<br \/>Le directeur de la publication est \u00c9ric PICOT.<br \/>Le responsable de la publication sur le site est M\u00e9line Faipoux (meline.faipoux@utmj.fr)<\/p><p>Le site\u00a0 Ultra Trail des Montagne du Jura est h\u00e9berg\u00e9 par O2Switch Siret : 51090980700032<br \/>RCS Clermont Ferrand SAS au capital de 100 000\u20ac<b><\/b><\/p><p>Pour plus d\u2019informations, nous vous invitons \u00e0 consulter nos Mentions L\u00e9gales.<\/p>\t\t\t\t\t\t\t\t<\/div>\n\t\t\t\t<div class=\"elementor-element elementor-element-0a3562e elementor-widget elementor-widget-heading\" data-id=\"0a3562e\" data-element_type=\"widget\" data-e-type=\"widget\" data-widget_type=\"heading.default\">\n\t\t\t\t\t<h2 class=\"elementor-heading-title elementor-size-default\">Article 2 \u2013 Pr\u00e9sentation du site<\/h2>\t\t\t\t<\/div>\n\t\t\t\t<div class=\"elementor-element elementor-element-6c84a15 elementor-widget elementor-widget-text-editor\" data-id=\"6c84a15\" data-element_type=\"widget\" data-e-type=\"widget\" data-widget_type=\"text-editor.default\">\n\t\t\t\t\t\t\t\t\t<p>Le site Ultra Trail des Montagnes du Jura a pour objet :<\/p><ul><li aria-level=\"1\">de pr\u00e9senter l\u2019\u00e9v\u00e9nement de l\u2019Ultra Trail des Montagnes du Jura ;<\/li><li aria-level=\"1\">de mettre \u00e0 disposition la vente de dossards et de merchandising de l\u2019Ultra Trail des Montagnes du Jura<\/li><\/ul>\t\t\t\t\t\t\t\t<\/div>\n\t\t\t\t<div class=\"elementor-element elementor-element-9bf91dc elementor-widget elementor-widget-heading\" data-id=\"9bf91dc\" data-element_type=\"widget\" data-e-type=\"widget\" data-widget_type=\"heading.default\">\n\t\t\t\t\t<h2 class=\"elementor-heading-title elementor-size-default\">Article 3 \u2013 Contact<\/h2>\t\t\t\t<\/div>\n\t\t\t\t<div class=\"elementor-element elementor-element-25a0edb elementor-widget elementor-widget-text-editor\" data-id=\"25a0edb\" data-element_type=\"widget\" data-e-type=\"widget\" data-widget_type=\"text-editor.default\">\n\t\t\t\t\t\t\t\t\t<p>Pour toute question ou demande d\u2019information concernant le site, ou tout signalement de contenu ou d\u2019activit\u00e9s illicites, l\u2019utilisateur peut contacter l\u2019\u00e9diteur \u00e0 l\u2019adresse e-mail suivante : contact@utmj.fr ou adresser un courrier recommand\u00e9 avec accus\u00e9 de r\u00e9ception \u00e0 : Association ARTMO \u2013 2 rue de la Poudri\u00e8re \u2013 25370 LES LONGEVILLES MONT D\u2019OR<\/p>\t\t\t\t\t\t\t\t<\/div>\n\t\t\t\t<div class=\"elementor-element elementor-element-357e5ed elementor-widget elementor-widget-heading\" data-id=\"357e5ed\" data-element_type=\"widget\" data-e-type=\"widget\" data-widget_type=\"heading.default\">\n\t\t\t\t\t<h2 class=\"elementor-heading-title elementor-size-default\">Article 4 \u2013 Acceptation des conditions d\u2019utilisation<\/h2>\t\t\t\t<\/div>\n\t\t\t\t<div class=\"elementor-element elementor-element-a407b4a elementor-widget elementor-widget-text-editor\" data-id=\"a407b4a\" data-element_type=\"widget\" data-e-type=\"widget\" data-widget_type=\"text-editor.default\">\n\t\t\t\t\t\t\t\t\t<p>L\u2019acc\u00e8s et l\u2019utilisation du site sont soumis \u00e0 l\u2019acceptation et au respect des pr\u00e9sentes Conditions G\u00e9n\u00e9rales d\u2019Utilisation.<\/p><p>L\u2019\u00e9diteur se r\u00e9serve le droit de modifier, \u00e0 tout moment et sans pr\u00e9avis, le site et des services ainsi que les pr\u00e9sentes CGU, notamment pour s\u2019adapter aux \u00e9volutions du site par la mise \u00e0 disposition de nouvelles fonctionnalit\u00e9s ou la suppression ou la modification de fonctionnalit\u00e9s existantes.<\/p><p>Il est donc conseill\u00e9 \u00e0 l\u2019utilisateur de se r\u00e9f\u00e9rer avant toute navigation \u00e0 la derni\u00e8re version des CGU, accessible \u00e0 tout moment sur le site. En cas de d\u00e9saccord avec les CGU, aucun usage du site ne saurait \u00eatre effectu\u00e9 par l\u2019utilisateur.<\/p>\t\t\t\t\t\t\t\t<\/div>\n\t\t\t\t<div class=\"elementor-element elementor-element-0d1e888 elementor-widget elementor-widget-heading\" data-id=\"0d1e888\" data-element_type=\"widget\" data-e-type=\"widget\" data-widget_type=\"heading.default\">\n\t\t\t\t\t<h2 class=\"elementor-heading-title elementor-size-default\">Article 5 \u2013 Acc\u00e8s et navigation<\/h2>\t\t\t\t<\/div>\n\t\t\t\t<div class=\"elementor-element elementor-element-498d306 elementor-widget elementor-widget-text-editor\" data-id=\"498d306\" data-element_type=\"widget\" data-e-type=\"widget\" data-widget_type=\"text-editor.default\">\n\t\t\t\t\t\t\t\t\t<p>L\u2019\u00e9diteur met en \u0153uvre les solutions techniques \u00e0 sa disposition pour permettre l\u2019acc\u00e8s au site 24 heures sur 24, 7 jours sur 7. Il pourra n\u00e9anmoins \u00e0 tout moment suspendre, limiter ou interrompre l\u2019acc\u00e8s au site ou \u00e0 certaines pages de celui-ci afin de proc\u00e9der \u00e0 des mises \u00e0 jour, des modifications de son contenu ou tout autre action jug\u00e9e n\u00e9cessaire au bon fonctionnement du site.<\/p><p>La connexion et la navigation sur le site\u00a0 l\u2019Ultra Trail des Montagne du Jura valent acceptation sans r\u00e9serve des pr\u00e9sentes Conditions G\u00e9n\u00e9rales d\u2019Utilisation, quelques soient les moyens techniques d\u2019acc\u00e8s et les terminaux utilis\u00e9s.<\/p><p>Les pr\u00e9sentes CGU s\u2019appliquent, en tant que de besoin, \u00e0 toute d\u00e9clinaison ou extension du site sur les r\u00e9seaux sociaux et\/ou communautaires existants ou \u00e0 venir.<\/p>\t\t\t\t\t\t\t\t<\/div>\n\t\t\t\t<div class=\"elementor-element elementor-element-7544b04 elementor-widget elementor-widget-heading\" data-id=\"7544b04\" data-element_type=\"widget\" data-e-type=\"widget\" data-widget_type=\"heading.default\">\n\t\t\t\t\t<h2 class=\"elementor-heading-title elementor-size-default\">Article 6 \u2013 Gestion du site<\/h2>\t\t\t\t<\/div>\n\t\t\t\t<div class=\"elementor-element elementor-element-bd0e40d elementor-widget elementor-widget-text-editor\" data-id=\"bd0e40d\" data-element_type=\"widget\" data-e-type=\"widget\" data-widget_type=\"text-editor.default\">\n\t\t\t\t\t\t\t\t\t<p>Pour la bonne gestion du site, l\u2019\u00e9diteur pourra \u00e0 tout moment :<\/p><ul><li aria-level=\"1\">suspendre, interrompre ou limiter l\u2019acc\u00e8s \u00e0 tout ou partie du site, r\u00e9server l\u2019acc\u00e8s au site, ou \u00e0 certaines parties du site, \u00e0 une cat\u00e9gorie d\u00e9termin\u00e9e d\u2019internaute ;<\/li><li aria-level=\"1\">supprimer toute information pouvant en perturber le fonctionnement ou entrant en contravention avec les lois nationales ou internationales, ou avec les r\u00e8gles de la N\u00e9tiquette ;<\/li><li aria-level=\"1\">suspendre le site afin de proc\u00e9der \u00e0 des mises \u00e0 jour.<\/li><\/ul>\t\t\t\t\t\t\t\t<\/div>\n\t\t\t\t<div class=\"elementor-element elementor-element-9727713 elementor-widget elementor-widget-heading\" data-id=\"9727713\" data-element_type=\"widget\" data-e-type=\"widget\" data-widget_type=\"heading.default\">\n\t\t\t\t\t<h2 class=\"elementor-heading-title elementor-size-default\">Article 7 \u2013 Responsabilit\u00e9s<\/h2>\t\t\t\t<\/div>\n\t\t\t\t<div class=\"elementor-element elementor-element-316086f elementor-widget elementor-widget-text-editor\" data-id=\"316086f\" data-element_type=\"widget\" data-e-type=\"widget\" data-widget_type=\"text-editor.default\">\n\t\t\t\t\t\t\t\t\t<p>L\u2019\u00e9diteur n\u2019est responsable que du contenu qu\u2019il a lui-m\u00eame \u00e9dit\u00e9.<\/p><p>L\u2019\u00e9diteur n\u2019est pas responsable :<\/p><ul><li aria-level=\"1\">en cas de probl\u00e9matiques ou d\u00e9faillances techniques, informatiques ou de compatibilit\u00e9 du site avec un mat\u00e9riel ou logiciel quel qu\u2019il soit ;<\/li><li aria-level=\"1\">des dommages directs ou indirects, mat\u00e9riels ou immat\u00e9riels, pr\u00e9visibles ou impr\u00e9visibles r\u00e9sultant de l\u2019utilisation ou des difficult\u00e9s d\u2019utilisation du site ou de ses services ;<\/li><li aria-level=\"1\">des caract\u00e9ristiques intrins\u00e8ques de l\u2019Internet, notamment celles relatives au manque de fiabilit\u00e9 et au d\u00e9faut de s\u00e9curisation des informations y circulant ;<\/li><li aria-level=\"1\">des contenus ou activit\u00e9s illicites utilisant son site et ce, sans qu\u2019il en ait pris d\u00fbment connaissance au sens de la Loi n\u00b0 2004-575 du 21 juin 2004 pour la confiance dans l\u2019\u00e9conomie num\u00e9rique et la Loi n\u00b02004-801 du 6 ao\u00fbt 2004 relative \u00e0 la protection des personnes physiques \u00e0 l\u2019\u00e9gard de traitement de donn\u00e9es \u00e0 caract\u00e8re personnel.<\/li><\/ul><p>Par ailleurs, le site ne saurait garantir l\u2019exactitude, la compl\u00e9tude, et l\u2019actualit\u00e9 des informations qui y sont diffus\u00e9es.<\/p><p>L\u2019utilisateur est responsable :<\/p><ul><li aria-level=\"1\">de la protection de son mat\u00e9riel et de ses donn\u00e9es ;<\/li><li aria-level=\"1\">de l\u2019utilisation qu\u2019il fait du site ou de ses services ;<\/li><li aria-level=\"1\">s\u2019il ne respecte ni la lettre, ni l\u2019esprit des pr\u00e9sentes CGU.<\/li><\/ul>\t\t\t\t\t\t\t\t<\/div>\n\t\t\t\t<div class=\"elementor-element elementor-element-9c64ad7 elementor-widget elementor-widget-heading\" data-id=\"9c64ad7\" data-element_type=\"widget\" data-e-type=\"widget\" data-widget_type=\"heading.default\">\n\t\t\t\t\t<h2 class=\"elementor-heading-title elementor-size-default\">Article 8 \u2013 Liens hypertextes<\/h2>\t\t\t\t<\/div>\n\t\t\t\t<div class=\"elementor-element elementor-element-97a2188 elementor-widget elementor-widget-text-editor\" data-id=\"97a2188\" data-element_type=\"widget\" data-e-type=\"widget\" data-widget_type=\"text-editor.default\">\n\t\t\t\t\t\t\t\t\t<p>Le site peut contenir des liens hypertextes pointant vers d\u2019autres sites internet sur lesquels Sports Nature Formations n\u2019exerce pas de contr\u00f4le. Malgr\u00e9 les v\u00e9rifications pr\u00e9alables et r\u00e9guli\u00e8res r\u00e9alis\u00e9es par l\u2019\u00e9diteur, celui-ci d\u00e9cline toute responsabilit\u00e9 quant aux contenus qu\u2019il est possible de trouver sur ces sites.<\/p><p>L\u2019\u00e9diteur autorise la mise en place de liens hypertextes vers toute page ou document de son site.<br \/>En outre, l\u2019information pr\u00e9alable de l\u2019\u00e9diteur du site est n\u00e9cessaire avant toute mise en place de liens hypertexte.<\/p><p>Sont exclus de cette autorisation les sites diffusant des informations \u00e0 caract\u00e8re illicite, violent, pol\u00e9mique, pornographique, x\u00e9nophobe ou pouvant porter atteinte \u00e0 la sensibilit\u00e9 du plus grand nombre.<\/p><p>Enfin,\u00a0 l\u2019Ultra Trail des Montagne du Jura se r\u00e9serve le droit de faire supprimer \u00e0 tout moment un lien hypertexte pointant vers son site, si le site l\u2019estime non conforme \u00e0 sa politique \u00e9ditoriale.<\/p>\t\t\t\t\t\t\t\t<\/div>\n\t\t\t\t<div class=\"elementor-element elementor-element-bca53fe elementor-widget elementor-widget-heading\" data-id=\"bca53fe\" data-element_type=\"widget\" data-e-type=\"widget\" data-widget_type=\"heading.default\">\n\t\t\t\t\t<h2 class=\"elementor-heading-title elementor-size-default\">Article 9 \u2013 Confidentialit\u00e9<\/h2>\t\t\t\t<\/div>\n\t\t\t\t<div class=\"elementor-element elementor-element-13ac4de elementor-widget elementor-widget-text-editor\" data-id=\"13ac4de\" data-element_type=\"widget\" data-e-type=\"widget\" data-widget_type=\"text-editor.default\">\n\t\t\t\t\t\t\t\t\t<p>En plus des pr\u00e9sentes Conditions G\u00e9n\u00e9rales, le site dispose d\u2019une Politique de Confidentialit\u00e9 qui d\u00e9crit la mani\u00e8re dont les donn\u00e9es \u00e0 caract\u00e8re personnel sont trait\u00e9es lorsque l\u2019utilisateur se rend sur le site, ainsi que la mani\u00e8re dont les cookies sont utilis\u00e9s.<\/p><p>En naviguant sur le site, l\u2019utilisateur d\u00e9clare avoir \u00e9galement pris connaissance de la Politique de confidentialit\u00e9 susmentionn\u00e9e.<\/p>\t\t\t\t\t\t\t\t<\/div>\n\t\t\t\t<div class=\"elementor-element elementor-element-16ff8b6 elementor-widget elementor-widget-heading\" data-id=\"16ff8b6\" data-element_type=\"widget\" data-e-type=\"widget\" data-widget_type=\"heading.default\">\n\t\t\t\t\t<h2 class=\"elementor-heading-title elementor-size-default\">Article 10 \u2013 Propri\u00e9t\u00e9 intellectuelle<\/h2>\t\t\t\t<\/div>\n\t\t\t\t<div class=\"elementor-element elementor-element-72851b4 elementor-widget elementor-widget-text-editor\" data-id=\"72851b4\" data-element_type=\"widget\" data-e-type=\"widget\" data-widget_type=\"text-editor.default\">\n\t\t\t\t\t\t\t\t\t<p>La structuration du site mais aussi les textes, graphiques, images, photographies, sons, vid\u00e9os et applications informatiques qui le composent sont la propri\u00e9t\u00e9 de l\u2019\u00e9diteur et sont prot\u00e9g\u00e9s comme tels par les lois en vigueur au titre de la propri\u00e9t\u00e9 intellectuelle.<\/p><p>Toute repr\u00e9sentation, reproduction, adaptation ou exploitation partielle ou totale des contenus, marques d\u00e9pos\u00e9es et services propos\u00e9s par le site, par quelque proc\u00e9d\u00e9 que ce soit, sans l\u2019autorisation pr\u00e9alable, expresse et \u00e9crite de l\u2019\u00e9diteur, est strictement interdite et serait susceptible de constituer une contrefa\u00e7on au sens des articles L. 335-2 et suivants du Code de la propri\u00e9t\u00e9 intellectuelle. Et ce, \u00e0 l\u2019exception des \u00e9l\u00e9ments express\u00e9ment d\u00e9sign\u00e9s comme libres de droits sur le site.<\/p><p>L\u2019acc\u00e8s au site ne vaut pas reconnaissance d\u2019un droit et, de mani\u00e8re g\u00e9n\u00e9rale, ne conf\u00e8re aucun droit de propri\u00e9t\u00e9 intellectuelle relatif \u00e0 un \u00e9l\u00e9ment du site, lesquels restent la propri\u00e9t\u00e9 exclusive de l\u2019\u00e9diteur. Il est interdit \u00e0 l\u2019utilisateur d\u2019introduire des donn\u00e9es sur le site qui modifieraient ou qui seraient susceptibles d\u2019en modifier le contenu ou l\u2019apparence.<\/p>\t\t\t\t\t\t\t\t<\/div>\n\t\t\t\t<div class=\"elementor-element elementor-element-a098d95 elementor-widget elementor-widget-heading\" data-id=\"a098d95\" data-element_type=\"widget\" data-e-type=\"widget\" data-widget_type=\"heading.default\">\n\t\t\t\t\t<h2 class=\"elementor-heading-title elementor-size-default\">Article 11 \u2013Loi applicable et juridiction comp\u00e9tente<\/h2>\t\t\t\t<\/div>\n\t\t\t\t<div class=\"elementor-element elementor-element-293cd28 elementor-widget elementor-widget-text-editor\" data-id=\"293cd28\" data-element_type=\"widget\" data-e-type=\"widget\" data-widget_type=\"text-editor.default\">\n\t\t\t\t\t\t\t\t\t<p>Les pr\u00e9sentes Conditions G\u00e9n\u00e9rales d\u2019Utilisation sont r\u00e9gies par la loi fran\u00e7aise. En cas de diff\u00e9rend et \u00e0 d\u00e9faut d\u2019accord amiable, le litige sera port\u00e9 devant les tribunaux fran\u00e7ais conform\u00e9ment aux r\u00e8gles de comp\u00e9tence en vigueur.<\/p><p><b><i>L\u2019Ultra Trail des Montagnes du Jura vous souhaite une excellente navigation !<\/i><\/b><\/p>\t\t\t\t\t\t\t\t<\/div>\n\t\t\t\t\t<\/div>\n\t\t\t\t<\/div>\n\t\t\t\t<\/div>","protected":false},"excerpt":{"rendered":"<p>CONDITIONS G\u00c9N\u00c9RALES D&rsquo;UTILISATION Article 1 &#8211; Informations l\u00e9gales En vertu de l\u2019article 6 de la Loi n\u00b0 2004-575 du 21 juin 2004 pour la confiance dans l\u2019\u00e9conomie num\u00e9rique, il est pr\u00e9cis\u00e9 dans cet article l\u2019identit\u00e9 des diff\u00e9rents intervenants dans le cadre de sa r\u00e9alisation et de son suivi. Le site Ultra Trail des Montagne du [&hellip;]<\/p>\n","protected":false},"author":1,"featured_media":0,"parent":0,"menu_order":0,"comment_status":"closed","ping_status":"closed","template":"","meta":{"_eb_attr":"","footnotes":""},"class_list":["post-715","page","type-page","status-publish","hentry"],"yoast_head":"<!-- This site is optimized with the Yoast SEO plugin v26.9 - https:\/\/yoast.com\/product\/yoast-seo-wordpress\/ -->\n<title>Conditions G\u00e9n\u00e9rales d\u2019Utilisation - Ultra Trail des Montagnes du Jura<\/title>\n<meta name=\"robots\" content=\"index, follow, max-snippet:-1, max-image-preview:large, max-video-preview:-1\" \/>\n<link rel=\"canonical\" href=\"https:\/\/ultra-trail-montagnes-jura.fr\/en\/cgu\/\" \/>\n<meta property=\"og:locale\" content=\"en_GB\" \/>\n<meta property=\"og:type\" content=\"article\" \/>\n<meta property=\"og:title\" content=\"Conditions G\u00e9n\u00e9rales d\u2019Utilisation - Ultra Trail des Montagnes du Jura\" \/>\n<meta property=\"og:description\" content=\"CONDITIONS G\u00c9N\u00c9RALES D&rsquo;UTILISATION Article 1 &#8211; Informations l\u00e9gales En vertu de l\u2019article 6 de la Loi n\u00b0 2004-575 du 21 juin 2004 pour la confiance dans l\u2019\u00e9conomie num\u00e9rique, il est pr\u00e9cis\u00e9 dans cet article l\u2019identit\u00e9 des diff\u00e9rents intervenants dans le cadre de sa r\u00e9alisation et de son suivi. Le site Ultra Trail des Montagne du [&hellip;]\" \/>\n<meta property=\"og:url\" content=\"https:\/\/ultra-trail-montagnes-jura.fr\/en\/cgu\/\" \/>\n<meta property=\"og:site_name\" content=\"Ultra Trail des Montagnes du Jura\" \/>\n<meta property=\"article:modified_time\" content=\"2025-12-12T15:13:35+00:00\" \/>\n<meta name=\"twitter:card\" content=\"summary_large_image\" \/>\n<meta name=\"twitter:label1\" content=\"Estimated reading time\" \/>\n\t<meta name=\"twitter:data1\" content=\"7 minutes\" \/>\n<script type=\"application\/ld+json\" class=\"yoast-schema-graph\">{\"@context\":\"https:\/\/schema.org\",\"@graph\":[{\"@type\":\"WebPage\",\"@id\":\"https:\/\/ultra-trail-montagnes-jura.fr\/cgu\/\",\"url\":\"https:\/\/ultra-trail-montagnes-jura.fr\/cgu\/\",\"name\":\"Conditions G\u00e9n\u00e9rales d\u2019Utilisation - Ultra Trail des Montagnes du Jura\",\"isPartOf\":{\"@id\":\"https:\/\/ultra-trail-montagnes-jura.fr\/#website\"},\"datePublished\":\"2025-12-12T11:40:45+00:00\",\"dateModified\":\"2025-12-12T15:13:35+00:00\",\"breadcrumb\":{\"@id\":\"https:\/\/ultra-trail-montagnes-jura.fr\/cgu\/#breadcrumb\"},\"inLanguage\":\"en-GB\",\"potentialAction\":[{\"@type\":\"ReadAction\",\"target\":[\"https:\/\/ultra-trail-montagnes-jura.fr\/cgu\/\"]}]},{\"@type\":\"BreadcrumbList\",\"@id\":\"https:\/\/ultra-trail-montagnes-jura.fr\/cgu\/#breadcrumb\",\"itemListElement\":[{\"@type\":\"ListItem\",\"position\":1,\"name\":\"Accueil\",\"item\":\"https:\/\/ultra-trail-montagnes-jura.fr\/\"},{\"@type\":\"ListItem\",\"position\":2,\"name\":\"Conditions G\u00e9n\u00e9rales d\u2019Utilisation\"}]},{\"@type\":\"WebSite\",\"@id\":\"https:\/\/ultra-trail-montagnes-jura.fr\/#website\",\"url\":\"https:\/\/ultra-trail-montagnes-jura.fr\/\",\"name\":\"Ultra Trail des Montagnes du Jura\",\"description\":\"\",\"publisher\":{\"@id\":\"https:\/\/ultra-trail-montagnes-jura.fr\/#organization\"},\"potentialAction\":[{\"@type\":\"SearchAction\",\"target\":{\"@type\":\"EntryPoint\",\"urlTemplate\":\"https:\/\/ultra-trail-montagnes-jura.fr\/?s={search_term_string}\"},\"query-input\":{\"@type\":\"PropertyValueSpecification\",\"valueRequired\":true,\"valueName\":\"search_term_string\"}}],\"inLanguage\":\"en-GB\"},{\"@type\":\"Organization\",\"@id\":\"https:\/\/ultra-trail-montagnes-jura.fr\/#organization\",\"name\":\"Ultra Trail des Montagnes du Jura\",\"url\":\"https:\/\/ultra-trail-montagnes-jura.fr\/\",\"logo\":{\"@type\":\"ImageObject\",\"inLanguage\":\"en-GB\",\"@id\":\"https:\/\/ultra-trail-montagnes-jura.fr\/#\/schema\/logo\/image\/\",\"url\":\"https:\/\/ultra-trail-montagnes-jura.fr\/wp-content\/uploads\/2025\/12\/cropped-logo-FINAL-Bleu.png\",\"contentUrl\":\"https:\/\/ultra-trail-montagnes-jura.fr\/wp-content\/uploads\/2025\/12\/cropped-logo-FINAL-Bleu.png\",\"width\":1918,\"height\":630,\"caption\":\"Ultra Trail des Montagnes du Jura\"},\"image\":{\"@id\":\"https:\/\/ultra-trail-montagnes-jura.fr\/#\/schema\/logo\/image\/\"}}]}<\/script>\n<!-- \/ Yoast SEO plugin. -->","yoast_head_json":{"title":"Conditions G\u00e9n\u00e9rales d\u2019Utilisation - Ultra Trail des Montagnes du Jura","robots":{"index":"index","follow":"follow","max-snippet":"max-snippet:-1","max-image-preview":"max-image-preview:large","max-video-preview":"max-video-preview:-1"},"canonical":"https:\/\/ultra-trail-montagnes-jura.fr\/en\/cgu\/","og_locale":"en_GB","og_type":"article","og_title":"Conditions G\u00e9n\u00e9rales d\u2019Utilisation - Ultra Trail des Montagnes du Jura","og_description":"CONDITIONS G\u00c9N\u00c9RALES D&rsquo;UTILISATION Article 1 &#8211; Informations l\u00e9gales En vertu de l\u2019article 6 de la Loi n\u00b0 2004-575 du 21 juin 2004 pour la confiance dans l\u2019\u00e9conomie num\u00e9rique, il est pr\u00e9cis\u00e9 dans cet article l\u2019identit\u00e9 des diff\u00e9rents intervenants dans le cadre de sa r\u00e9alisation et de son suivi. Le site Ultra Trail des Montagne du [&hellip;]","og_url":"https:\/\/ultra-trail-montagnes-jura.fr\/en\/cgu\/","og_site_name":"Ultra Trail des Montagnes du Jura","article_modified_time":"2025-12-12T15:13:35+00:00","twitter_card":"summary_large_image","twitter_misc":{"Estimated reading time":"7 minutes"},"schema":{"@context":"https:\/\/schema.org","@graph":[{"@type":"WebPage","@id":"https:\/\/ultra-trail-montagnes-jura.fr\/cgu\/","url":"https:\/\/ultra-trail-montagnes-jura.fr\/cgu\/","name":"Conditions G\u00e9n\u00e9rales d\u2019Utilisation - Ultra Trail des Montagnes du Jura","isPartOf":{"@id":"https:\/\/ultra-trail-montagnes-jura.fr\/#website"},"datePublished":"2025-12-12T11:40:45+00:00","dateModified":"2025-12-12T15:13:35+00:00","breadcrumb":{"@id":"https:\/\/ultra-trail-montagnes-jura.fr\/cgu\/#breadcrumb"},"inLanguage":"en-GB","potentialAction":[{"@type":"ReadAction","target":["https:\/\/ultra-trail-montagnes-jura.fr\/cgu\/"]}]},{"@type":"BreadcrumbList","@id":"https:\/\/ultra-trail-montagnes-jura.fr\/cgu\/#breadcrumb","itemListElement":[{"@type":"ListItem","position":1,"name":"Accueil","item":"https:\/\/ultra-trail-montagnes-jura.fr\/"},{"@type":"ListItem","position":2,"name":"Conditions G\u00e9n\u00e9rales d\u2019Utilisation"}]},{"@type":"WebSite","@id":"https:\/\/ultra-trail-montagnes-jura.fr\/#website","url":"https:\/\/ultra-trail-montagnes-jura.fr\/","name":"Ultra Trail des Montagnes du Jura","description":"","publisher":{"@id":"https:\/\/ultra-trail-montagnes-jura.fr\/#organization"},"potentialAction":[{"@type":"SearchAction","target":{"@type":"EntryPoint","urlTemplate":"https:\/\/ultra-trail-montagnes-jura.fr\/?s={search_term_string}"},"query-input":{"@type":"PropertyValueSpecification","valueRequired":true,"valueName":"search_term_string"}}],"inLanguage":"en-GB"},{"@type":"Organization","@id":"https:\/\/ultra-trail-montagnes-jura.fr\/#organization","name":"Ultra Trail des Montagnes du Jura","url":"https:\/\/ultra-trail-montagnes-jura.fr\/","logo":{"@type":"ImageObject","inLanguage":"en-GB","@id":"https:\/\/ultra-trail-montagnes-jura.fr\/#\/schema\/logo\/image\/","url":"https:\/\/ultra-trail-montagnes-jura.fr\/wp-content\/uploads\/2025\/12\/cropped-logo-FINAL-Bleu.png","contentUrl":"https:\/\/ultra-trail-montagnes-jura.fr\/wp-content\/uploads\/2025\/12\/cropped-logo-FINAL-Bleu.png","width":1918,"height":630,"caption":"Ultra Trail des Montagnes du Jura"},"image":{"@id":"https:\/\/ultra-trail-montagnes-jura.fr\/#\/schema\/logo\/image\/"}}]}},"_links":{"self":[{"href":"https:\/\/ultra-trail-montagnes-jura.fr\/en\/wp-json\/wp\/v2\/pages\/715","targetHints":{"allow":["GET"]}}],"collection":[{"href":"https:\/\/ultra-trail-montagnes-jura.fr\/en\/wp-json\/wp\/v2\/pages"}],"about":[{"href":"https:\/\/ultra-trail-montagnes-jura.fr\/en\/wp-json\/wp\/v2\/types\/page"}],"author":[{"embeddable":true,"href":"https:\/\/ultra-trail-montagnes-jura.fr\/en\/wp-json\/wp\/v2\/users\/1"}],"replies":[{"embeddable":true,"href":"https:\/\/ultra-trail-montagnes-jura.fr\/en\/wp-json\/wp\/v2\/comments?post=715"}],"version-history":[{"count":16,"href":"https:\/\/ultra-trail-montagnes-jura.fr\/en\/wp-json\/wp\/v2\/pages\/715\/revisions"}],"predecessor-version":[{"id":961,"href":"https:\/\/ultra-trail-montagnes-jura.fr\/en\/wp-json\/wp\/v2\/pages\/715\/revisions\/961"}],"wp:attachment":[{"href":"https:\/\/ultra-trail-montagnes-jura.fr\/en\/wp-json\/wp\/v2\/media?parent=715"}],"curies":[{"name":"wp","href":"https:\/\/api.w.org\/{rel}","templated":true}]}}