{"id":731,"date":"2025-12-12T13:05:41","date_gmt":"2025-12-12T12:05:41","guid":{"rendered":"https:\/\/utmjnew.adrienromain.ovh\/?page_id=731"},"modified":"2025-12-12T16:13:02","modified_gmt":"2025-12-12T15:13:02","slug":"cgv","status":"publish","type":"page","link":"https:\/\/ultra-trail-montagnes-jura.fr\/en\/cgv\/","title":{"rendered":"Conditions G\u00e9n\u00e9rales de vente"},"content":{"rendered":"<div data-elementor-type=\"wp-page\" data-elementor-id=\"731\" class=\"elementor elementor-731\" data-elementor-post-type=\"page\">\n\t\t\t\t<div class=\"elementor-element elementor-element-e641005 e-flex e-con-boxed e-con e-parent\" data-id=\"e641005\" data-element_type=\"container\" data-e-type=\"container\" data-settings=\"{&quot;background_background&quot;:&quot;classic&quot;,&quot;shape_divider_bottom&quot;:&quot;mountains&quot;}\">\n\t\t\t\t\t<div class=\"e-con-inner\">\n\t\t\t\t<div class=\"elementor-shape elementor-shape-bottom\" aria-hidden=\"true\" data-negative=\"false\">\n\t\t\t<svg xmlns=\"http:\/\/www.w3.org\/2000\/svg\" viewbox=\"0 0 1000 100\" preserveaspectratio=\"none\">\n\t<path class=\"elementor-shape-fill\" opacity=\"0.33\" d=\"M473,67.3c-203.9,88.3-263.1-34-320.3,0C66,119.1,0,59.7,0,59.7V0h1000v59.7 c0,0-62.1,26.1-94.9,29.3c-32.8,3.3-62.8-12.3-75.8-22.1C806,49.6,745.3,8.7,694.9,4.7S492.4,59,473,67.3z\"\/>\n\t<path class=\"elementor-shape-fill\" opacity=\"0.66\" d=\"M734,67.3c-45.5,0-77.2-23.2-129.1-39.1c-28.6-8.7-150.3-10.1-254,39.1 s-91.7-34.4-149.2,0C115.7,118.3,0,39.8,0,39.8V0h1000v36.5c0,0-28.2-18.5-92.1-18.5C810.2,18.1,775.7,67.3,734,67.3z\"\/>\n\t<path class=\"elementor-shape-fill\" d=\"M766.1,28.9c-200-57.5-266,65.5-395.1,19.5C242,1.8,242,5.4,184.8,20.6C128,35.8,132.3,44.9,89.9,52.5C28.6,63.7,0,0,0,0 h1000c0,0-9.9,40.9-83.6,48.1S829.6,47,766.1,28.9z\"\/>\n<\/svg>\t\t<\/div>\n\t\t\t\t<div class=\"elementor-element elementor-element-bbd466f elementor-widget elementor-widget-heading\" data-id=\"bbd466f\" data-element_type=\"widget\" data-e-type=\"widget\" data-widget_type=\"heading.default\">\n\t\t\t\t\t<h1 class=\"elementor-heading-title elementor-size-default\">CONDITIONS G\u00c9N\u00c9RALES DE VENTE<\/h1>\t\t\t\t<\/div>\n\t\t\t\t\t<\/div>\n\t\t\t\t<\/div>\n\t\t<div class=\"elementor-element elementor-element-4919ca0 e-flex e-con-boxed e-con e-parent\" data-id=\"4919ca0\" data-element_type=\"container\" data-e-type=\"container\">\n\t\t\t\t\t<div class=\"e-con-inner\">\n\t\t\t\t<div class=\"elementor-element elementor-element-8fa1403 elementor-widget elementor-widget-text-editor\" data-id=\"8fa1403\" data-element_type=\"widget\" data-e-type=\"widget\" data-widget_type=\"text-editor.default\">\n\t\t\t\t\t\t\t\t\t<p>Veuillez lire attentivement ces Conditions G\u00e9n\u00e9rales de Vente (CGV) avant de vous inscrire sur le site https:\/\/www.ultra-trail-montagnes-jura.fr\/.\u00a0<b>Ultra Trail des Montagnes du Jura<\/b>\u00a0se r\u00e9serve le droit de modifier les pr\u00e9sentes CGV \u00e0 tout moment, en mettant \u00e0 jour ce document. Une telle modification s\u2019impose aux participants souhaitant s\u2019inscrire \u00e0 une course et\/ou acheter des produits, c\u2019est pourquoi nous vous conseillons de consulter cette page r\u00e9guli\u00e8rement pour passer ces informations en revue.<\/p>\t\t\t\t\t\t\t\t<\/div>\n\t\t\t\t<div class=\"elementor-element elementor-element-cf62275 elementor-widget elementor-widget-heading\" data-id=\"cf62275\" data-element_type=\"widget\" data-e-type=\"widget\" data-widget_type=\"heading.default\">\n\t\t\t\t\t<h2 class=\"elementor-heading-title elementor-size-default\">Responsabilit\u00e9 Technique<\/h2>\t\t\t\t<\/div>\n\t\t\t\t<div class=\"elementor-element elementor-element-e9c4478 elementor-widget elementor-widget-text-editor\" data-id=\"e9c4478\" data-element_type=\"widget\" data-e-type=\"widget\" data-widget_type=\"text-editor.default\">\n\t\t\t\t\t\t\t\t\t<p><b>Ultra Trail des Montagnes du Jura<\/b>\u00a0s\u2019engage \u00e0 mettre en \u0153uvre tous les moyens dont il dispose pour assurer la continuit\u00e9 des services propos\u00e9s \u00e0 l\u2019organisateur et au participant ainsi que la sauvegarde r\u00e9guli\u00e8re des donn\u00e9es. Toutefois, sa responsabilit\u00e9 ne saurait \u00eatre engag\u00e9e en cas de force majeure ou de faits ind\u00e9pendants de sa volont\u00e9, notamment dans le cas d\u2019interruption des r\u00e9seaux d\u2019acc\u00e8s ou de d\u00e9faillance du mat\u00e9riel serveur.<\/p><p>L\u2019acc\u00e8s au service est possible 24 heures sur 24, 7 jours sur 7, sauf en cas de force majeure ou d\u2019\u00e9v\u00e9nement hors du contr\u00f4le de\u00a0<b>Ultra Trail des Montagnes du Jura<\/b>\u00a0et sous r\u00e9serve des \u00e9ventuelles interventions de maintenance n\u00e9cessaires au bon fonctionnement du service et des mat\u00e9riels.<\/p>\t\t\t\t\t\t\t\t<\/div>\n\t\t\t\t<div class=\"elementor-element elementor-element-0a3562e elementor-widget elementor-widget-heading\" data-id=\"0a3562e\" data-element_type=\"widget\" data-e-type=\"widget\" data-widget_type=\"heading.default\">\n\t\t\t\t\t<h2 class=\"elementor-heading-title elementor-size-default\">Paiements<\/h2>\t\t\t\t<\/div>\n\t\t\t\t<div class=\"elementor-element elementor-element-6c84a15 elementor-widget elementor-widget-text-editor\" data-id=\"6c84a15\" data-element_type=\"widget\" data-e-type=\"widget\" data-widget_type=\"text-editor.default\">\n\t\t\t\t\t\t\t\t\t<p>Le r\u00e8glement du tarif des inscriptions et des produits\u00a0 par le participant s\u2019effectue uniquement par cartes bancaires : Visa, MasterCard, autres Cartes Bleues. Le d\u00e9bit de la carte est effectu\u00e9 au moment de la commande (d\u00e9bit imm\u00e9diat). Conform\u00e9ment aux lois fran\u00e7aises en vigueur, le site\u00a0<b>Ultra Trail des Montagnes du Jura<\/b> n\u2019a, \u00e0 aucun moment, connaissance des informations bancaires saisies par le participant ou par l\u2019organisateur.<\/p>\t\t\t\t\t\t\t\t<\/div>\n\t\t\t\t<div class=\"elementor-element elementor-element-9bf91dc elementor-widget elementor-widget-heading\" data-id=\"9bf91dc\" data-element_type=\"widget\" data-e-type=\"widget\" data-widget_type=\"heading.default\">\n\t\t\t\t\t<h2 class=\"elementor-heading-title elementor-size-default\">Clause attributive de comp\u00e9tence<\/h2>\t\t\t\t<\/div>\n\t\t\t\t<div class=\"elementor-element elementor-element-25a0edb elementor-widget elementor-widget-text-editor\" data-id=\"25a0edb\" data-element_type=\"widget\" data-e-type=\"widget\" data-widget_type=\"text-editor.default\">\n\t\t\t\t\t\t\t\t\t<p>Pour toutes contestations relatives aux ventes r\u00e9alis\u00e9es par\u00a0<b>Ultra Trail des Montagnes du Jura<\/b>\u00a0et \u00e0 l\u2019application ou \u00e0 l\u2019interpr\u00e9tation des pr\u00e9sentes CGV, seul sera comp\u00e9tent le Tribunal de commerce de Besan\u00e7on (Doubs \u2013 France). Le site\u00a0<b>Ultra Trail des Montagnes du Jura<\/b>\u00a0appartient et est g\u00e9r\u00e9 par l\u2019Association ARTMO (Animation Rurale et Touristique du Mont d\u2019Or), association Loi 1901 \u2013 SIREN : 311532683 \u2013 Adresse postale : 2 rue de la Poudri\u00e8re, 25370 LES LONGEVILLES MONT D\u2019OR.<\/p>\t\t\t\t\t\t\t\t<\/div>\n\t\t\t\t<div class=\"elementor-element elementor-element-b306139 elementor-widget elementor-widget-heading\" data-id=\"b306139\" data-element_type=\"widget\" data-e-type=\"widget\" data-widget_type=\"heading.default\">\n\t\t\t\t\t<h1 class=\"elementor-heading-title elementor-size-default\">CGV - PARTICIPANTS<\/h1>\t\t\t\t<\/div>\n\t\t\t\t<div class=\"elementor-element elementor-element-632b381 elementor-widget elementor-widget-text-editor\" data-id=\"632b381\" data-element_type=\"widget\" data-e-type=\"widget\" data-widget_type=\"text-editor.default\">\n\t\t\t\t\t\t\t\t\t<p>Ces CGV sp\u00e9cifiques aux participants sont valables \u00e0 partir du moment o\u00f9 le participant proc\u00e8de \u00e0 la saisie d\u2019informations sur le site internet https:\/\/www.ultra-trail-montagnes-jura.fr\/\u00a0<b>Ultra Trail des Montagnes du Jura<\/b>\u00a0agit au nom de l\u2019organisateur de course et pour son compte.<\/p>\t\t\t\t\t\t\t\t<\/div>\n\t\t\t\t<div class=\"elementor-element elementor-element-357e5ed elementor-widget elementor-widget-heading\" data-id=\"357e5ed\" data-element_type=\"widget\" data-e-type=\"widget\" data-widget_type=\"heading.default\">\n\t\t\t\t\t<h2 class=\"elementor-heading-title elementor-size-default\">Validation d'inscription par le participant<\/h2>\t\t\t\t<\/div>\n\t\t\t\t<div class=\"elementor-element elementor-element-a407b4a elementor-widget elementor-widget-text-editor\" data-id=\"a407b4a\" data-element_type=\"widget\" data-e-type=\"widget\" data-widget_type=\"text-editor.default\">\n\t\t\t\t\t\t\t\t\t<p>Quand le participant clique sur le bouton de validation apr\u00e8s le processus de commande, il d\u00e9clare accepter celle-ci ainsi que l\u2019int\u00e9gralit\u00e9 des pr\u00e9sentes CGV pleinement et sans r\u00e9serve. Les donn\u00e9es enregistr\u00e9es par\u00a0<b>Ultra Trail des Montagnes du Jura<\/b>\u00a0constituent la preuve de l\u2019ensemble des transactions pass\u00e9es entre\u00a0<b>Ultra Trail des Montagnes du Jura<\/b>\u00a0et le participant. Les donn\u00e9es enregistr\u00e9es par le syst\u00e8me de paiement constituent la preuve des transactions financi\u00e8res.<\/p>\t\t\t\t\t\t\t\t<\/div>\n\t\t\t\t<div class=\"elementor-element elementor-element-0d1e888 elementor-widget elementor-widget-heading\" data-id=\"0d1e888\" data-element_type=\"widget\" data-e-type=\"widget\" data-widget_type=\"heading.default\">\n\t\t\t\t\t<h2 class=\"elementor-heading-title elementor-size-default\">Remboursement<\/h2>\t\t\t\t<\/div>\n\t\t\t\t<div class=\"elementor-element elementor-element-498d306 elementor-widget elementor-widget-text-editor\" data-id=\"498d306\" data-element_type=\"widget\" data-e-type=\"widget\" data-widget_type=\"text-editor.default\">\n\t\t\t\t\t\t\t\t\t<p>Le participant doit se r\u00e9f\u00e9rer au r\u00e8glement officiel de l\u2019\u00e9v\u00e9nement pour conna\u00eetre les conditions de remboursement sp\u00e9cifiques \u00e0 la course.<\/p>\t\t\t\t\t\t\t\t<\/div>\n\t\t\t\t\t<\/div>\n\t\t\t\t<\/div>\n\t\t\t\t<\/div>","protected":false},"excerpt":{"rendered":"<p>CONDITIONS G\u00c9N\u00c9RALES DE VENTE Veuillez lire attentivement ces Conditions G\u00e9n\u00e9rales de Vente (CGV) avant de vous inscrire sur le site https:\/\/www.ultra-trail-montagnes-jura.fr\/.\u00a0Ultra Trail des Montagnes du Jura\u00a0se r\u00e9serve le droit de modifier les pr\u00e9sentes CGV \u00e0 tout moment, en mettant \u00e0 jour ce document. Une telle modification s\u2019impose aux participants souhaitant s\u2019inscrire \u00e0 une course et\/ou [&hellip;]<\/p>\n","protected":false},"author":1,"featured_media":0,"parent":0,"menu_order":0,"comment_status":"closed","ping_status":"closed","template":"","meta":{"_eb_attr":"","footnotes":""},"class_list":["post-731","page","type-page","status-publish","hentry"],"yoast_head":"<!-- This site is optimized with the Yoast SEO plugin v26.9 - https:\/\/yoast.com\/product\/yoast-seo-wordpress\/ -->\n<title>Conditions G\u00e9n\u00e9rales de vente - Ultra Trail des Montagnes du Jura<\/title>\n<meta name=\"robots\" content=\"index, follow, max-snippet:-1, max-image-preview:large, max-video-preview:-1\" \/>\n<link rel=\"canonical\" href=\"https:\/\/ultra-trail-montagnes-jura.fr\/en\/cgv\/\" \/>\n<meta property=\"og:locale\" content=\"en_GB\" \/>\n<meta property=\"og:type\" content=\"article\" \/>\n<meta property=\"og:title\" content=\"Conditions G\u00e9n\u00e9rales de vente - Ultra Trail des Montagnes du Jura\" \/>\n<meta property=\"og:description\" content=\"CONDITIONS G\u00c9N\u00c9RALES DE VENTE Veuillez lire attentivement ces Conditions G\u00e9n\u00e9rales de Vente (CGV) avant de vous inscrire sur le site https:\/\/www.ultra-trail-montagnes-jura.fr\/.\u00a0Ultra Trail des Montagnes du Jura\u00a0se r\u00e9serve le droit de modifier les pr\u00e9sentes CGV \u00e0 tout moment, en mettant \u00e0 jour ce document. Une telle modification s\u2019impose aux participants souhaitant s\u2019inscrire \u00e0 une course et\/ou [&hellip;]\" \/>\n<meta property=\"og:url\" content=\"https:\/\/ultra-trail-montagnes-jura.fr\/en\/cgv\/\" \/>\n<meta property=\"og:site_name\" content=\"Ultra Trail des Montagnes du Jura\" \/>\n<meta property=\"article:modified_time\" content=\"2025-12-12T15:13:02+00:00\" \/>\n<meta name=\"twitter:card\" content=\"summary_large_image\" \/>\n<meta name=\"twitter:label1\" content=\"Estimated reading time\" \/>\n\t<meta name=\"twitter:data1\" content=\"3 minutes\" \/>\n<script type=\"application\/ld+json\" class=\"yoast-schema-graph\">{\"@context\":\"https:\/\/schema.org\",\"@graph\":[{\"@type\":\"WebPage\",\"@id\":\"https:\/\/ultra-trail-montagnes-jura.fr\/cgv\/\",\"url\":\"https:\/\/ultra-trail-montagnes-jura.fr\/cgv\/\",\"name\":\"Conditions G\u00e9n\u00e9rales de vente - Ultra Trail des Montagnes du Jura\",\"isPartOf\":{\"@id\":\"https:\/\/ultra-trail-montagnes-jura.fr\/#website\"},\"datePublished\":\"2025-12-12T12:05:41+00:00\",\"dateModified\":\"2025-12-12T15:13:02+00:00\",\"breadcrumb\":{\"@id\":\"https:\/\/ultra-trail-montagnes-jura.fr\/cgv\/#breadcrumb\"},\"inLanguage\":\"en-GB\",\"potentialAction\":[{\"@type\":\"ReadAction\",\"target\":[\"https:\/\/ultra-trail-montagnes-jura.fr\/cgv\/\"]}]},{\"@type\":\"BreadcrumbList\",\"@id\":\"https:\/\/ultra-trail-montagnes-jura.fr\/cgv\/#breadcrumb\",\"itemListElement\":[{\"@type\":\"ListItem\",\"position\":1,\"name\":\"Accueil\",\"item\":\"https:\/\/ultra-trail-montagnes-jura.fr\/\"},{\"@type\":\"ListItem\",\"position\":2,\"name\":\"Conditions G\u00e9n\u00e9rales de vente\"}]},{\"@type\":\"WebSite\",\"@id\":\"https:\/\/ultra-trail-montagnes-jura.fr\/#website\",\"url\":\"https:\/\/ultra-trail-montagnes-jura.fr\/\",\"name\":\"Ultra Trail des Montagnes du Jura\",\"description\":\"\",\"publisher\":{\"@id\":\"https:\/\/ultra-trail-montagnes-jura.fr\/#organization\"},\"potentialAction\":[{\"@type\":\"SearchAction\",\"target\":{\"@type\":\"EntryPoint\",\"urlTemplate\":\"https:\/\/ultra-trail-montagnes-jura.fr\/?s={search_term_string}\"},\"query-input\":{\"@type\":\"PropertyValueSpecification\",\"valueRequired\":true,\"valueName\":\"search_term_string\"}}],\"inLanguage\":\"en-GB\"},{\"@type\":\"Organization\",\"@id\":\"https:\/\/ultra-trail-montagnes-jura.fr\/#organization\",\"name\":\"Ultra Trail des Montagnes du Jura\",\"url\":\"https:\/\/ultra-trail-montagnes-jura.fr\/\",\"logo\":{\"@type\":\"ImageObject\",\"inLanguage\":\"en-GB\",\"@id\":\"https:\/\/ultra-trail-montagnes-jura.fr\/#\/schema\/logo\/image\/\",\"url\":\"https:\/\/ultra-trail-montagnes-jura.fr\/wp-content\/uploads\/2025\/12\/cropped-logo-FINAL-Bleu.png\",\"contentUrl\":\"https:\/\/ultra-trail-montagnes-jura.fr\/wp-content\/uploads\/2025\/12\/cropped-logo-FINAL-Bleu.png\",\"width\":1918,\"height\":630,\"caption\":\"Ultra Trail des Montagnes du Jura\"},\"image\":{\"@id\":\"https:\/\/ultra-trail-montagnes-jura.fr\/#\/schema\/logo\/image\/\"}}]}<\/script>\n<!-- \/ Yoast SEO plugin. -->","yoast_head_json":{"title":"Conditions G\u00e9n\u00e9rales de vente - Ultra Trail des Montagnes du Jura","robots":{"index":"index","follow":"follow","max-snippet":"max-snippet:-1","max-image-preview":"max-image-preview:large","max-video-preview":"max-video-preview:-1"},"canonical":"https:\/\/ultra-trail-montagnes-jura.fr\/en\/cgv\/","og_locale":"en_GB","og_type":"article","og_title":"Conditions G\u00e9n\u00e9rales de vente - Ultra Trail des Montagnes du Jura","og_description":"CONDITIONS G\u00c9N\u00c9RALES DE VENTE Veuillez lire attentivement ces Conditions G\u00e9n\u00e9rales de Vente (CGV) avant de vous inscrire sur le site https:\/\/www.ultra-trail-montagnes-jura.fr\/.\u00a0Ultra Trail des Montagnes du Jura\u00a0se r\u00e9serve le droit de modifier les pr\u00e9sentes CGV \u00e0 tout moment, en mettant \u00e0 jour ce document. Une telle modification s\u2019impose aux participants souhaitant s\u2019inscrire \u00e0 une course et\/ou [&hellip;]","og_url":"https:\/\/ultra-trail-montagnes-jura.fr\/en\/cgv\/","og_site_name":"Ultra Trail des Montagnes du Jura","article_modified_time":"2025-12-12T15:13:02+00:00","twitter_card":"summary_large_image","twitter_misc":{"Estimated reading time":"3 minutes"},"schema":{"@context":"https:\/\/schema.org","@graph":[{"@type":"WebPage","@id":"https:\/\/ultra-trail-montagnes-jura.fr\/cgv\/","url":"https:\/\/ultra-trail-montagnes-jura.fr\/cgv\/","name":"Conditions G\u00e9n\u00e9rales de vente - Ultra Trail des Montagnes du Jura","isPartOf":{"@id":"https:\/\/ultra-trail-montagnes-jura.fr\/#website"},"datePublished":"2025-12-12T12:05:41+00:00","dateModified":"2025-12-12T15:13:02+00:00","breadcrumb":{"@id":"https:\/\/ultra-trail-montagnes-jura.fr\/cgv\/#breadcrumb"},"inLanguage":"en-GB","potentialAction":[{"@type":"ReadAction","target":["https:\/\/ultra-trail-montagnes-jura.fr\/cgv\/"]}]},{"@type":"BreadcrumbList","@id":"https:\/\/ultra-trail-montagnes-jura.fr\/cgv\/#breadcrumb","itemListElement":[{"@type":"ListItem","position":1,"name":"Accueil","item":"https:\/\/ultra-trail-montagnes-jura.fr\/"},{"@type":"ListItem","position":2,"name":"Conditions G\u00e9n\u00e9rales de vente"}]},{"@type":"WebSite","@id":"https:\/\/ultra-trail-montagnes-jura.fr\/#website","url":"https:\/\/ultra-trail-montagnes-jura.fr\/","name":"Ultra Trail des Montagnes du Jura","description":"","publisher":{"@id":"https:\/\/ultra-trail-montagnes-jura.fr\/#organization"},"potentialAction":[{"@type":"SearchAction","target":{"@type":"EntryPoint","urlTemplate":"https:\/\/ultra-trail-montagnes-jura.fr\/?s={search_term_string}"},"query-input":{"@type":"PropertyValueSpecification","valueRequired":true,"valueName":"search_term_string"}}],"inLanguage":"en-GB"},{"@type":"Organization","@id":"https:\/\/ultra-trail-montagnes-jura.fr\/#organization","name":"Ultra Trail des Montagnes du Jura","url":"https:\/\/ultra-trail-montagnes-jura.fr\/","logo":{"@type":"ImageObject","inLanguage":"en-GB","@id":"https:\/\/ultra-trail-montagnes-jura.fr\/#\/schema\/logo\/image\/","url":"https:\/\/ultra-trail-montagnes-jura.fr\/wp-content\/uploads\/2025\/12\/cropped-logo-FINAL-Bleu.png","contentUrl":"https:\/\/ultra-trail-montagnes-jura.fr\/wp-content\/uploads\/2025\/12\/cropped-logo-FINAL-Bleu.png","width":1918,"height":630,"caption":"Ultra Trail des Montagnes du Jura"},"image":{"@id":"https:\/\/ultra-trail-montagnes-jura.fr\/#\/schema\/logo\/image\/"}}]}},"_links":{"self":[{"href":"https:\/\/ultra-trail-montagnes-jura.fr\/en\/wp-json\/wp\/v2\/pages\/731","targetHints":{"allow":["GET"]}}],"collection":[{"href":"https:\/\/ultra-trail-montagnes-jura.fr\/en\/wp-json\/wp\/v2\/pages"}],"about":[{"href":"https:\/\/ultra-trail-montagnes-jura.fr\/en\/wp-json\/wp\/v2\/types\/page"}],"author":[{"embeddable":true,"href":"https:\/\/ultra-trail-montagnes-jura.fr\/en\/wp-json\/wp\/v2\/users\/1"}],"replies":[{"embeddable":true,"href":"https:\/\/ultra-trail-montagnes-jura.fr\/en\/wp-json\/wp\/v2\/comments?post=731"}],"version-history":[{"count":19,"href":"https:\/\/ultra-trail-montagnes-jura.fr\/en\/wp-json\/wp\/v2\/pages\/731\/revisions"}],"predecessor-version":[{"id":958,"href":"https:\/\/ultra-trail-montagnes-jura.fr\/en\/wp-json\/wp\/v2\/pages\/731\/revisions\/958"}],"wp:attachment":[{"href":"https:\/\/ultra-trail-montagnes-jura.fr\/en\/wp-json\/wp\/v2\/media?parent=731"}],"curies":[{"name":"wp","href":"https:\/\/api.w.org\/{rel}","templated":true}]}}