{"id":802,"date":"2025-12-12T14:21:15","date_gmt":"2025-12-12T13:21:15","guid":{"rendered":"https:\/\/utmjnew.adrienromain.ovh\/?page_id=802"},"modified":"2026-04-13T11:14:42","modified_gmt":"2026-04-13T09:14:42","slug":"cmm","status":"publish","type":"page","link":"https:\/\/ultra-trail-montagnes-jura.fr\/en\/cmm\/","title":{"rendered":"CMM &#8211; 40KM"},"content":{"rendered":"<div data-elementor-type=\"wp-page\" data-elementor-id=\"802\" class=\"elementor elementor-802\" data-elementor-post-type=\"page\">\n\t\t\t\t<div class=\"elementor-element elementor-element-1f3f2f2 e-flex e-con-boxed e-con e-parent\" data-id=\"1f3f2f2\" data-element_type=\"container\" data-e-type=\"container\" data-settings=\"{&quot;background_background&quot;:&quot;classic&quot;,&quot;shape_divider_bottom&quot;:&quot;mountains&quot;}\">\n\t\t\t\t\t<div class=\"e-con-inner\">\n\t\t\t\t<div class=\"elementor-shape elementor-shape-bottom\" aria-hidden=\"true\" data-negative=\"false\">\n\t\t\t<svg xmlns=\"http:\/\/www.w3.org\/2000\/svg\" viewbox=\"0 0 1000 100\" preserveaspectratio=\"none\">\n\t<path class=\"elementor-shape-fill\" opacity=\"0.33\" d=\"M473,67.3c-203.9,88.3-263.1-34-320.3,0C66,119.1,0,59.7,0,59.7V0h1000v59.7 c0,0-62.1,26.1-94.9,29.3c-32.8,3.3-62.8-12.3-75.8-22.1C806,49.6,745.3,8.7,694.9,4.7S492.4,59,473,67.3z\"\/>\n\t<path class=\"elementor-shape-fill\" opacity=\"0.66\" d=\"M734,67.3c-45.5,0-77.2-23.2-129.1-39.1c-28.6-8.7-150.3-10.1-254,39.1 s-91.7-34.4-149.2,0C115.7,118.3,0,39.8,0,39.8V0h1000v36.5c0,0-28.2-18.5-92.1-18.5C810.2,18.1,775.7,67.3,734,67.3z\"\/>\n\t<path class=\"elementor-shape-fill\" d=\"M766.1,28.9c-200-57.5-266,65.5-395.1,19.5C242,1.8,242,5.4,184.8,20.6C128,35.8,132.3,44.9,89.9,52.5C28.6,63.7,0,0,0,0 h1000c0,0-9.9,40.9-83.6,48.1S829.6,47,766.1,28.9z\"\/>\n<\/svg>\t\t<\/div>\n\t\t\t\t<div class=\"elementor-element elementor-element-15ec14c elementor-widget elementor-widget-heading\" data-id=\"15ec14c\" data-element_type=\"widget\" data-e-type=\"widget\" data-widget_type=\"heading.default\">\n\t\t\t\t\t<h1 class=\"elementor-heading-title elementor-size-default\">CMM - 40 KM<\/h1>\t\t\t\t<\/div>\n\t\t\t\t<div class=\"elementor-element elementor-element-e783823 elementor-widget elementor-widget-button\" data-id=\"e783823\" data-element_type=\"widget\" data-e-type=\"widget\" data-widget_type=\"button.default\">\n\t\t\t\t\t\t\t\t\t\t<a class=\"elementor-button elementor-button-link elementor-size-sm\" href=\"https:\/\/inscription.utmj.fr\/produit\/cmm-2026\/\">\n\t\t\t\t\t\t<span class=\"elementor-button-content-wrapper\">\n\t\t\t\t\t\t\t\t\t<span class=\"elementor-button-text\">REGISTER NOW<\/span>\n\t\t\t\t\t<\/span>\n\t\t\t\t\t<\/a>\n\t\t\t\t\t\t\t\t<\/div>\n\t\t\t\t\t<\/div>\n\t\t\t\t<\/div>\n\t\t<div class=\"elementor-element elementor-element-d847726 e-flex e-con-boxed e-con e-parent\" data-id=\"d847726\" data-element_type=\"container\" data-e-type=\"container\">\n\t\t\t\t\t<div class=\"e-con-inner\">\n\t\t<div class=\"elementor-element elementor-element-f5f1b47 e-con-full e-flex e-con e-child\" data-id=\"f5f1b47\" data-element_type=\"container\" data-e-type=\"container\">\n\t\t<div class=\"elementor-element elementor-element-574ff7e e-con-full e-flex e-con e-child\" data-id=\"574ff7e\" data-element_type=\"container\" data-e-type=\"container\">\n\t\t\t\t<div class=\"elementor-element elementor-element-a84529d elementor-widget elementor-widget-text-editor\" data-id=\"a84529d\" data-element_type=\"widget\" data-e-type=\"widget\" data-widget_type=\"text-editor.default\">\n\t\t\t\t\t\t\t\t\t<p>Go\u00fbtez au plaisir d\u2019un maratrail exigeant et panoramique au c\u0153ur du Haut-Doubs ! La CMM 40 km offre un concentr\u00e9 de l\u2019exp\u00e9rience UTMJ, avec un trac\u00e9 vari\u00e9 et accessible qui vous m\u00e8nera jusqu\u2019au sommet mythique du Mont d\u2019Or. Une occasion id\u00e9ale de d\u00e9couvrir le massif sous un nouveau jour, de se challenger sur une distance interm\u00e9diaire ou de se pr\u00e9parer pour des aventures plus longues. Relevez le d\u00e9fi et rejoignez la famille UTMJ !<\/p>\t\t\t\t\t\t\t\t<\/div>\n\t\t\t\t<\/div>\n\t\t\t\t<\/div>\n\t\t\t\t\t<\/div>\n\t\t\t\t<\/div>\n\t\t<div class=\"elementor-element elementor-element-4487fdb e-flex e-con-boxed e-con e-parent\" data-id=\"4487fdb\" data-element_type=\"container\" data-e-type=\"container\" data-settings=\"{&quot;background_background&quot;:&quot;classic&quot;,&quot;shape_divider_top&quot;:&quot;mountains&quot;,&quot;shape_divider_bottom&quot;:&quot;mountains&quot;}\">\n\t\t\t\t\t<div class=\"e-con-inner\">\n\t\t\t\t<div class=\"elementor-shape elementor-shape-top\" aria-hidden=\"true\" data-negative=\"false\">\n\t\t\t<svg xmlns=\"http:\/\/www.w3.org\/2000\/svg\" viewbox=\"0 0 1000 100\" preserveaspectratio=\"none\">\n\t<path class=\"elementor-shape-fill\" opacity=\"0.33\" d=\"M473,67.3c-203.9,88.3-263.1-34-320.3,0C66,119.1,0,59.7,0,59.7V0h1000v59.7 c0,0-62.1,26.1-94.9,29.3c-32.8,3.3-62.8-12.3-75.8-22.1C806,49.6,745.3,8.7,694.9,4.7S492.4,59,473,67.3z\"\/>\n\t<path class=\"elementor-shape-fill\" opacity=\"0.66\" d=\"M734,67.3c-45.5,0-77.2-23.2-129.1-39.1c-28.6-8.7-150.3-10.1-254,39.1 s-91.7-34.4-149.2,0C115.7,118.3,0,39.8,0,39.8V0h1000v36.5c0,0-28.2-18.5-92.1-18.5C810.2,18.1,775.7,67.3,734,67.3z\"\/>\n\t<path class=\"elementor-shape-fill\" d=\"M766.1,28.9c-200-57.5-266,65.5-395.1,19.5C242,1.8,242,5.4,184.8,20.6C128,35.8,132.3,44.9,89.9,52.5C28.6,63.7,0,0,0,0 h1000c0,0-9.9,40.9-83.6,48.1S829.6,47,766.1,28.9z\"\/>\n<\/svg>\t\t<\/div>\n\t\t\t\t<div class=\"elementor-shape elementor-shape-bottom\" aria-hidden=\"true\" data-negative=\"false\">\n\t\t\t<svg xmlns=\"http:\/\/www.w3.org\/2000\/svg\" viewbox=\"0 0 1000 100\" preserveaspectratio=\"none\">\n\t<path class=\"elementor-shape-fill\" opacity=\"0.33\" d=\"M473,67.3c-203.9,88.3-263.1-34-320.3,0C66,119.1,0,59.7,0,59.7V0h1000v59.7 c0,0-62.1,26.1-94.9,29.3c-32.8,3.3-62.8-12.3-75.8-22.1C806,49.6,745.3,8.7,694.9,4.7S492.4,59,473,67.3z\"\/>\n\t<path class=\"elementor-shape-fill\" opacity=\"0.66\" d=\"M734,67.3c-45.5,0-77.2-23.2-129.1-39.1c-28.6-8.7-150.3-10.1-254,39.1 s-91.7-34.4-149.2,0C115.7,118.3,0,39.8,0,39.8V0h1000v36.5c0,0-28.2-18.5-92.1-18.5C810.2,18.1,775.7,67.3,734,67.3z\"\/>\n\t<path class=\"elementor-shape-fill\" d=\"M766.1,28.9c-200-57.5-266,65.5-395.1,19.5C242,1.8,242,5.4,184.8,20.6C128,35.8,132.3,44.9,89.9,52.5C28.6,63.7,0,0,0,0 h1000c0,0-9.9,40.9-83.6,48.1S829.6,47,766.1,28.9z\"\/>\n<\/svg>\t\t<\/div>\n\t\t<div class=\"elementor-element elementor-element-3db2fad e-con-full e-flex e-con e-child\" data-id=\"3db2fad\" data-element_type=\"container\" data-e-type=\"container\">\n\t\t<div class=\"elementor-element elementor-element-75632ed e-con-full e-flex e-con e-child\" data-id=\"75632ed\" data-element_type=\"container\" data-e-type=\"container\">\n\t\t\t\t<div class=\"elementor-element elementor-element-b5aa6b9 elementor-view-stacked elementor-shape-circle elementor-position-block-start elementor-mobile-position-block-start elementor-widget elementor-widget-icon-box\" data-id=\"b5aa6b9\" data-element_type=\"widget\" data-e-type=\"widget\" data-widget_type=\"icon-box.default\">\n\t\t\t\t\t\t\t<div class=\"elementor-icon-box-wrapper\">\n\n\t\t\t\t\t\t<div class=\"elementor-icon-box-icon\">\n\t\t\t\t<span  class=\"elementor-icon\">\n\t\t\t\t<svg aria-hidden=\"true\" class=\"e-font-icon-svg e-fas-map-marked-alt\" viewbox=\"0 0 576 512\" xmlns=\"http:\/\/www.w3.org\/2000\/svg\"><path d=\"M288 0c-69.59 0-126 56.41-126 126 0 56.26 82.35 158.8 113.9 196.02 6.39 7.54 17.82 7.54 24.2 0C331.65 284.8 414 182.26 414 126 414 56.41 357.59 0 288 0zm0 168c-23.2 0-42-18.8-42-42s18.8-42 42-42 42 18.8 42 42-18.8 42-42 42zM20.12 215.95A32.006 32.006 0 0 0 0 245.66v250.32c0 11.32 11.43 19.06 21.94 14.86L160 448V214.92c-8.84-15.98-16.07-31.54-21.25-46.42L20.12 215.95zM288 359.67c-14.07 0-27.38-6.18-36.51-16.96-19.66-23.2-40.57-49.62-59.49-76.72v182l192 64V266c-18.92 27.09-39.82 53.52-59.49 76.72-9.13 10.77-22.44 16.95-36.51 16.95zm266.06-198.51L416 224v288l139.88-55.95A31.996 31.996 0 0 0 576 426.34V176.02c0-11.32-11.43-19.06-21.94-14.86z\"><\/path><\/svg>\t\t\t\t<\/span>\n\t\t\t<\/div>\n\t\t\t\n\t\t\t\t\t\t<div class=\"elementor-icon-box-content\">\n\n\t\t\t\t\t\t\t\t\t<h3 class=\"elementor-icon-box-title\">\n\t\t\t\t\t\t<span  >\n\t\t\t\t\t\t\tD\u00c9PART DE CHAPELLE DES BOIS 4 OCTOBRE 2026 \u00c0 08h00\t\t\t\t\t\t<\/span>\n\t\t\t\t\t<\/h3>\n\t\t\t\t\n\t\t\t\t\n\t\t\t<\/div>\n\t\t\t\n\t\t<\/div>\n\t\t\t\t\t\t<\/div>\n\t\t\t\t<div class=\"elementor-element elementor-element-3eebb8a elementor-widget-tablet__width-inherit elementor-widget elementor-widget-image\" data-id=\"3eebb8a\" data-element_type=\"widget\" data-e-type=\"widget\" data-widget_type=\"image.default\">\n\t\t\t\t\t\t\t\t\t\t\t\t\t\t\t<img fetchpriority=\"high\" decoding=\"async\" width=\"2560\" height=\"1707\" src=\"https:\/\/ultra-trail-montagnes-jura.fr\/wp-content\/uploads\/2025\/12\/UTMJ_2025_GLOBALE_HD_LILIAN_MENETRIER73-scaled.jpg\" class=\"attachment-full size-full wp-image-877\" alt=\"PAYSAGE - LILIAN MENETRIER\" srcset=\"https:\/\/ultra-trail-montagnes-jura.fr\/wp-content\/uploads\/2025\/12\/UTMJ_2025_GLOBALE_HD_LILIAN_MENETRIER73-scaled.jpg 2560w, https:\/\/ultra-trail-montagnes-jura.fr\/wp-content\/uploads\/2025\/12\/UTMJ_2025_GLOBALE_HD_LILIAN_MENETRIER73-300x200.jpg 300w, https:\/\/ultra-trail-montagnes-jura.fr\/wp-content\/uploads\/2025\/12\/UTMJ_2025_GLOBALE_HD_LILIAN_MENETRIER73-1024x683.jpg 1024w, https:\/\/ultra-trail-montagnes-jura.fr\/wp-content\/uploads\/2025\/12\/UTMJ_2025_GLOBALE_HD_LILIAN_MENETRIER73-768x512.jpg 768w, https:\/\/ultra-trail-montagnes-jura.fr\/wp-content\/uploads\/2025\/12\/UTMJ_2025_GLOBALE_HD_LILIAN_MENETRIER73-1536x1024.jpg 1536w, https:\/\/ultra-trail-montagnes-jura.fr\/wp-content\/uploads\/2025\/12\/UTMJ_2025_GLOBALE_HD_LILIAN_MENETRIER73-2048x1365.jpg 2048w\" sizes=\"(max-width: 2560px) 100vw, 2560px\" \/>\t\t\t\t\t\t\t\t\t\t\t\t\t\t\t<\/div>\n\t\t\t\t<\/div>\n\t\t<div class=\"elementor-element elementor-element-4300d92 e-con-full e-flex e-con e-child\" data-id=\"4300d92\" data-element_type=\"container\" data-e-type=\"container\">\n\t\t\t\t<div class=\"elementor-element elementor-element-a53eac9 elementor-widget-tablet__width-inherit elementor-widget elementor-widget-image\" data-id=\"a53eac9\" data-element_type=\"widget\" data-e-type=\"widget\" data-widget_type=\"image.default\">\n\t\t\t\t\t\t\t\t\t\t\t\t\t\t\t<img decoding=\"async\" width=\"2560\" height=\"1706\" src=\"https:\/\/ultra-trail-montagnes-jura.fr\/wp-content\/uploads\/2025\/12\/2510_BEN_BECKER_utmj_03902_reseaux-scaled.jpg\" class=\"attachment-full size-full wp-image-104\" alt=\"CMM - Ben Becker\" srcset=\"https:\/\/ultra-trail-montagnes-jura.fr\/wp-content\/uploads\/2025\/12\/2510_BEN_BECKER_utmj_03902_reseaux-scaled.jpg 2560w, https:\/\/ultra-trail-montagnes-jura.fr\/wp-content\/uploads\/2025\/12\/2510_BEN_BECKER_utmj_03902_reseaux-300x200.jpg 300w, https:\/\/ultra-trail-montagnes-jura.fr\/wp-content\/uploads\/2025\/12\/2510_BEN_BECKER_utmj_03902_reseaux-1024x683.jpg 1024w, https:\/\/ultra-trail-montagnes-jura.fr\/wp-content\/uploads\/2025\/12\/2510_BEN_BECKER_utmj_03902_reseaux-768x512.jpg 768w, https:\/\/ultra-trail-montagnes-jura.fr\/wp-content\/uploads\/2025\/12\/2510_BEN_BECKER_utmj_03902_reseaux-1536x1024.jpg 1536w, https:\/\/ultra-trail-montagnes-jura.fr\/wp-content\/uploads\/2025\/12\/2510_BEN_BECKER_utmj_03902_reseaux-2048x1365.jpg 2048w\" sizes=\"(max-width: 2560px) 100vw, 2560px\" \/>\t\t\t\t\t\t\t\t\t\t\t\t\t\t\t<\/div>\n\t\t\t\t<div class=\"elementor-element elementor-element-83ba939 elementor-view-stacked elementor-shape-circle elementor-position-block-start elementor-mobile-position-block-start elementor-widget elementor-widget-icon-box\" data-id=\"83ba939\" data-element_type=\"widget\" data-e-type=\"widget\" data-widget_type=\"icon-box.default\">\n\t\t\t\t\t\t\t<div class=\"elementor-icon-box-wrapper\">\n\n\t\t\t\t\t\t<div class=\"elementor-icon-box-icon\">\n\t\t\t\t<span  class=\"elementor-icon\">\n\t\t\t\t<svg aria-hidden=\"true\" class=\"e-font-icon-svg e-fas-running\" viewbox=\"0 0 416 512\" xmlns=\"http:\/\/www.w3.org\/2000\/svg\"><path d=\"M272 96c26.51 0 48-21.49 48-48S298.51 0 272 0s-48 21.49-48 48 21.49 48 48 48zM113.69 317.47l-14.8 34.52H32c-17.67 0-32 14.33-32 32s14.33 32 32 32h77.45c19.25 0 36.58-11.44 44.11-29.09l8.79-20.52-10.67-6.3c-17.32-10.23-30.06-25.37-37.99-42.61zM384 223.99h-44.03l-26.06-53.25c-12.5-25.55-35.45-44.23-61.78-50.94l-71.08-21.14c-28.3-6.8-57.77-.55-80.84 17.14l-39.67 30.41c-14.03 10.75-16.69 30.83-5.92 44.86s30.84 16.66 44.86 5.92l39.69-30.41c7.67-5.89 17.44-8 25.27-6.14l14.7 4.37-37.46 87.39c-12.62 29.48-1.31 64.01 26.3 80.31l84.98 50.17-27.47 87.73c-5.28 16.86 4.11 34.81 20.97 40.09 3.19 1 6.41 1.48 9.58 1.48 13.61 0 26.23-8.77 30.52-22.45l31.64-101.06c5.91-20.77-2.89-43.08-21.64-54.39l-61.24-36.14 31.31-78.28 20.27 41.43c8 16.34 24.92 26.89 43.11 26.89H384c17.67 0 32-14.33 32-32s-14.33-31.99-32-31.99z\"><\/path><\/svg>\t\t\t\t<\/span>\n\t\t\t<\/div>\n\t\t\t\n\t\t\t\t\t\t<div class=\"elementor-icon-box-content\">\n\n\t\t\t\t\t\t\t\t\t<h3 class=\"elementor-icon-box-title\">\n\t\t\t\t\t\t<span  >\n\t\t\t\t\t\t\t40 KM \u2022 1100M D+\t\t\t\t\t\t<\/span>\n\t\t\t\t\t<\/h3>\n\t\t\t\t\n\t\t\t\t\n\t\t\t<\/div>\n\t\t\t\n\t\t<\/div>\n\t\t\t\t\t\t<\/div>\n\t\t\t\t<\/div>\n\t\t<div class=\"elementor-element elementor-element-2202a01 e-con-full e-flex e-con e-child\" data-id=\"2202a01\" data-element_type=\"container\" data-e-type=\"container\">\n\t\t\t\t<div class=\"elementor-element elementor-element-2a82ca1 elementor-view-stacked elementor-shape-circle elementor-position-block-start elementor-mobile-position-block-start elementor-widget elementor-widget-icon-box\" data-id=\"2a82ca1\" data-element_type=\"widget\" data-e-type=\"widget\" data-widget_type=\"icon-box.default\">\n\t\t\t\t\t\t\t<div class=\"elementor-icon-box-wrapper\">\n\n\t\t\t\t\t\t<div class=\"elementor-icon-box-icon\">\n\t\t\t\t<span  class=\"elementor-icon\">\n\t\t\t\t<svg aria-hidden=\"true\" class=\"e-font-icon-svg e-fas-mountain\" viewbox=\"0 0 640 512\" xmlns=\"http:\/\/www.w3.org\/2000\/svg\"><path d=\"M634.92 462.7l-288-448C341.03 5.54 330.89 0 320 0s-21.03 5.54-26.92 14.7l-288 448a32.001 32.001 0 0 0-1.17 32.64A32.004 32.004 0 0 0 32 512h576c11.71 0 22.48-6.39 28.09-16.67a31.983 31.983 0 0 0-1.17-32.63zM320 91.18L405.39 224H320l-64 64-38.06-38.06L320 91.18z\"><\/path><\/svg>\t\t\t\t<\/span>\n\t\t\t<\/div>\n\t\t\t\n\t\t\t\t\t\t<div class=\"elementor-icon-box-content\">\n\n\t\t\t\t\t\t\t\t\t<h3 class=\"elementor-icon-box-title\">\n\t\t\t\t\t\t<span  >\n\t\t\t\t\t\t\t4 RAVITAILLEMENTS\t\t\t\t\t\t<\/span>\n\t\t\t\t\t<\/h3>\n\t\t\t\t\n\t\t\t\t\n\t\t\t<\/div>\n\t\t\t\n\t\t<\/div>\n\t\t\t\t\t\t<\/div>\n\t\t\t\t<div class=\"elementor-element elementor-element-ac11f3d elementor-widget-tablet__width-inherit elementor-widget elementor-widget-image\" data-id=\"ac11f3d\" data-element_type=\"widget\" data-e-type=\"widget\" data-widget_type=\"image.default\">\n\t\t\t\t\t\t\t\t\t\t\t\t\t\t\t<img decoding=\"async\" width=\"2560\" height=\"1707\" src=\"https:\/\/ultra-trail-montagnes-jura.fr\/wp-content\/uploads\/2025\/12\/UTMJ_2025_GLOBALE_HD_LILIAN_MENETRIER167-scaled.jpg\" class=\"attachment-full size-full wp-image-1118\" alt=\"CMM paysage - Lilian Menetrier\" srcset=\"https:\/\/ultra-trail-montagnes-jura.fr\/wp-content\/uploads\/2025\/12\/UTMJ_2025_GLOBALE_HD_LILIAN_MENETRIER167-scaled.jpg 2560w, https:\/\/ultra-trail-montagnes-jura.fr\/wp-content\/uploads\/2025\/12\/UTMJ_2025_GLOBALE_HD_LILIAN_MENETRIER167-300x200.jpg 300w, https:\/\/ultra-trail-montagnes-jura.fr\/wp-content\/uploads\/2025\/12\/UTMJ_2025_GLOBALE_HD_LILIAN_MENETRIER167-1024x683.jpg 1024w, https:\/\/ultra-trail-montagnes-jura.fr\/wp-content\/uploads\/2025\/12\/UTMJ_2025_GLOBALE_HD_LILIAN_MENETRIER167-768x512.jpg 768w, https:\/\/ultra-trail-montagnes-jura.fr\/wp-content\/uploads\/2025\/12\/UTMJ_2025_GLOBALE_HD_LILIAN_MENETRIER167-1536x1024.jpg 1536w, https:\/\/ultra-trail-montagnes-jura.fr\/wp-content\/uploads\/2025\/12\/UTMJ_2025_GLOBALE_HD_LILIAN_MENETRIER167-2048x1365.jpg 2048w\" sizes=\"(max-width: 2560px) 100vw, 2560px\" \/>\t\t\t\t\t\t\t\t\t\t\t\t\t\t\t<\/div>\n\t\t\t\t<\/div>\n\t\t\t\t<\/div>\n\t\t\t\t\t<\/div>\n\t\t\t\t<\/div>\n\t\t<div class=\"elementor-element elementor-element-61c263e e-flex e-con-boxed e-con e-parent\" data-id=\"61c263e\" data-element_type=\"container\" data-e-type=\"container\">\n\t\t\t\t\t<div class=\"e-con-inner\">\n\t\t<div class=\"elementor-element elementor-element-7ce6d1f e-con-full e-flex e-con e-child\" data-id=\"7ce6d1f\" data-element_type=\"container\" data-e-type=\"container\">\n\t\t\t\t<div class=\"elementor-element elementor-element-950fa95 elementor-widget__width-initial elementor-widget-mobile__width-inherit elementor-widget elementor-widget-n-accordion\" data-id=\"950fa95\" data-element_type=\"widget\" data-e-type=\"widget\" data-settings=\"{&quot;n_accordion_animation_duration&quot;:{&quot;unit&quot;:&quot;ms&quot;,&quot;size&quot;:200,&quot;sizes&quot;:[]},&quot;default_state&quot;:&quot;all_collapsed&quot;,&quot;max_items_expended&quot;:&quot;one&quot;}\" data-widget_type=\"nested-accordion.default\">\n\t\t\t\t\t\t\t<div class=\"e-n-accordion\" aria-label=\"Accordion. Open links with Enter or Space, close with Escape, and navigate with Arrow Keys\">\n\t\t\t\t\t\t<details id=\"e-n-accordion-item-1560\" class=\"e-n-accordion-item\" >\n\t\t\t\t<summary class=\"e-n-accordion-item-title\" data-accordion-index=\"1\" tabindex=\"0\" aria-expanded=\"false\" aria-controls=\"e-n-accordion-item-1560\" >\n\t\t\t\t\t<span class='e-n-accordion-item-title-header'><div class=\"e-n-accordion-item-title-text\"> Race Information <\/div><\/span>\n\t\t\t\t\t\t\t<span class='e-n-accordion-item-title-icon'>\n\t\t\t<span class='e-opened' ><svg aria-hidden=\"true\" class=\"e-font-icon-svg e-fas-minus\" viewbox=\"0 0 448 512\" xmlns=\"http:\/\/www.w3.org\/2000\/svg\"><path d=\"M416 208H32c-17.67 0-32 14.33-32 32v32c0 17.67 14.33 32 32 32h384c17.67 0 32-14.33 32-32v-32c0-17.67-14.33-32-32-32z\"><\/path><\/svg><\/span>\n\t\t\t<span class='e-closed'><svg aria-hidden=\"true\" class=\"e-font-icon-svg e-fas-plus\" viewbox=\"0 0 448 512\" xmlns=\"http:\/\/www.w3.org\/2000\/svg\"><path d=\"M416 208H272V64c0-17.67-14.33-32-32-32h-32c-17.67 0-32 14.33-32 32v144H32c-17.67 0-32 14.33-32 32v32c0 17.67 14.33 32 32 32h144v144c0 17.67 14.33 32 32 32h32c17.67 0 32-14.33 32-32V304h144c17.67 0 32-14.33 32-32v-32c0-17.67-14.33-32-32-32z\"><\/path><\/svg><\/span>\n\t\t<\/span>\n\n\t\t\t\t\t\t<\/summary>\n\t\t\t\t<div role=\"region\" aria-labelledby=\"e-n-accordion-item-1560\" class=\"elementor-element elementor-element-d6f8584 e-con-full e-flex e-con e-child\" data-id=\"d6f8584\" data-element_type=\"container\" data-e-type=\"container\">\n\t\t\t\t<div class=\"elementor-element elementor-element-210306a elementor-widget elementor-widget-text-editor\" data-id=\"210306a\" data-element_type=\"widget\" data-e-type=\"widget\" data-widget_type=\"text-editor.default\">\n\t\t\t\t\t\t\t\t\t<p><strong>Start time:<\/strong> \u00e0 08h00 le 04\/10\/2026 \u00e0 Chapelle des Bois (25)<br \/><strong>Field size:<\/strong> : 2000 coureurs<br \/><strong>Cut-off time<\/strong> : 8h de course \u00e0 M\u00e9tabief (arriv\u00e9e)\u00a0<br \/><strong>Required year of birth<\/strong> 2007 or earlier (FFA Under-20 category)<\/p>\t\t\t\t\t\t\t\t<\/div>\n\t\t\t\t<\/div>\n\t\t\t\t\t<\/details>\n\t\t\t\t\t\t<details id=\"e-n-accordion-item-1561\" class=\"e-n-accordion-item\" >\n\t\t\t\t<summary class=\"e-n-accordion-item-title\" data-accordion-index=\"2\" tabindex=\"-1\" aria-expanded=\"false\" aria-controls=\"e-n-accordion-item-1561\" >\n\t\t\t\t\t<span class='e-n-accordion-item-title-header'><div class=\"e-n-accordion-item-title-text\"> Route &amp; Profile <\/div><\/span>\n\t\t\t\t\t\t\t<span class='e-n-accordion-item-title-icon'>\n\t\t\t<span class='e-opened' ><svg aria-hidden=\"true\" class=\"e-font-icon-svg e-fas-minus\" viewbox=\"0 0 448 512\" xmlns=\"http:\/\/www.w3.org\/2000\/svg\"><path d=\"M416 208H32c-17.67 0-32 14.33-32 32v32c0 17.67 14.33 32 32 32h384c17.67 0 32-14.33 32-32v-32c0-17.67-14.33-32-32-32z\"><\/path><\/svg><\/span>\n\t\t\t<span class='e-closed'><svg aria-hidden=\"true\" class=\"e-font-icon-svg e-fas-plus\" viewbox=\"0 0 448 512\" xmlns=\"http:\/\/www.w3.org\/2000\/svg\"><path d=\"M416 208H272V64c0-17.67-14.33-32-32-32h-32c-17.67 0-32 14.33-32 32v144H32c-17.67 0-32 14.33-32 32v32c0 17.67 14.33 32 32 32h144v144c0 17.67 14.33 32 32 32h32c17.67 0 32-14.33 32-32V304h144c17.67 0 32-14.33 32-32v-32c0-17.67-14.33-32-32-32z\"><\/path><\/svg><\/span>\n\t\t<\/span>\n\n\t\t\t\t\t\t<\/summary>\n\t\t\t\t<div role=\"region\" aria-labelledby=\"e-n-accordion-item-1561\" class=\"elementor-element elementor-element-55d7cdd e-con-full e-flex e-con e-child\" data-id=\"55d7cdd\" data-element_type=\"container\" data-e-type=\"container\">\n\t\t\t\t<div class=\"elementor-element elementor-element-a7429ec elementor-widget elementor-widget-text-editor\" data-id=\"a7429ec\" data-element_type=\"widget\" data-e-type=\"widget\" data-widget_type=\"text-editor.default\">\n\t\t\t\t\t\t\t\t\t<p><img loading=\"lazy\" decoding=\"async\" class=\"aligncenter wp-image-1122 size-large\" src=\"https:\/\/ultra-trail-montagnes-jura.fr\/wp-content\/uploads\/2025\/12\/CourbeCMM-e1765703217954-1024x222.png\" alt=\"Profil CMM\" width=\"800\" height=\"173\" srcset=\"https:\/\/ultra-trail-montagnes-jura.fr\/wp-content\/uploads\/2025\/12\/CourbeCMM-e1765703217954-1024x222.png 1024w, https:\/\/ultra-trail-montagnes-jura.fr\/wp-content\/uploads\/2025\/12\/CourbeCMM-e1765703217954-300x65.png 300w, https:\/\/ultra-trail-montagnes-jura.fr\/wp-content\/uploads\/2025\/12\/CourbeCMM-e1765703217954-768x166.png 768w, https:\/\/ultra-trail-montagnes-jura.fr\/wp-content\/uploads\/2025\/12\/CourbeCMM-e1765703217954.png 1310w\" sizes=\"(max-width: 800px) 100vw, 800px\" \/><\/p><p>The GPX track will be released shortly before the race, in order to respect private landowners' properties and ensure their peace and quiet.<\/p><p>We kindly ask you not to venture onto these private sections, so that we can preserve our routes and agreements.<\/p>\t\t\t\t\t\t\t\t<\/div>\n\t\t\t\t<\/div>\n\t\t\t\t\t<\/details>\n\t\t\t\t\t\t<details id=\"e-n-accordion-item-1562\" class=\"e-n-accordion-item\" >\n\t\t\t\t<summary class=\"e-n-accordion-item-title\" data-accordion-index=\"3\" tabindex=\"-1\" aria-expanded=\"false\" aria-controls=\"e-n-accordion-item-1562\" >\n\t\t\t\t\t<span class='e-n-accordion-item-title-header'><div class=\"e-n-accordion-item-title-text\"> Shuttle Bus <\/div><\/span>\n\t\t\t\t\t\t\t<span class='e-n-accordion-item-title-icon'>\n\t\t\t<span class='e-opened' ><svg aria-hidden=\"true\" class=\"e-font-icon-svg e-fas-minus\" viewbox=\"0 0 448 512\" xmlns=\"http:\/\/www.w3.org\/2000\/svg\"><path d=\"M416 208H32c-17.67 0-32 14.33-32 32v32c0 17.67 14.33 32 32 32h384c17.67 0 32-14.33 32-32v-32c0-17.67-14.33-32-32-32z\"><\/path><\/svg><\/span>\n\t\t\t<span class='e-closed'><svg aria-hidden=\"true\" class=\"e-font-icon-svg e-fas-plus\" viewbox=\"0 0 448 512\" xmlns=\"http:\/\/www.w3.org\/2000\/svg\"><path d=\"M416 208H272V64c0-17.67-14.33-32-32-32h-32c-17.67 0-32 14.33-32 32v144H32c-17.67 0-32 14.33-32 32v32c0 17.67 14.33 32 32 32h144v144c0 17.67 14.33 32 32 32h32c17.67 0 32-14.33 32-32V304h144c17.67 0 32-14.33 32-32v-32c0-17.67-14.33-32-32-32z\"><\/path><\/svg><\/span>\n\t\t<\/span>\n\n\t\t\t\t\t\t<\/summary>\n\t\t\t\t<div role=\"region\" aria-labelledby=\"e-n-accordion-item-1562\" class=\"elementor-element elementor-element-e3e1082 e-con-full e-flex e-con e-child\" data-id=\"e3e1082\" data-element_type=\"container\" data-e-type=\"container\">\n\t\t\t\t<div class=\"elementor-element elementor-element-4c2d2b1 elementor-widget elementor-widget-text-editor\" data-id=\"4c2d2b1\" data-element_type=\"widget\" data-e-type=\"widget\" data-widget_type=\"text-editor.default\">\n\t\t\t\t\t\t\t\t\t<p data-start=\"62\" data-end=\"326\">Une navette est mise \u00e0 disposition des coureurs afin de les conduire jusqu&rsquo;au lieu de d\u00e9part de la course (Chapelle des Bois).<\/p><p><strong>Departure <\/strong>: Les H\u00f4pitaux Vieux (Parking de la Seigne), le dimanche 4 octobre 2026 \u00e0 06h00.<\/p><p><strong>H\u00f4pitaux Vieux (25) \u2192 Chapelle des Bois (25)<\/strong><br \/><br data-start=\"214\" data-end=\"217\" \/>This service is<strong> optional <\/strong>et se r\u00e9serve en ligne pour 10\u20ac (sous r\u00e9serve de place disponible).\u00a0<\/p><p data-start=\"328\" data-end=\"424\">No shuttle is provided for supporters along the course.<\/p><p data-start=\"547\" data-end=\"622\"><strong>IMPORTANT <\/strong>Aucune navette apr\u00e8s course ne reliera M\u00e9tabief au point de d\u00e9part (Chapelle des Bois).<\/p><p data-start=\"624\" data-end=\"852\">\u00c0 l\u2019arriv\u00e9e de la course, des retours parkings gratuits seront propos\u00e9s depuis M\u00e9tabief pour vous ramener aux parkings de d\u00e9part des navettes (aux H\u00f4pitaux Vieux), avec des rotations r\u00e9guli\u00e8res.<\/p><p>Booked shuttle tickets are non-refundable if you change your mind.<\/p>\t\t\t\t\t\t\t\t<\/div>\n\t\t\t\t<\/div>\n\t\t\t\t\t<\/details>\n\t\t\t\t\t\t<details id=\"e-n-accordion-item-1563\" class=\"e-n-accordion-item\" >\n\t\t\t\t<summary class=\"e-n-accordion-item-title\" data-accordion-index=\"4\" tabindex=\"-1\" aria-expanded=\"false\" aria-controls=\"e-n-accordion-item-1563\" >\n\t\t\t\t\t<span class='e-n-accordion-item-title-header'><div class=\"e-n-accordion-item-title-text\"> Race Bib Collection <\/div><\/span>\n\t\t\t\t\t\t\t<span class='e-n-accordion-item-title-icon'>\n\t\t\t<span class='e-opened' ><svg aria-hidden=\"true\" class=\"e-font-icon-svg e-fas-minus\" viewbox=\"0 0 448 512\" xmlns=\"http:\/\/www.w3.org\/2000\/svg\"><path d=\"M416 208H32c-17.67 0-32 14.33-32 32v32c0 17.67 14.33 32 32 32h384c17.67 0 32-14.33 32-32v-32c0-17.67-14.33-32-32-32z\"><\/path><\/svg><\/span>\n\t\t\t<span class='e-closed'><svg aria-hidden=\"true\" class=\"e-font-icon-svg e-fas-plus\" viewbox=\"0 0 448 512\" xmlns=\"http:\/\/www.w3.org\/2000\/svg\"><path d=\"M416 208H272V64c0-17.67-14.33-32-32-32h-32c-17.67 0-32 14.33-32 32v144H32c-17.67 0-32 14.33-32 32v32c0 17.67 14.33 32 32 32h144v144c0 17.67 14.33 32 32 32h32c17.67 0 32-14.33 32-32V304h144c17.67 0 32-14.33 32-32v-32c0-17.67-14.33-32-32-32z\"><\/path><\/svg><\/span>\n\t\t<\/span>\n\n\t\t\t\t\t\t<\/summary>\n\t\t\t\t<div role=\"region\" aria-labelledby=\"e-n-accordion-item-1563\" class=\"elementor-element elementor-element-998b886 e-con-full e-flex e-con e-child\" data-id=\"998b886\" data-element_type=\"container\" data-e-type=\"container\">\n\t\t\t\t<div class=\"elementor-element elementor-element-2b0ee1f elementor-widget elementor-widget-text-editor\" data-id=\"2b0ee1f\" data-element_type=\"widget\" data-e-type=\"widget\" data-widget_type=\"text-editor.default\">\n\t\t\t\t\t\t\t\t\t<p>Vous pouvez retirer votre dossard sur le site d&rsquo;arriv\u00e9e (\u00e0 M\u00e9tabief) ou le jour de la course sur le site du d\u00e9part (\u00e0 Chapelle des Bois).<\/p><ul><li>Thursday from 2:00 PM to 7:00 PM at M\u00e9tabief, Place Xavier Authier<\/li><li>Vendredi de 09h \u00e0 19h \u00e0 M\u00e9tabief place Xavier Authier<\/li><li>Samedi de 10h \u00e0 19h M\u00e9tabief place Xavier Authier<\/li><li>Dimanche de 06h \u00e0 08h \u00e0 Chapelle des Bois (d\u00e9part de la course)<\/li><\/ul><p>ID is mandatory. Copies will not be accepted. A third party may collect your pack on your behalf only with your original ID.<\/p>\t\t\t\t\t\t\t\t<\/div>\n\t\t\t\t<\/div>\n\t\t\t\t\t<\/details>\n\t\t\t\t\t\t<details id=\"e-n-accordion-item-1564\" class=\"e-n-accordion-item\" >\n\t\t\t\t<summary class=\"e-n-accordion-item-title\" data-accordion-index=\"5\" tabindex=\"-1\" aria-expanded=\"false\" aria-controls=\"e-n-accordion-item-1564\" >\n\t\t\t\t\t<span class='e-n-accordion-item-title-header'><div class=\"e-n-accordion-item-title-text\"> Start Wave <\/div><\/span>\n\t\t\t\t\t\t\t<span class='e-n-accordion-item-title-icon'>\n\t\t\t<span class='e-opened' ><svg aria-hidden=\"true\" class=\"e-font-icon-svg e-fas-minus\" viewbox=\"0 0 448 512\" xmlns=\"http:\/\/www.w3.org\/2000\/svg\"><path d=\"M416 208H32c-17.67 0-32 14.33-32 32v32c0 17.67 14.33 32 32 32h384c17.67 0 32-14.33 32-32v-32c0-17.67-14.33-32-32-32z\"><\/path><\/svg><\/span>\n\t\t\t<span class='e-closed'><svg aria-hidden=\"true\" class=\"e-font-icon-svg e-fas-plus\" viewbox=\"0 0 448 512\" xmlns=\"http:\/\/www.w3.org\/2000\/svg\"><path d=\"M416 208H272V64c0-17.67-14.33-32-32-32h-32c-17.67 0-32 14.33-32 32v144H32c-17.67 0-32 14.33-32 32v32c0 17.67 14.33 32 32 32h144v144c0 17.67 14.33 32 32 32h32c17.67 0 32-14.33 32-32V304h144c17.67 0 32-14.33 32-32v-32c0-17.67-14.33-32-32-32z\"><\/path><\/svg><\/span>\n\t\t<\/span>\n\n\t\t\t\t\t\t<\/summary>\n\t\t\t\t<div role=\"region\" aria-labelledby=\"e-n-accordion-item-1564\" class=\"elementor-element elementor-element-9bb40e5 e-con-full e-flex e-con e-child\" data-id=\"9bb40e5\" data-element_type=\"container\" data-e-type=\"container\">\n\t\t\t\t<div class=\"elementor-element elementor-element-5616d5c elementor-widget elementor-widget-text-editor\" data-id=\"5616d5c\" data-element_type=\"widget\" data-e-type=\"widget\" data-widget_type=\"text-editor.default\">\n\t\t\t\t\t\t\t\t\t<div class=\"last-paragraph-no-margin\"><ul><li>1 SAS \u00c9lite et 4 vagues de d\u00e9parts<br \/><br \/><\/li><\/ul><p><span style=\"font-weight: 400;\">Les vagues sont attribu\u00e9es en fonction de la c\u00f4te ITRA des coureurs au moment de leur inscription. <\/span><span style=\"font-weight: 400;\">Les coureurs s\u2019inscrivant tardivement seront automatiquement plac\u00e9s en derni\u00e8re vague.<\/span><\/p><\/div><p>Si vous \u00eates \u00c9lite et souhaitez partir dans le SAS \u00c9lite, merci de nous adresser votre demande par mail \u00e0\u00a0<strong>contact@utmj.fr<\/strong><\/p>\t\t\t\t\t\t\t\t<\/div>\n\t\t\t\t<\/div>\n\t\t\t\t\t<\/details>\n\t\t\t\t\t<\/div>\n\t\t\t\t\t\t<\/div>\n\t\t\t\t<div class=\"elementor-element elementor-element-09aeed8 elementor-widget__width-initial elementor-widget-mobile__width-inherit elementor-widget elementor-widget-n-accordion\" data-id=\"09aeed8\" data-element_type=\"widget\" data-e-type=\"widget\" data-settings=\"{&quot;default_state&quot;:&quot;all_collapsed&quot;,&quot;n_accordion_animation_duration&quot;:{&quot;unit&quot;:&quot;ms&quot;,&quot;size&quot;:200,&quot;sizes&quot;:[]},&quot;max_items_expended&quot;:&quot;one&quot;}\" data-widget_type=\"nested-accordion.default\">\n\t\t\t\t\t\t\t<div class=\"e-n-accordion\" aria-label=\"Accordion. Open links with Enter or Space, close with Escape, and navigate with Arrow Keys\">\n\t\t\t\t\t\t<details id=\"e-n-accordion-item-1010\" class=\"e-n-accordion-item\" >\n\t\t\t\t<summary class=\"e-n-accordion-item-title\" data-accordion-index=\"1\" tabindex=\"0\" aria-expanded=\"false\" aria-controls=\"e-n-accordion-item-1010\" >\n\t\t\t\t\t<span class='e-n-accordion-item-title-header'><div class=\"e-n-accordion-item-title-text\"> Race Regulation <\/div><\/span>\n\t\t\t\t\t\t\t<span class='e-n-accordion-item-title-icon'>\n\t\t\t<span class='e-opened' ><svg aria-hidden=\"true\" class=\"e-font-icon-svg e-fas-minus\" viewbox=\"0 0 448 512\" xmlns=\"http:\/\/www.w3.org\/2000\/svg\"><path d=\"M416 208H32c-17.67 0-32 14.33-32 32v32c0 17.67 14.33 32 32 32h384c17.67 0 32-14.33 32-32v-32c0-17.67-14.33-32-32-32z\"><\/path><\/svg><\/span>\n\t\t\t<span class='e-closed'><svg aria-hidden=\"true\" class=\"e-font-icon-svg e-fas-plus\" viewbox=\"0 0 448 512\" xmlns=\"http:\/\/www.w3.org\/2000\/svg\"><path d=\"M416 208H272V64c0-17.67-14.33-32-32-32h-32c-17.67 0-32 14.33-32 32v144H32c-17.67 0-32 14.33-32 32v32c0 17.67 14.33 32 32 32h144v144c0 17.67 14.33 32 32 32h32c17.67 0 32-14.33 32-32V304h144c17.67 0 32-14.33 32-32v-32c0-17.67-14.33-32-32-32z\"><\/path><\/svg><\/span>\n\t\t<\/span>\n\n\t\t\t\t\t\t<\/summary>\n\t\t\t\t<div role=\"region\" aria-labelledby=\"e-n-accordion-item-1010\" class=\"elementor-element elementor-element-ed17c6a e-con-full e-flex e-con e-child\" data-id=\"ed17c6a\" data-element_type=\"container\" data-e-type=\"container\">\n\t\t\t\t<div class=\"elementor-element elementor-element-4f0ac7b elementor-widget elementor-widget-text-editor\" data-id=\"4f0ac7b\" data-element_type=\"widget\" data-e-type=\"widget\" data-widget_type=\"text-editor.default\">\n\t\t\t\t\t\t\t\t\t<p>The race regulation is available <a href=\"https:\/\/ultra-trail-montagnes-jura.fr\/en\/reglement\/\" target=\"_blank\" rel=\"noopener\"><strong>here<\/strong><\/a><\/p>\t\t\t\t\t\t\t\t<\/div>\n\t\t\t\t<\/div>\n\t\t\t\t\t<\/details>\n\t\t\t\t\t\t<details id=\"e-n-accordion-item-1011\" class=\"e-n-accordion-item\" >\n\t\t\t\t<summary class=\"e-n-accordion-item-title\" data-accordion-index=\"2\" tabindex=\"-1\" aria-expanded=\"false\" aria-controls=\"e-n-accordion-item-1011\" >\n\t\t\t\t\t<span class='e-n-accordion-item-title-header'><div class=\"e-n-accordion-item-title-text\"> Mandatory &amp; Recommended Kit <\/div><\/span>\n\t\t\t\t\t\t\t<span class='e-n-accordion-item-title-icon'>\n\t\t\t<span class='e-opened' ><svg aria-hidden=\"true\" class=\"e-font-icon-svg e-fas-minus\" viewbox=\"0 0 448 512\" xmlns=\"http:\/\/www.w3.org\/2000\/svg\"><path d=\"M416 208H32c-17.67 0-32 14.33-32 32v32c0 17.67 14.33 32 32 32h384c17.67 0 32-14.33 32-32v-32c0-17.67-14.33-32-32-32z\"><\/path><\/svg><\/span>\n\t\t\t<span class='e-closed'><svg aria-hidden=\"true\" class=\"e-font-icon-svg e-fas-plus\" viewbox=\"0 0 448 512\" xmlns=\"http:\/\/www.w3.org\/2000\/svg\"><path d=\"M416 208H272V64c0-17.67-14.33-32-32-32h-32c-17.67 0-32 14.33-32 32v144H32c-17.67 0-32 14.33-32 32v32c0 17.67 14.33 32 32 32h144v144c0 17.67 14.33 32 32 32h32c17.67 0 32-14.33 32-32V304h144c17.67 0 32-14.33 32-32v-32c0-17.67-14.33-32-32-32z\"><\/path><\/svg><\/span>\n\t\t<\/span>\n\n\t\t\t\t\t\t<\/summary>\n\t\t\t\t<div role=\"region\" aria-labelledby=\"e-n-accordion-item-1011\" class=\"elementor-element elementor-element-4bb95e2 e-con-full e-flex e-con e-child\" data-id=\"4bb95e2\" data-element_type=\"container\" data-e-type=\"container\">\n\t\t\t\t<div class=\"elementor-element elementor-element-6bc3ce5 elementor-widget elementor-widget-text-editor\" data-id=\"6bc3ce5\" data-element_type=\"widget\" data-e-type=\"widget\" data-widget_type=\"text-editor.default\">\n\t\t\t\t\t\t\t\t\t<p><strong>Mandatory kit:<\/strong>\u00a0:<\/p><ul><li>R\u00e9serve d\u2019eau 500mL<\/li><li>Brand-new emergency survival blanket<\/li><li>Fully charged and switched-on mobile phone<\/li><li>Individual reusable cup<br \/><br \/><\/li><\/ul><p><strong>Recommended\/Permitted kit:<\/strong>\u00a0:<\/p><ul><li aria-level=\"1\">Whistle<\/li><li aria-level=\"1\">Thermal base layer (top and bottom)<\/li><li aria-level=\"1\">Neck gaiter<\/li><li aria-level=\"1\">Gloves<\/li><li aria-level=\"1\">Spare clothes<\/li><li aria-level=\"1\">Personal food supplies<\/li><li aria-level=\"1\">First aid kit<\/li><\/ul><p>Poles are permitted on all races (not recommended for the 40 km, 20 km and 10 km).<\/p><p><strong>Cold Weather Kit \/ Warm Weather Kit:<\/strong><\/p><p><span style=\"font-weight: 400;\">Depending on forecast weather conditions, the organisation may require participants to carry additional defined kit items, on top of the mandatory gear (see race regulation). Runners will be informed of any such requirement in the days leading up to their race.\u00a0<\/span><\/p>\t\t\t\t\t\t\t\t<\/div>\n\t\t\t\t<\/div>\n\t\t\t\t\t<\/details>\n\t\t\t\t\t\t<details id=\"e-n-accordion-item-1012\" class=\"e-n-accordion-item\" >\n\t\t\t\t<summary class=\"e-n-accordion-item-title\" data-accordion-index=\"3\" tabindex=\"-1\" aria-expanded=\"false\" aria-controls=\"e-n-accordion-item-1012\" >\n\t\t\t\t\t<span class='e-n-accordion-item-title-header'><div class=\"e-n-accordion-item-title-text\"> Aid Stations <\/div><\/span>\n\t\t\t\t\t\t\t<span class='e-n-accordion-item-title-icon'>\n\t\t\t<span class='e-opened' ><svg aria-hidden=\"true\" class=\"e-font-icon-svg e-fas-minus\" viewbox=\"0 0 448 512\" xmlns=\"http:\/\/www.w3.org\/2000\/svg\"><path d=\"M416 208H32c-17.67 0-32 14.33-32 32v32c0 17.67 14.33 32 32 32h384c17.67 0 32-14.33 32-32v-32c0-17.67-14.33-32-32-32z\"><\/path><\/svg><\/span>\n\t\t\t<span class='e-closed'><svg aria-hidden=\"true\" class=\"e-font-icon-svg e-fas-plus\" viewbox=\"0 0 448 512\" xmlns=\"http:\/\/www.w3.org\/2000\/svg\"><path d=\"M416 208H272V64c0-17.67-14.33-32-32-32h-32c-17.67 0-32 14.33-32 32v144H32c-17.67 0-32 14.33-32 32v32c0 17.67 14.33 32 32 32h144v144c0 17.67 14.33 32 32 32h32c17.67 0 32-14.33 32-32V304h144c17.67 0 32-14.33 32-32v-32c0-17.67-14.33-32-32-32z\"><\/path><\/svg><\/span>\n\t\t<\/span>\n\n\t\t\t\t\t\t<\/summary>\n\t\t\t\t<div role=\"region\" aria-labelledby=\"e-n-accordion-item-1012\" class=\"elementor-element elementor-element-c4c83bc e-con-full e-flex e-con e-child\" data-id=\"c4c83bc\" data-element_type=\"container\" data-e-type=\"container\">\n\t\t\t\t<div class=\"elementor-element elementor-element-7ea549a elementor-widget elementor-widget-text-editor\" data-id=\"7ea549a\" data-element_type=\"widget\" data-e-type=\"widget\" data-widget_type=\"text-editor.default\">\n\t\t\t\t\t\t\t\t\t<p><strong>4 ravitaillements\u00a0<br \/><\/strong><\/p><p>Chaux Neuve \/ Mouthe \/ Les Granges Raguin \/ M\u00e9tabief (Arriv\u00e9e)<\/p><p><strong>At aid stations:<\/strong> Coffee, Tea \/ St-Yorre, Cristaline \/ Jura Cola \/ Broth \/ Oranges, Bananas \/ Dried raisins, Dried apricots \/ Peanuts \/ Cereal bars \/ Chocolate \/ Sugar \/ Bread \/ Gingerbread \/ Crackers \/ Dry sausage \/ Comt\u00e9, Morbier cheese<\/p>\t\t\t\t\t\t\t\t<\/div>\n\t\t\t\t<\/div>\n\t\t\t\t\t<\/details>\n\t\t\t\t\t\t<details id=\"e-n-accordion-item-1013\" class=\"e-n-accordion-item\" >\n\t\t\t\t<summary class=\"e-n-accordion-item-title\" data-accordion-index=\"4\" tabindex=\"-1\" aria-expanded=\"false\" aria-controls=\"e-n-accordion-item-1013\" >\n\t\t\t\t\t<span class='e-n-accordion-item-title-header'><div class=\"e-n-accordion-item-title-text\"> ITRA \/UTMB Points <\/div><\/span>\n\t\t\t\t\t\t\t<span class='e-n-accordion-item-title-icon'>\n\t\t\t<span class='e-opened' ><svg aria-hidden=\"true\" class=\"e-font-icon-svg e-fas-minus\" viewbox=\"0 0 448 512\" xmlns=\"http:\/\/www.w3.org\/2000\/svg\"><path d=\"M416 208H32c-17.67 0-32 14.33-32 32v32c0 17.67 14.33 32 32 32h384c17.67 0 32-14.33 32-32v-32c0-17.67-14.33-32-32-32z\"><\/path><\/svg><\/span>\n\t\t\t<span class='e-closed'><svg aria-hidden=\"true\" class=\"e-font-icon-svg e-fas-plus\" viewbox=\"0 0 448 512\" xmlns=\"http:\/\/www.w3.org\/2000\/svg\"><path d=\"M416 208H272V64c0-17.67-14.33-32-32-32h-32c-17.67 0-32 14.33-32 32v144H32c-17.67 0-32 14.33-32 32v32c0 17.67 14.33 32 32 32h144v144c0 17.67 14.33 32 32 32h32c17.67 0 32-14.33 32-32V304h144c17.67 0 32-14.33 32-32v-32c0-17.67-14.33-32-32-32z\"><\/path><\/svg><\/span>\n\t\t<\/span>\n\n\t\t\t\t\t\t<\/summary>\n\t\t\t\t<div role=\"region\" aria-labelledby=\"e-n-accordion-item-1013\" class=\"elementor-element elementor-element-dc97e2f e-con-full e-flex e-con e-child\" data-id=\"dc97e2f\" data-element_type=\"container\" data-e-type=\"container\">\n\t\t\t\t<div class=\"elementor-element elementor-element-8ced0c3 elementor-widget elementor-widget-text-editor\" data-id=\"8ced0c3\" data-element_type=\"widget\" data-e-type=\"widget\" data-widget_type=\"text-editor.default\">\n\t\t\t\t\t\t\t\t\t<p><img loading=\"lazy\" decoding=\"async\" class=\"alignnone size-medium wp-image-1448\" src=\"https:\/\/ultra-trail-montagnes-jura.fr\/wp-content\/uploads\/2025\/12\/itra-2-300x129.png\" alt=\"CMM - ITRA 2 \" width=\"300\" height=\"129\" srcset=\"https:\/\/ultra-trail-montagnes-jura.fr\/wp-content\/uploads\/2025\/12\/itra-2-300x129.png 300w, https:\/\/ultra-trail-montagnes-jura.fr\/wp-content\/uploads\/2025\/12\/itra-2.png 351w\" sizes=\"(max-width: 300px) 100vw, 300px\" \/><br \/><img loading=\"lazy\" decoding=\"async\" class=\"alignnone size-full wp-image-1155\" src=\"https:\/\/ultra-trail-montagnes-jura.fr\/wp-content\/uploads\/2025\/12\/UTMB50K.png\" alt=\"CMM - UTMB 50K\" width=\"283\" height=\"123\" \/><\/p>\t\t\t\t\t\t\t\t<\/div>\n\t\t\t\t<\/div>\n\t\t\t\t\t<\/details>\n\t\t\t\t\t\t<details id=\"e-n-accordion-item-1014\" class=\"e-n-accordion-item\" >\n\t\t\t\t<summary class=\"e-n-accordion-item-title\" data-accordion-index=\"5\" tabindex=\"-1\" aria-expanded=\"false\" aria-controls=\"e-n-accordion-item-1014\" >\n\t\t\t\t\t<span class='e-n-accordion-item-title-header'><div class=\"e-n-accordion-item-title-text\"> Elite Race Bib <\/div><\/span>\n\t\t\t\t\t\t\t<span class='e-n-accordion-item-title-icon'>\n\t\t\t<span class='e-opened' ><svg aria-hidden=\"true\" class=\"e-font-icon-svg e-fas-minus\" viewbox=\"0 0 448 512\" xmlns=\"http:\/\/www.w3.org\/2000\/svg\"><path d=\"M416 208H32c-17.67 0-32 14.33-32 32v32c0 17.67 14.33 32 32 32h384c17.67 0 32-14.33 32-32v-32c0-17.67-14.33-32-32-32z\"><\/path><\/svg><\/span>\n\t\t\t<span class='e-closed'><svg aria-hidden=\"true\" class=\"e-font-icon-svg e-fas-plus\" viewbox=\"0 0 448 512\" xmlns=\"http:\/\/www.w3.org\/2000\/svg\"><path d=\"M416 208H272V64c0-17.67-14.33-32-32-32h-32c-17.67 0-32 14.33-32 32v144H32c-17.67 0-32 14.33-32 32v32c0 17.67 14.33 32 32 32h144v144c0 17.67 14.33 32 32 32h32c17.67 0 32-14.33 32-32V304h144c17.67 0 32-14.33 32-32v-32c0-17.67-14.33-32-32-32z\"><\/path><\/svg><\/span>\n\t\t<\/span>\n\n\t\t\t\t\t\t<\/summary>\n\t\t\t\t<div role=\"region\" aria-labelledby=\"e-n-accordion-item-1014\" class=\"elementor-element elementor-element-7285024 e-con-full e-flex e-con e-child\" data-id=\"7285024\" data-element_type=\"container\" data-e-type=\"container\">\n\t\t\t\t<div class=\"elementor-element elementor-element-0e82e1e elementor-widget elementor-widget-text-editor\" data-id=\"0e82e1e\" data-element_type=\"widget\" data-e-type=\"widget\" data-widget_type=\"text-editor.default\">\n\t\t\t\t\t\t\t\t\t<p>If you have 650 ITRA points (women) or 800 ITRA points (men), please email <strong>contact@utmj.fr<\/strong> to receive a complimentary elite bib.\u00a0<br \/><br \/>The request must be made before 1 September 2026.\u00a0<\/p><p>Les b\u00e9n\u00e9ficiaires d\u2019un dossard \u00e9lite s\u2019engagent \u00e0 \u00eatre pr\u00e9sents \u00e0 la remise des prix s\u2019ils figurent au classement r\u00e9compens\u00e9.<\/p>\t\t\t\t\t\t\t\t<\/div>\n\t\t\t\t<\/div>\n\t\t\t\t\t<\/details>\n\t\t\t\t\t<\/div>\n\t\t\t\t\t\t<\/div>\n\t\t\t\t<\/div>\n\t\t\t\t\t<\/div>\n\t\t\t\t<\/div>\n\t\t\t\t<\/div>","protected":false},"excerpt":{"rendered":"<p>CMM &#8211; 40 KM JE M&rsquo;INSCRIS Go\u00fbtez au plaisir d\u2019un maratrail exigeant et panoramique au c\u0153ur du Haut-Doubs ! La CMM 40 km offre un concentr\u00e9 de l\u2019exp\u00e9rience UTMJ, avec un trac\u00e9 vari\u00e9 et accessible qui vous m\u00e8nera jusqu\u2019au sommet mythique du Mont d\u2019Or. Une occasion id\u00e9ale de d\u00e9couvrir le massif sous un nouveau jour, [&hellip;]<\/p>\n","protected":false},"author":1,"featured_media":0,"parent":0,"menu_order":0,"comment_status":"closed","ping_status":"closed","template":"","meta":{"_eb_attr":"","footnotes":""},"class_list":["post-802","page","type-page","status-publish","hentry"],"yoast_head":"<!-- This site is optimized with the Yoast SEO plugin v26.9 - https:\/\/yoast.com\/product\/yoast-seo-wordpress\/ -->\n<title>CMM - 40KM - Ultra Trail des Montagnes du Jura<\/title>\n<meta name=\"robots\" content=\"index, follow, max-snippet:-1, max-image-preview:large, max-video-preview:-1\" \/>\n<link rel=\"canonical\" href=\"https:\/\/ultra-trail-montagnes-jura.fr\/en\/cmm\/\" \/>\n<meta property=\"og:locale\" content=\"en_GB\" \/>\n<meta property=\"og:type\" content=\"article\" \/>\n<meta property=\"og:title\" content=\"CMM - 40KM - Ultra Trail des Montagnes du Jura\" \/>\n<meta property=\"og:description\" content=\"CMM &#8211; 40 KM JE M&rsquo;INSCRIS Go\u00fbtez au plaisir d\u2019un maratrail exigeant et panoramique au c\u0153ur du Haut-Doubs ! La CMM 40 km offre un concentr\u00e9 de l\u2019exp\u00e9rience UTMJ, avec un trac\u00e9 vari\u00e9 et accessible qui vous m\u00e8nera jusqu\u2019au sommet mythique du Mont d\u2019Or. Une occasion id\u00e9ale de d\u00e9couvrir le massif sous un nouveau jour, [&hellip;]\" \/>\n<meta property=\"og:url\" content=\"https:\/\/ultra-trail-montagnes-jura.fr\/en\/cmm\/\" \/>\n<meta property=\"og:site_name\" content=\"Ultra Trail des Montagnes du Jura\" \/>\n<meta property=\"article:modified_time\" content=\"2026-04-13T09:14:42+00:00\" \/>\n<meta property=\"og:image\" content=\"https:\/\/ultra-trail-montagnes-jura.fr\/wp-content\/uploads\/2025\/12\/UTMJ_2025_GLOBALE_HD_LILIAN_MENETRIER73-scaled.jpg\" \/>\n<meta name=\"twitter:card\" content=\"summary_large_image\" \/>\n<meta name=\"twitter:label1\" content=\"Estimated reading time\" \/>\n\t<meta name=\"twitter:data1\" content=\"9 minutes\" \/>\n<script type=\"application\/ld+json\" class=\"yoast-schema-graph\">{\"@context\":\"https:\/\/schema.org\",\"@graph\":[{\"@type\":\"WebPage\",\"@id\":\"https:\/\/ultra-trail-montagnes-jura.fr\/cmm\/\",\"url\":\"https:\/\/ultra-trail-montagnes-jura.fr\/cmm\/\",\"name\":\"CMM - 40KM - Ultra Trail des Montagnes du Jura\",\"isPartOf\":{\"@id\":\"https:\/\/ultra-trail-montagnes-jura.fr\/#website\"},\"primaryImageOfPage\":{\"@id\":\"https:\/\/ultra-trail-montagnes-jura.fr\/cmm\/#primaryimage\"},\"image\":{\"@id\":\"https:\/\/ultra-trail-montagnes-jura.fr\/cmm\/#primaryimage\"},\"thumbnailUrl\":\"https:\/\/ultra-trail-montagnes-jura.fr\/wp-content\/uploads\/2025\/12\/UTMJ_2025_GLOBALE_HD_LILIAN_MENETRIER73-scaled.jpg\",\"datePublished\":\"2025-12-12T13:21:15+00:00\",\"dateModified\":\"2026-04-13T09:14:42+00:00\",\"breadcrumb\":{\"@id\":\"https:\/\/ultra-trail-montagnes-jura.fr\/cmm\/#breadcrumb\"},\"inLanguage\":\"en-GB\",\"potentialAction\":[{\"@type\":\"ReadAction\",\"target\":[\"https:\/\/ultra-trail-montagnes-jura.fr\/cmm\/\"]}]},{\"@type\":\"ImageObject\",\"inLanguage\":\"en-GB\",\"@id\":\"https:\/\/ultra-trail-montagnes-jura.fr\/cmm\/#primaryimage\",\"url\":\"https:\/\/ultra-trail-montagnes-jura.fr\/wp-content\/uploads\/2025\/12\/UTMJ_2025_GLOBALE_HD_LILIAN_MENETRIER73-scaled.jpg\",\"contentUrl\":\"https:\/\/ultra-trail-montagnes-jura.fr\/wp-content\/uploads\/2025\/12\/UTMJ_2025_GLOBALE_HD_LILIAN_MENETRIER73-scaled.jpg\"},{\"@type\":\"BreadcrumbList\",\"@id\":\"https:\/\/ultra-trail-montagnes-jura.fr\/cmm\/#breadcrumb\",\"itemListElement\":[{\"@type\":\"ListItem\",\"position\":1,\"name\":\"Accueil\",\"item\":\"https:\/\/ultra-trail-montagnes-jura.fr\/\"},{\"@type\":\"ListItem\",\"position\":2,\"name\":\"CMM &#8211; 40KM\"}]},{\"@type\":\"WebSite\",\"@id\":\"https:\/\/ultra-trail-montagnes-jura.fr\/#website\",\"url\":\"https:\/\/ultra-trail-montagnes-jura.fr\/\",\"name\":\"Ultra Trail des Montagnes du Jura\",\"description\":\"\",\"publisher\":{\"@id\":\"https:\/\/ultra-trail-montagnes-jura.fr\/#organization\"},\"potentialAction\":[{\"@type\":\"SearchAction\",\"target\":{\"@type\":\"EntryPoint\",\"urlTemplate\":\"https:\/\/ultra-trail-montagnes-jura.fr\/?s={search_term_string}\"},\"query-input\":{\"@type\":\"PropertyValueSpecification\",\"valueRequired\":true,\"valueName\":\"search_term_string\"}}],\"inLanguage\":\"en-GB\"},{\"@type\":\"Organization\",\"@id\":\"https:\/\/ultra-trail-montagnes-jura.fr\/#organization\",\"name\":\"Ultra Trail des Montagnes du Jura\",\"url\":\"https:\/\/ultra-trail-montagnes-jura.fr\/\",\"logo\":{\"@type\":\"ImageObject\",\"inLanguage\":\"en-GB\",\"@id\":\"https:\/\/ultra-trail-montagnes-jura.fr\/#\/schema\/logo\/image\/\",\"url\":\"https:\/\/ultra-trail-montagnes-jura.fr\/wp-content\/uploads\/2025\/12\/cropped-logo-FINAL-Bleu.png\",\"contentUrl\":\"https:\/\/ultra-trail-montagnes-jura.fr\/wp-content\/uploads\/2025\/12\/cropped-logo-FINAL-Bleu.png\",\"width\":1918,\"height\":630,\"caption\":\"Ultra Trail des Montagnes du Jura\"},\"image\":{\"@id\":\"https:\/\/ultra-trail-montagnes-jura.fr\/#\/schema\/logo\/image\/\"}}]}<\/script>\n<!-- \/ Yoast SEO plugin. -->","yoast_head_json":{"title":"CMM - 40KM - Ultra Trail des Montagnes du Jura","robots":{"index":"index","follow":"follow","max-snippet":"max-snippet:-1","max-image-preview":"max-image-preview:large","max-video-preview":"max-video-preview:-1"},"canonical":"https:\/\/ultra-trail-montagnes-jura.fr\/en\/cmm\/","og_locale":"en_GB","og_type":"article","og_title":"CMM - 40KM - Ultra Trail des Montagnes du Jura","og_description":"CMM &#8211; 40 KM JE M&rsquo;INSCRIS Go\u00fbtez au plaisir d\u2019un maratrail exigeant et panoramique au c\u0153ur du Haut-Doubs ! La CMM 40 km offre un concentr\u00e9 de l\u2019exp\u00e9rience UTMJ, avec un trac\u00e9 vari\u00e9 et accessible qui vous m\u00e8nera jusqu\u2019au sommet mythique du Mont d\u2019Or. Une occasion id\u00e9ale de d\u00e9couvrir le massif sous un nouveau jour, [&hellip;]","og_url":"https:\/\/ultra-trail-montagnes-jura.fr\/en\/cmm\/","og_site_name":"Ultra Trail des Montagnes du Jura","article_modified_time":"2026-04-13T09:14:42+00:00","og_image":[{"url":"https:\/\/ultra-trail-montagnes-jura.fr\/wp-content\/uploads\/2025\/12\/UTMJ_2025_GLOBALE_HD_LILIAN_MENETRIER73-scaled.jpg","type":"","width":"","height":""}],"twitter_card":"summary_large_image","twitter_misc":{"Estimated reading time":"9 minutes"},"schema":{"@context":"https:\/\/schema.org","@graph":[{"@type":"WebPage","@id":"https:\/\/ultra-trail-montagnes-jura.fr\/cmm\/","url":"https:\/\/ultra-trail-montagnes-jura.fr\/cmm\/","name":"CMM - 40KM - Ultra Trail des Montagnes du Jura","isPartOf":{"@id":"https:\/\/ultra-trail-montagnes-jura.fr\/#website"},"primaryImageOfPage":{"@id":"https:\/\/ultra-trail-montagnes-jura.fr\/cmm\/#primaryimage"},"image":{"@id":"https:\/\/ultra-trail-montagnes-jura.fr\/cmm\/#primaryimage"},"thumbnailUrl":"https:\/\/ultra-trail-montagnes-jura.fr\/wp-content\/uploads\/2025\/12\/UTMJ_2025_GLOBALE_HD_LILIAN_MENETRIER73-scaled.jpg","datePublished":"2025-12-12T13:21:15+00:00","dateModified":"2026-04-13T09:14:42+00:00","breadcrumb":{"@id":"https:\/\/ultra-trail-montagnes-jura.fr\/cmm\/#breadcrumb"},"inLanguage":"en-GB","potentialAction":[{"@type":"ReadAction","target":["https:\/\/ultra-trail-montagnes-jura.fr\/cmm\/"]}]},{"@type":"ImageObject","inLanguage":"en-GB","@id":"https:\/\/ultra-trail-montagnes-jura.fr\/cmm\/#primaryimage","url":"https:\/\/ultra-trail-montagnes-jura.fr\/wp-content\/uploads\/2025\/12\/UTMJ_2025_GLOBALE_HD_LILIAN_MENETRIER73-scaled.jpg","contentUrl":"https:\/\/ultra-trail-montagnes-jura.fr\/wp-content\/uploads\/2025\/12\/UTMJ_2025_GLOBALE_HD_LILIAN_MENETRIER73-scaled.jpg"},{"@type":"BreadcrumbList","@id":"https:\/\/ultra-trail-montagnes-jura.fr\/cmm\/#breadcrumb","itemListElement":[{"@type":"ListItem","position":1,"name":"Accueil","item":"https:\/\/ultra-trail-montagnes-jura.fr\/"},{"@type":"ListItem","position":2,"name":"CMM &#8211; 40KM"}]},{"@type":"WebSite","@id":"https:\/\/ultra-trail-montagnes-jura.fr\/#website","url":"https:\/\/ultra-trail-montagnes-jura.fr\/","name":"Ultra Trail des Montagnes du Jura","description":"","publisher":{"@id":"https:\/\/ultra-trail-montagnes-jura.fr\/#organization"},"potentialAction":[{"@type":"SearchAction","target":{"@type":"EntryPoint","urlTemplate":"https:\/\/ultra-trail-montagnes-jura.fr\/?s={search_term_string}"},"query-input":{"@type":"PropertyValueSpecification","valueRequired":true,"valueName":"search_term_string"}}],"inLanguage":"en-GB"},{"@type":"Organization","@id":"https:\/\/ultra-trail-montagnes-jura.fr\/#organization","name":"Ultra Trail des Montagnes du Jura","url":"https:\/\/ultra-trail-montagnes-jura.fr\/","logo":{"@type":"ImageObject","inLanguage":"en-GB","@id":"https:\/\/ultra-trail-montagnes-jura.fr\/#\/schema\/logo\/image\/","url":"https:\/\/ultra-trail-montagnes-jura.fr\/wp-content\/uploads\/2025\/12\/cropped-logo-FINAL-Bleu.png","contentUrl":"https:\/\/ultra-trail-montagnes-jura.fr\/wp-content\/uploads\/2025\/12\/cropped-logo-FINAL-Bleu.png","width":1918,"height":630,"caption":"Ultra Trail des Montagnes du Jura"},"image":{"@id":"https:\/\/ultra-trail-montagnes-jura.fr\/#\/schema\/logo\/image\/"}}]}},"_links":{"self":[{"href":"https:\/\/ultra-trail-montagnes-jura.fr\/en\/wp-json\/wp\/v2\/pages\/802","targetHints":{"allow":["GET"]}}],"collection":[{"href":"https:\/\/ultra-trail-montagnes-jura.fr\/en\/wp-json\/wp\/v2\/pages"}],"about":[{"href":"https:\/\/ultra-trail-montagnes-jura.fr\/en\/wp-json\/wp\/v2\/types\/page"}],"author":[{"embeddable":true,"href":"https:\/\/ultra-trail-montagnes-jura.fr\/en\/wp-json\/wp\/v2\/users\/1"}],"replies":[{"embeddable":true,"href":"https:\/\/ultra-trail-montagnes-jura.fr\/en\/wp-json\/wp\/v2\/comments?post=802"}],"version-history":[{"count":101,"href":"https:\/\/ultra-trail-montagnes-jura.fr\/en\/wp-json\/wp\/v2\/pages\/802\/revisions"}],"predecessor-version":[{"id":2008,"href":"https:\/\/ultra-trail-montagnes-jura.fr\/en\/wp-json\/wp\/v2\/pages\/802\/revisions\/2008"}],"wp:attachment":[{"href":"https:\/\/ultra-trail-montagnes-jura.fr\/en\/wp-json\/wp\/v2\/media?parent=802"}],"curies":[{"name":"wp","href":"https:\/\/api.w.org\/{rel}","templated":true}]}}