{"id":91,"date":"2025-12-10T13:37:37","date_gmt":"2025-12-10T12:37:37","guid":{"rendered":"https:\/\/utmjnew.adrienromain.ovh\/?page_id=91"},"modified":"2026-04-13T11:08:30","modified_gmt":"2026-04-13T09:08:30","slug":"utmj","status":"publish","type":"page","link":"https:\/\/ultra-trail-montagnes-jura.fr\/en\/utmj\/","title":{"rendered":"UTMJ &#8211; 175KM"},"content":{"rendered":"<div data-elementor-type=\"wp-page\" data-elementor-id=\"91\" class=\"elementor elementor-91\" data-elementor-post-type=\"page\">\n\t\t\t\t<div class=\"elementor-element elementor-element-1f3f2f2 e-flex e-con-boxed e-con e-parent\" data-id=\"1f3f2f2\" data-element_type=\"container\" data-e-type=\"container\" data-settings=\"{&quot;background_background&quot;:&quot;classic&quot;,&quot;shape_divider_bottom&quot;:&quot;mountains&quot;}\">\n\t\t\t\t\t<div class=\"e-con-inner\">\n\t\t\t\t<div class=\"elementor-shape elementor-shape-bottom\" aria-hidden=\"true\" data-negative=\"false\">\n\t\t\t<svg xmlns=\"http:\/\/www.w3.org\/2000\/svg\" viewbox=\"0 0 1000 100\" preserveaspectratio=\"none\">\n\t<path class=\"elementor-shape-fill\" opacity=\"0.33\" d=\"M473,67.3c-203.9,88.3-263.1-34-320.3,0C66,119.1,0,59.7,0,59.7V0h1000v59.7 c0,0-62.1,26.1-94.9,29.3c-32.8,3.3-62.8-12.3-75.8-22.1C806,49.6,745.3,8.7,694.9,4.7S492.4,59,473,67.3z\"\/>\n\t<path class=\"elementor-shape-fill\" opacity=\"0.66\" d=\"M734,67.3c-45.5,0-77.2-23.2-129.1-39.1c-28.6-8.7-150.3-10.1-254,39.1 s-91.7-34.4-149.2,0C115.7,118.3,0,39.8,0,39.8V0h1000v36.5c0,0-28.2-18.5-92.1-18.5C810.2,18.1,775.7,67.3,734,67.3z\"\/>\n\t<path class=\"elementor-shape-fill\" d=\"M766.1,28.9c-200-57.5-266,65.5-395.1,19.5C242,1.8,242,5.4,184.8,20.6C128,35.8,132.3,44.9,89.9,52.5C28.6,63.7,0,0,0,0 h1000c0,0-9.9,40.9-83.6,48.1S829.6,47,766.1,28.9z\"\/>\n<\/svg>\t\t<\/div>\n\t\t\t\t<div class=\"elementor-element elementor-element-15ec14c elementor-widget elementor-widget-heading\" data-id=\"15ec14c\" data-element_type=\"widget\" data-e-type=\"widget\" data-widget_type=\"heading.default\">\n\t\t\t\t\t<h1 class=\"elementor-heading-title elementor-size-default\">L'UTMJ - 175 KM<\/h1>\t\t\t\t<\/div>\n\t\t\t\t<div class=\"elementor-element elementor-element-e783823 elementor-widget elementor-widget-button\" data-id=\"e783823\" data-element_type=\"widget\" data-e-type=\"widget\" data-widget_type=\"button.default\">\n\t\t\t\t\t\t\t\t\t\t<a class=\"elementor-button elementor-button-link elementor-size-sm\" href=\"https:\/\/inscription.utmj.fr\/produit\/utmj-2026\/\">\n\t\t\t\t\t\t<span class=\"elementor-button-content-wrapper\">\n\t\t\t\t\t\t\t\t\t<span class=\"elementor-button-text\">REGISTER NOW<\/span>\n\t\t\t\t\t<\/span>\n\t\t\t\t\t<\/a>\n\t\t\t\t\t\t\t\t<\/div>\n\t\t\t\t\t<\/div>\n\t\t\t\t<\/div>\n\t\t<div class=\"elementor-element elementor-element-d847726 e-flex e-con-boxed e-con e-parent\" data-id=\"d847726\" data-element_type=\"container\" data-e-type=\"container\">\n\t\t\t\t\t<div class=\"e-con-inner\">\n\t\t<div class=\"elementor-element elementor-element-f5f1b47 e-con-full e-flex e-con e-child\" data-id=\"f5f1b47\" data-element_type=\"container\" data-e-type=\"container\">\n\t\t<div class=\"elementor-element elementor-element-574ff7e e-con-full e-flex e-con e-child\" data-id=\"574ff7e\" data-element_type=\"container\" data-e-type=\"container\">\n\t\t\t\t<div class=\"elementor-element elementor-element-a84529d elementor-widget elementor-widget-text-editor\" data-id=\"a84529d\" data-element_type=\"widget\" data-e-type=\"widget\" data-widget_type=\"text-editor.default\">\n\t\t\t\t\t\t\t\t\t<p><span style=\"text-align: center;\">Want to experience the UTMJ in its most authentic and demanding form ?\u00a0<\/span><span style=\"text-align: center;\">Take on the 175 km<\/span><span style=\"text-align: center;\">an exceptional course created by passionate trail runners for passionate trail runners.\u00a0<\/span><\/p><p><span style=\"text-align: center;\">Cross breathtaking landscapes, push your limits on technical singletrack trails, and discover the Jura like never before : 3 departments, 2 regions, 2 countries\u00a0<\/span><span style=\"text-align: center;\">an extraordinary human and sporting adventure awaits.<\/span><span style=\"text-align: center;\">Are you ready to take on the challenge?<\/span><\/p>\t\t\t\t\t\t\t\t<\/div>\n\t\t\t\t<\/div>\n\t\t\t\t<\/div>\n\t\t\t\t\t<\/div>\n\t\t\t\t<\/div>\n\t\t<div class=\"elementor-element elementor-element-4487fdb e-flex e-con-boxed e-con e-parent\" data-id=\"4487fdb\" data-element_type=\"container\" data-e-type=\"container\" data-settings=\"{&quot;background_background&quot;:&quot;classic&quot;,&quot;shape_divider_top&quot;:&quot;mountains&quot;,&quot;shape_divider_bottom&quot;:&quot;mountains&quot;}\">\n\t\t\t\t\t<div class=\"e-con-inner\">\n\t\t\t\t<div class=\"elementor-shape elementor-shape-top\" aria-hidden=\"true\" data-negative=\"false\">\n\t\t\t<svg xmlns=\"http:\/\/www.w3.org\/2000\/svg\" viewbox=\"0 0 1000 100\" preserveaspectratio=\"none\">\n\t<path class=\"elementor-shape-fill\" opacity=\"0.33\" d=\"M473,67.3c-203.9,88.3-263.1-34-320.3,0C66,119.1,0,59.7,0,59.7V0h1000v59.7 c0,0-62.1,26.1-94.9,29.3c-32.8,3.3-62.8-12.3-75.8-22.1C806,49.6,745.3,8.7,694.9,4.7S492.4,59,473,67.3z\"\/>\n\t<path class=\"elementor-shape-fill\" opacity=\"0.66\" d=\"M734,67.3c-45.5,0-77.2-23.2-129.1-39.1c-28.6-8.7-150.3-10.1-254,39.1 s-91.7-34.4-149.2,0C115.7,118.3,0,39.8,0,39.8V0h1000v36.5c0,0-28.2-18.5-92.1-18.5C810.2,18.1,775.7,67.3,734,67.3z\"\/>\n\t<path class=\"elementor-shape-fill\" d=\"M766.1,28.9c-200-57.5-266,65.5-395.1,19.5C242,1.8,242,5.4,184.8,20.6C128,35.8,132.3,44.9,89.9,52.5C28.6,63.7,0,0,0,0 h1000c0,0-9.9,40.9-83.6,48.1S829.6,47,766.1,28.9z\"\/>\n<\/svg>\t\t<\/div>\n\t\t\t\t<div class=\"elementor-shape elementor-shape-bottom\" aria-hidden=\"true\" data-negative=\"false\">\n\t\t\t<svg xmlns=\"http:\/\/www.w3.org\/2000\/svg\" viewbox=\"0 0 1000 100\" preserveaspectratio=\"none\">\n\t<path class=\"elementor-shape-fill\" opacity=\"0.33\" d=\"M473,67.3c-203.9,88.3-263.1-34-320.3,0C66,119.1,0,59.7,0,59.7V0h1000v59.7 c0,0-62.1,26.1-94.9,29.3c-32.8,3.3-62.8-12.3-75.8-22.1C806,49.6,745.3,8.7,694.9,4.7S492.4,59,473,67.3z\"\/>\n\t<path class=\"elementor-shape-fill\" opacity=\"0.66\" d=\"M734,67.3c-45.5,0-77.2-23.2-129.1-39.1c-28.6-8.7-150.3-10.1-254,39.1 s-91.7-34.4-149.2,0C115.7,118.3,0,39.8,0,39.8V0h1000v36.5c0,0-28.2-18.5-92.1-18.5C810.2,18.1,775.7,67.3,734,67.3z\"\/>\n\t<path class=\"elementor-shape-fill\" d=\"M766.1,28.9c-200-57.5-266,65.5-395.1,19.5C242,1.8,242,5.4,184.8,20.6C128,35.8,132.3,44.9,89.9,52.5C28.6,63.7,0,0,0,0 h1000c0,0-9.9,40.9-83.6,48.1S829.6,47,766.1,28.9z\"\/>\n<\/svg>\t\t<\/div>\n\t\t<div class=\"elementor-element elementor-element-3db2fad e-con-full e-flex e-con e-child\" data-id=\"3db2fad\" data-element_type=\"container\" data-e-type=\"container\">\n\t\t<div class=\"elementor-element elementor-element-75632ed e-con-full e-flex e-con e-child\" data-id=\"75632ed\" data-element_type=\"container\" data-e-type=\"container\">\n\t\t\t\t<div class=\"elementor-element elementor-element-b5aa6b9 elementor-view-stacked elementor-shape-circle elementor-position-block-start elementor-mobile-position-block-start elementor-widget elementor-widget-icon-box\" data-id=\"b5aa6b9\" data-element_type=\"widget\" data-e-type=\"widget\" data-widget_type=\"icon-box.default\">\n\t\t\t\t\t\t\t<div class=\"elementor-icon-box-wrapper\">\n\n\t\t\t\t\t\t<div class=\"elementor-icon-box-icon\">\n\t\t\t\t<span  class=\"elementor-icon\">\n\t\t\t\t<svg aria-hidden=\"true\" class=\"e-font-icon-svg e-fas-map-marked-alt\" viewbox=\"0 0 576 512\" xmlns=\"http:\/\/www.w3.org\/2000\/svg\"><path d=\"M288 0c-69.59 0-126 56.41-126 126 0 56.26 82.35 158.8 113.9 196.02 6.39 7.54 17.82 7.54 24.2 0C331.65 284.8 414 182.26 414 126 414 56.41 357.59 0 288 0zm0 168c-23.2 0-42-18.8-42-42s18.8-42 42-42 42 18.8 42 42-18.8 42-42 42zM20.12 215.95A32.006 32.006 0 0 0 0 245.66v250.32c0 11.32 11.43 19.06 21.94 14.86L160 448V214.92c-8.84-15.98-16.07-31.54-21.25-46.42L20.12 215.95zM288 359.67c-14.07 0-27.38-6.18-36.51-16.96-19.66-23.2-40.57-49.62-59.49-76.72v182l192 64V266c-18.92 27.09-39.82 53.52-59.49 76.72-9.13 10.77-22.44 16.95-36.51 16.95zm266.06-198.51L416 224v288l139.88-55.95A31.996 31.996 0 0 0 576 426.34V176.02c0-11.32-11.43-19.06-21.94-14.86z\"><\/path><\/svg>\t\t\t\t<\/span>\n\t\t\t<\/div>\n\t\t\t\n\t\t\t\t\t\t<div class=\"elementor-icon-box-content\">\n\n\t\t\t\t\t\t\t\t\t<h3 class=\"elementor-icon-box-title\">\n\t\t\t\t\t\t<span  >\n\t\t\t\t\t\t\tSTART IN LANCRANS (01) - \n2 OCTOBER 2026 AT 12:00 PM\t\t\t\t\t\t<\/span>\n\t\t\t\t\t<\/h3>\n\t\t\t\t\n\t\t\t\t\n\t\t\t<\/div>\n\t\t\t\n\t\t<\/div>\n\t\t\t\t\t\t<\/div>\n\t\t\t\t<div class=\"elementor-element elementor-element-3eebb8a elementor-widget-tablet__width-inherit elementor-widget elementor-widget-image\" data-id=\"3eebb8a\" data-element_type=\"widget\" data-e-type=\"widget\" data-widget_type=\"image.default\">\n\t\t\t\t\t\t\t\t\t\t\t\t\t\t\t<img fetchpriority=\"high\" decoding=\"async\" width=\"2560\" height=\"1706\" src=\"https:\/\/ultra-trail-montagnes-jura.fr\/wp-content\/uploads\/2025\/12\/2510_BEN_BECKER_utmj_00732_reseaux-scaled.jpg\" class=\"attachment-full size-full wp-image-140\" alt=\"UTMJ 2026 paysage - Ben Becker\" srcset=\"https:\/\/ultra-trail-montagnes-jura.fr\/wp-content\/uploads\/2025\/12\/2510_BEN_BECKER_utmj_00732_reseaux-scaled.jpg 2560w, https:\/\/ultra-trail-montagnes-jura.fr\/wp-content\/uploads\/2025\/12\/2510_BEN_BECKER_utmj_00732_reseaux-300x200.jpg 300w, https:\/\/ultra-trail-montagnes-jura.fr\/wp-content\/uploads\/2025\/12\/2510_BEN_BECKER_utmj_00732_reseaux-1024x683.jpg 1024w, https:\/\/ultra-trail-montagnes-jura.fr\/wp-content\/uploads\/2025\/12\/2510_BEN_BECKER_utmj_00732_reseaux-768x512.jpg 768w, https:\/\/ultra-trail-montagnes-jura.fr\/wp-content\/uploads\/2025\/12\/2510_BEN_BECKER_utmj_00732_reseaux-1536x1024.jpg 1536w, https:\/\/ultra-trail-montagnes-jura.fr\/wp-content\/uploads\/2025\/12\/2510_BEN_BECKER_utmj_00732_reseaux-2048x1365.jpg 2048w\" sizes=\"(max-width: 2560px) 100vw, 2560px\" \/>\t\t\t\t\t\t\t\t\t\t\t\t\t\t\t<\/div>\n\t\t\t\t<\/div>\n\t\t<div class=\"elementor-element elementor-element-4300d92 e-con-full e-flex e-con e-child\" data-id=\"4300d92\" data-element_type=\"container\" data-e-type=\"container\">\n\t\t\t\t<div class=\"elementor-element elementor-element-a53eac9 elementor-widget-tablet__width-inherit elementor-widget elementor-widget-image\" data-id=\"a53eac9\" data-element_type=\"widget\" data-e-type=\"widget\" data-widget_type=\"image.default\">\n\t\t\t\t\t\t\t\t\t\t\t\t\t\t\t<img decoding=\"async\" width=\"2560\" height=\"1706\" src=\"https:\/\/ultra-trail-montagnes-jura.fr\/wp-content\/uploads\/2025\/12\/2510_BEN_BECKER_utmj_01003_reseaux-scaled.jpg\" class=\"attachment-full size-full wp-image-142\" alt=\"UTMJ 2026 paysage - Ben Becker\" srcset=\"https:\/\/ultra-trail-montagnes-jura.fr\/wp-content\/uploads\/2025\/12\/2510_BEN_BECKER_utmj_01003_reseaux-scaled.jpg 2560w, https:\/\/ultra-trail-montagnes-jura.fr\/wp-content\/uploads\/2025\/12\/2510_BEN_BECKER_utmj_01003_reseaux-300x200.jpg 300w, https:\/\/ultra-trail-montagnes-jura.fr\/wp-content\/uploads\/2025\/12\/2510_BEN_BECKER_utmj_01003_reseaux-1024x683.jpg 1024w, https:\/\/ultra-trail-montagnes-jura.fr\/wp-content\/uploads\/2025\/12\/2510_BEN_BECKER_utmj_01003_reseaux-768x512.jpg 768w, https:\/\/ultra-trail-montagnes-jura.fr\/wp-content\/uploads\/2025\/12\/2510_BEN_BECKER_utmj_01003_reseaux-1536x1024.jpg 1536w, https:\/\/ultra-trail-montagnes-jura.fr\/wp-content\/uploads\/2025\/12\/2510_BEN_BECKER_utmj_01003_reseaux-2048x1365.jpg 2048w\" sizes=\"(max-width: 2560px) 100vw, 2560px\" \/>\t\t\t\t\t\t\t\t\t\t\t\t\t\t\t<\/div>\n\t\t\t\t<div class=\"elementor-element elementor-element-83ba939 elementor-view-stacked elementor-shape-circle elementor-position-block-start elementor-mobile-position-block-start elementor-widget elementor-widget-icon-box\" data-id=\"83ba939\" data-element_type=\"widget\" data-e-type=\"widget\" data-widget_type=\"icon-box.default\">\n\t\t\t\t\t\t\t<div class=\"elementor-icon-box-wrapper\">\n\n\t\t\t\t\t\t<div class=\"elementor-icon-box-icon\">\n\t\t\t\t<span  class=\"elementor-icon\">\n\t\t\t\t<svg aria-hidden=\"true\" class=\"e-font-icon-svg e-fas-running\" viewbox=\"0 0 416 512\" xmlns=\"http:\/\/www.w3.org\/2000\/svg\"><path d=\"M272 96c26.51 0 48-21.49 48-48S298.51 0 272 0s-48 21.49-48 48 21.49 48 48 48zM113.69 317.47l-14.8 34.52H32c-17.67 0-32 14.33-32 32s14.33 32 32 32h77.45c19.25 0 36.58-11.44 44.11-29.09l8.79-20.52-10.67-6.3c-17.32-10.23-30.06-25.37-37.99-42.61zM384 223.99h-44.03l-26.06-53.25c-12.5-25.55-35.45-44.23-61.78-50.94l-71.08-21.14c-28.3-6.8-57.77-.55-80.84 17.14l-39.67 30.41c-14.03 10.75-16.69 30.83-5.92 44.86s30.84 16.66 44.86 5.92l39.69-30.41c7.67-5.89 17.44-8 25.27-6.14l14.7 4.37-37.46 87.39c-12.62 29.48-1.31 64.01 26.3 80.31l84.98 50.17-27.47 87.73c-5.28 16.86 4.11 34.81 20.97 40.09 3.19 1 6.41 1.48 9.58 1.48 13.61 0 26.23-8.77 30.52-22.45l31.64-101.06c5.91-20.77-2.89-43.08-21.64-54.39l-61.24-36.14 31.31-78.28 20.27 41.43c8 16.34 24.92 26.89 43.11 26.89H384c17.67 0 32-14.33 32-32s-14.33-31.99-32-31.99z\"><\/path><\/svg>\t\t\t\t<\/span>\n\t\t\t<\/div>\n\t\t\t\n\t\t\t\t\t\t<div class=\"elementor-icon-box-content\">\n\n\t\t\t\t\t\t\t\t\t<h3 class=\"elementor-icon-box-title\">\n\t\t\t\t\t\t<span  >\n\t\t\t\t\t\t\t175 KM \u2022 7,000m D+\t\t\t\t\t\t<\/span>\n\t\t\t\t\t<\/h3>\n\t\t\t\t\n\t\t\t\t\n\t\t\t<\/div>\n\t\t\t\n\t\t<\/div>\n\t\t\t\t\t\t<\/div>\n\t\t\t\t<\/div>\n\t\t<div class=\"elementor-element elementor-element-2202a01 e-con-full e-flex e-con e-child\" data-id=\"2202a01\" data-element_type=\"container\" data-e-type=\"container\">\n\t\t\t\t<div class=\"elementor-element elementor-element-2a82ca1 elementor-view-stacked elementor-shape-circle elementor-position-block-start elementor-mobile-position-block-start elementor-widget elementor-widget-icon-box\" data-id=\"2a82ca1\" data-element_type=\"widget\" data-e-type=\"widget\" data-widget_type=\"icon-box.default\">\n\t\t\t\t\t\t\t<div class=\"elementor-icon-box-wrapper\">\n\n\t\t\t\t\t\t<div class=\"elementor-icon-box-icon\">\n\t\t\t\t<span  class=\"elementor-icon\">\n\t\t\t\t<svg aria-hidden=\"true\" class=\"e-font-icon-svg e-fas-globe-americas\" viewbox=\"0 0 496 512\" xmlns=\"http:\/\/www.w3.org\/2000\/svg\"><path d=\"M248 8C111.03 8 0 119.03 0 256s111.03 248 248 248 248-111.03 248-248S384.97 8 248 8zm82.29 357.6c-3.9 3.88-7.99 7.95-11.31 11.28-2.99 3-5.1 6.7-6.17 10.71-1.51 5.66-2.73 11.38-4.77 16.87l-17.39 46.85c-13.76 3-28 4.69-42.65 4.69v-27.38c1.69-12.62-7.64-36.26-22.63-51.25-6-6-9.37-14.14-9.37-22.63v-32.01c0-11.64-6.27-22.34-16.46-27.97-14.37-7.95-34.81-19.06-48.81-26.11-11.48-5.78-22.1-13.14-31.65-21.75l-.8-.72a114.792 114.792 0 0 1-18.06-20.74c-9.38-13.77-24.66-36.42-34.59-51.14 20.47-45.5 57.36-82.04 103.2-101.89l24.01 12.01C203.48 89.74 216 82.01 216 70.11v-11.3c7.99-1.29 16.12-2.11 24.39-2.42l28.3 28.3c6.25 6.25 6.25 16.38 0 22.63L264 112l-10.34 10.34c-3.12 3.12-3.12 8.19 0 11.31l4.69 4.69c3.12 3.12 3.12 8.19 0 11.31l-8 8a8.008 8.008 0 0 1-5.66 2.34h-8.99c-2.08 0-4.08.81-5.58 2.27l-9.92 9.65a8.008 8.008 0 0 0-1.58 9.31l15.59 31.19c2.66 5.32-1.21 11.58-7.15 11.58h-5.64c-1.93 0-3.79-.7-5.24-1.96l-9.28-8.06a16.017 16.017 0 0 0-15.55-3.1l-31.17 10.39a11.95 11.95 0 0 0-8.17 11.34c0 4.53 2.56 8.66 6.61 10.69l11.08 5.54c9.41 4.71 19.79 7.16 30.31 7.16s22.59 27.29 32 32h66.75c8.49 0 16.62 3.37 22.63 9.37l13.69 13.69a30.503 30.503 0 0 1 8.93 21.57 46.536 46.536 0 0 1-13.72 32.98zM417 274.25c-5.79-1.45-10.84-5-14.15-9.97l-17.98-26.97a23.97 23.97 0 0 1 0-26.62l19.59-29.38c2.32-3.47 5.5-6.29 9.24-8.15l12.98-6.49C440.2 193.59 448 223.87 448 256c0 8.67-.74 17.16-1.82 25.54L417 274.25z\"><\/path><\/svg>\t\t\t\t<\/span>\n\t\t\t<\/div>\n\t\t\t\n\t\t\t\t\t\t<div class=\"elementor-icon-box-content\">\n\n\t\t\t\t\t\t\t\t\t<h3 class=\"elementor-icon-box-title\">\n\t\t\t\t\t\t<span  >\n\t\t\t\t\t\t\t3 DEPARTMENTS \u2022 2 REGIONS \u2022 2 COUNTRIES\t\t\t\t\t\t<\/span>\n\t\t\t\t\t<\/h3>\n\t\t\t\t\n\t\t\t\t\n\t\t\t<\/div>\n\t\t\t\n\t\t<\/div>\n\t\t\t\t\t\t<\/div>\n\t\t\t\t<div class=\"elementor-element elementor-element-ac11f3d elementor-widget-tablet__width-inherit elementor-widget elementor-widget-image\" data-id=\"ac11f3d\" data-element_type=\"widget\" data-e-type=\"widget\" data-widget_type=\"image.default\">\n\t\t\t\t\t\t\t\t\t\t\t\t\t\t\t<img decoding=\"async\" width=\"2560\" height=\"1706\" src=\"https:\/\/ultra-trail-montagnes-jura.fr\/wp-content\/uploads\/2025\/12\/2510_BEN_BECKER_utmj_00580_reseaux-scaled.jpg\" class=\"attachment-full size-full wp-image-141\" alt=\"UTMJ 2026 - Ben Becker\" srcset=\"https:\/\/ultra-trail-montagnes-jura.fr\/wp-content\/uploads\/2025\/12\/2510_BEN_BECKER_utmj_00580_reseaux-scaled.jpg 2560w, https:\/\/ultra-trail-montagnes-jura.fr\/wp-content\/uploads\/2025\/12\/2510_BEN_BECKER_utmj_00580_reseaux-300x200.jpg 300w, https:\/\/ultra-trail-montagnes-jura.fr\/wp-content\/uploads\/2025\/12\/2510_BEN_BECKER_utmj_00580_reseaux-1024x683.jpg 1024w, https:\/\/ultra-trail-montagnes-jura.fr\/wp-content\/uploads\/2025\/12\/2510_BEN_BECKER_utmj_00580_reseaux-768x512.jpg 768w, https:\/\/ultra-trail-montagnes-jura.fr\/wp-content\/uploads\/2025\/12\/2510_BEN_BECKER_utmj_00580_reseaux-1536x1024.jpg 1536w, https:\/\/ultra-trail-montagnes-jura.fr\/wp-content\/uploads\/2025\/12\/2510_BEN_BECKER_utmj_00580_reseaux-2048x1365.jpg 2048w\" sizes=\"(max-width: 2560px) 100vw, 2560px\" \/>\t\t\t\t\t\t\t\t\t\t\t\t\t\t\t<\/div>\n\t\t\t\t<\/div>\n\t\t\t\t<\/div>\n\t\t\t\t\t<\/div>\n\t\t\t\t<\/div>\n\t\t<div class=\"elementor-element elementor-element-61c263e e-flex e-con-boxed e-con e-parent\" data-id=\"61c263e\" data-element_type=\"container\" data-e-type=\"container\">\n\t\t\t\t\t<div class=\"e-con-inner\">\n\t\t<div class=\"elementor-element elementor-element-7ce6d1f e-con-full e-flex e-con e-child\" data-id=\"7ce6d1f\" data-element_type=\"container\" data-e-type=\"container\">\n\t\t\t\t<div class=\"elementor-element elementor-element-950fa95 elementor-widget__width-initial elementor-widget-mobile__width-inherit elementor-widget elementor-widget-n-accordion\" data-id=\"950fa95\" data-element_type=\"widget\" data-e-type=\"widget\" data-settings=\"{&quot;n_accordion_animation_duration&quot;:{&quot;unit&quot;:&quot;ms&quot;,&quot;size&quot;:200,&quot;sizes&quot;:[]},&quot;default_state&quot;:&quot;all_collapsed&quot;,&quot;max_items_expended&quot;:&quot;one&quot;}\" data-widget_type=\"nested-accordion.default\">\n\t\t\t\t\t\t\t<div class=\"e-n-accordion\" aria-label=\"Accordion. Open links with Enter or Space, close with Escape, and navigate with Arrow Keys\">\n\t\t\t\t\t\t<details id=\"e-n-accordion-item-1560\" class=\"e-n-accordion-item\" >\n\t\t\t\t<summary class=\"e-n-accordion-item-title\" data-accordion-index=\"1\" tabindex=\"0\" aria-expanded=\"false\" aria-controls=\"e-n-accordion-item-1560\" >\n\t\t\t\t\t<span class='e-n-accordion-item-title-header'><div class=\"e-n-accordion-item-title-text\"> Race Information <\/div><\/span>\n\t\t\t\t\t\t\t<span class='e-n-accordion-item-title-icon'>\n\t\t\t<span class='e-opened' ><svg aria-hidden=\"true\" class=\"e-font-icon-svg e-fas-minus\" viewbox=\"0 0 448 512\" xmlns=\"http:\/\/www.w3.org\/2000\/svg\"><path d=\"M416 208H32c-17.67 0-32 14.33-32 32v32c0 17.67 14.33 32 32 32h384c17.67 0 32-14.33 32-32v-32c0-17.67-14.33-32-32-32z\"><\/path><\/svg><\/span>\n\t\t\t<span class='e-closed'><svg aria-hidden=\"true\" class=\"e-font-icon-svg e-fas-plus\" viewbox=\"0 0 448 512\" xmlns=\"http:\/\/www.w3.org\/2000\/svg\"><path d=\"M416 208H272V64c0-17.67-14.33-32-32-32h-32c-17.67 0-32 14.33-32 32v144H32c-17.67 0-32 14.33-32 32v32c0 17.67 14.33 32 32 32h144v144c0 17.67 14.33 32 32 32h32c17.67 0 32-14.33 32-32V304h144c17.67 0 32-14.33 32-32v-32c0-17.67-14.33-32-32-32z\"><\/path><\/svg><\/span>\n\t\t<\/span>\n\n\t\t\t\t\t\t<\/summary>\n\t\t\t\t<div role=\"region\" aria-labelledby=\"e-n-accordion-item-1560\" class=\"elementor-element elementor-element-d6f8584 e-con-full e-flex e-con e-child\" data-id=\"d6f8584\" data-element_type=\"container\" data-e-type=\"container\">\n\t\t\t\t<div class=\"elementor-element elementor-element-210306a elementor-widget elementor-widget-text-editor\" data-id=\"210306a\" data-element_type=\"widget\" data-e-type=\"widget\" data-widget_type=\"text-editor.default\">\n\t\t\t\t\t\t\t\t\t<p><strong>Start time:<\/strong> 12:00 PM on 02\/10\/2026 in Lancrans (01)<br \/><strong>Field size:<\/strong> 500 solo runners + 150 relay teams<br \/><strong>Cut-off time<\/strong> 48 hours<\/p><ul><li>Les Rousses (leaving the base camp): 14 hours from start<\/li><li>Mouthe: 28 hours from start\u00a0<\/li><li>Jougne (leaving the base camp): 36 hours from start<\/li><li>M\u00e9tabief (finish): 48 hours from start<br \/><br \/><\/li><\/ul><p><strong>Required year of birth<\/strong> 2007 or earlier (FFA Under-20 category)<br \/><strong>a PACER option is available<\/strong> (book when registering as the main runner)<\/p>\t\t\t\t\t\t\t\t<\/div>\n\t\t\t\t<\/div>\n\t\t\t\t\t<\/details>\n\t\t\t\t\t\t<details id=\"e-n-accordion-item-1561\" class=\"e-n-accordion-item\" >\n\t\t\t\t<summary class=\"e-n-accordion-item-title\" data-accordion-index=\"2\" tabindex=\"-1\" aria-expanded=\"false\" aria-controls=\"e-n-accordion-item-1561\" >\n\t\t\t\t\t<span class='e-n-accordion-item-title-header'><div class=\"e-n-accordion-item-title-text\"> Route &amp; Profile <\/div><\/span>\n\t\t\t\t\t\t\t<span class='e-n-accordion-item-title-icon'>\n\t\t\t<span class='e-opened' ><svg aria-hidden=\"true\" class=\"e-font-icon-svg e-fas-minus\" viewbox=\"0 0 448 512\" xmlns=\"http:\/\/www.w3.org\/2000\/svg\"><path d=\"M416 208H32c-17.67 0-32 14.33-32 32v32c0 17.67 14.33 32 32 32h384c17.67 0 32-14.33 32-32v-32c0-17.67-14.33-32-32-32z\"><\/path><\/svg><\/span>\n\t\t\t<span class='e-closed'><svg aria-hidden=\"true\" class=\"e-font-icon-svg e-fas-plus\" viewbox=\"0 0 448 512\" xmlns=\"http:\/\/www.w3.org\/2000\/svg\"><path d=\"M416 208H272V64c0-17.67-14.33-32-32-32h-32c-17.67 0-32 14.33-32 32v144H32c-17.67 0-32 14.33-32 32v32c0 17.67 14.33 32 32 32h144v144c0 17.67 14.33 32 32 32h32c17.67 0 32-14.33 32-32V304h144c17.67 0 32-14.33 32-32v-32c0-17.67-14.33-32-32-32z\"><\/path><\/svg><\/span>\n\t\t<\/span>\n\n\t\t\t\t\t\t<\/summary>\n\t\t\t\t<div role=\"region\" aria-labelledby=\"e-n-accordion-item-1561\" class=\"elementor-element elementor-element-55d7cdd e-con-full e-flex e-con e-child\" data-id=\"55d7cdd\" data-element_type=\"container\" data-e-type=\"container\">\n\t\t\t\t<div class=\"elementor-element elementor-element-a7429ec elementor-widget elementor-widget-text-editor\" data-id=\"a7429ec\" data-element_type=\"widget\" data-e-type=\"widget\" data-widget_type=\"text-editor.default\">\n\t\t\t\t\t\t\t\t\t<p><img loading=\"lazy\" decoding=\"async\" class=\"wp-image-232 size-large aligncenter\" src=\"https:\/\/ultra-trail-montagnes-jura.fr\/wp-content\/uploads\/2025\/12\/CourbeUTMJ-e1765460125458-1024x155.png\" alt=\"Profil UTMJ 175km\" width=\"800\" height=\"121\" srcset=\"https:\/\/ultra-trail-montagnes-jura.fr\/wp-content\/uploads\/2025\/12\/CourbeUTMJ-e1765460125458-1024x155.png 1024w, https:\/\/ultra-trail-montagnes-jura.fr\/wp-content\/uploads\/2025\/12\/CourbeUTMJ-e1765460125458-300x46.png 300w, https:\/\/ultra-trail-montagnes-jura.fr\/wp-content\/uploads\/2025\/12\/CourbeUTMJ-e1765460125458-768x117.png 768w, https:\/\/ultra-trail-montagnes-jura.fr\/wp-content\/uploads\/2025\/12\/CourbeUTMJ-e1765460125458-1536x233.png 1536w, https:\/\/ultra-trail-montagnes-jura.fr\/wp-content\/uploads\/2025\/12\/CourbeUTMJ-e1765460125458-2048x311.png 2048w\" sizes=\"(max-width: 800px) 100vw, 800px\" \/><\/p><p>The GPX track will be released shortly before the race, in order to respect private landowners' properties and ensure their peace and quiet.<\/p><p>We kindly ask you not to venture onto these private sections, so that we can preserve our routes and agreements.<\/p>\t\t\t\t\t\t\t\t<\/div>\n\t\t\t\t<\/div>\n\t\t\t\t\t<\/details>\n\t\t\t\t\t\t<details id=\"e-n-accordion-item-1562\" class=\"e-n-accordion-item\" >\n\t\t\t\t<summary class=\"e-n-accordion-item-title\" data-accordion-index=\"3\" tabindex=\"-1\" aria-expanded=\"false\" aria-controls=\"e-n-accordion-item-1562\" >\n\t\t\t\t\t<span class='e-n-accordion-item-title-header'><div class=\"e-n-accordion-item-title-text\"> Shuttle Bus <\/div><\/span>\n\t\t\t\t\t\t\t<span class='e-n-accordion-item-title-icon'>\n\t\t\t<span class='e-opened' ><svg aria-hidden=\"true\" class=\"e-font-icon-svg e-fas-minus\" viewbox=\"0 0 448 512\" xmlns=\"http:\/\/www.w3.org\/2000\/svg\"><path d=\"M416 208H32c-17.67 0-32 14.33-32 32v32c0 17.67 14.33 32 32 32h384c17.67 0 32-14.33 32-32v-32c0-17.67-14.33-32-32-32z\"><\/path><\/svg><\/span>\n\t\t\t<span class='e-closed'><svg aria-hidden=\"true\" class=\"e-font-icon-svg e-fas-plus\" viewbox=\"0 0 448 512\" xmlns=\"http:\/\/www.w3.org\/2000\/svg\"><path d=\"M416 208H272V64c0-17.67-14.33-32-32-32h-32c-17.67 0-32 14.33-32 32v144H32c-17.67 0-32 14.33-32 32v32c0 17.67 14.33 32 32 32h144v144c0 17.67 14.33 32 32 32h32c17.67 0 32-14.33 32-32V304h144c17.67 0 32-14.33 32-32v-32c0-17.67-14.33-32-32-32z\"><\/path><\/svg><\/span>\n\t\t<\/span>\n\n\t\t\t\t\t\t<\/summary>\n\t\t\t\t<div role=\"region\" aria-labelledby=\"e-n-accordion-item-1562\" class=\"elementor-element elementor-element-e3e1082 e-con-full e-flex e-con e-child\" data-id=\"e3e1082\" data-element_type=\"container\" data-e-type=\"container\">\n\t\t\t\t<div class=\"elementor-element elementor-element-4c2d2b1 elementor-widget elementor-widget-text-editor\" data-id=\"4c2d2b1\" data-element_type=\"widget\" data-e-type=\"widget\" data-widget_type=\"text-editor.default\">\n\t\t\t\t\t\t\t\t\t<p data-start=\"62\" data-end=\"326\">A shuttle bus is available to take runners to the race start in Lancrans.<\/p><p><strong>Departure <\/strong>H\u00f4pitaux Neufs (Camping du Miroir), Friday 2 October 2026 at 8:30 AM<\/p><p><strong>Route: H\u00f4pitaux Neufs (25) \u2192 Lancrans (01)<\/strong><br \/><br data-start=\"214\" data-end=\"217\" \/>This service is<strong> optional <\/strong>and must be booked online for \u20ac30 (subject to availability).\u00a0<\/p><p data-start=\"328\" data-end=\"424\">No shuttle is provided for supporters along the course.<\/p><p data-start=\"547\" data-end=\"622\"><strong>IMPORTANT <\/strong>No return shuttle will run from M\u00e9tabief to the start (Lancrans) after the race.<\/p><p data-start=\"624\" data-end=\"852\">Free return transport to the shuttle departure car park (H\u00f4pitaux Neufs) will be offered from M\u00e9tabief with regular departures.<\/p><p>Booked shuttle tickets are non-refundable if you change your mind.<\/p>\t\t\t\t\t\t\t\t<\/div>\n\t\t\t\t<\/div>\n\t\t\t\t\t<\/details>\n\t\t\t\t\t\t<details id=\"e-n-accordion-item-1563\" class=\"e-n-accordion-item\" >\n\t\t\t\t<summary class=\"e-n-accordion-item-title\" data-accordion-index=\"4\" tabindex=\"-1\" aria-expanded=\"false\" aria-controls=\"e-n-accordion-item-1563\" >\n\t\t\t\t\t<span class='e-n-accordion-item-title-header'><div class=\"e-n-accordion-item-title-text\"> Race Bib Collection <\/div><\/span>\n\t\t\t\t\t\t\t<span class='e-n-accordion-item-title-icon'>\n\t\t\t<span class='e-opened' ><svg aria-hidden=\"true\" class=\"e-font-icon-svg e-fas-minus\" viewbox=\"0 0 448 512\" xmlns=\"http:\/\/www.w3.org\/2000\/svg\"><path d=\"M416 208H32c-17.67 0-32 14.33-32 32v32c0 17.67 14.33 32 32 32h384c17.67 0 32-14.33 32-32v-32c0-17.67-14.33-32-32-32z\"><\/path><\/svg><\/span>\n\t\t\t<span class='e-closed'><svg aria-hidden=\"true\" class=\"e-font-icon-svg e-fas-plus\" viewbox=\"0 0 448 512\" xmlns=\"http:\/\/www.w3.org\/2000\/svg\"><path d=\"M416 208H272V64c0-17.67-14.33-32-32-32h-32c-17.67 0-32 14.33-32 32v144H32c-17.67 0-32 14.33-32 32v32c0 17.67 14.33 32 32 32h144v144c0 17.67 14.33 32 32 32h32c17.67 0 32-14.33 32-32V304h144c17.67 0 32-14.33 32-32v-32c0-17.67-14.33-32-32-32z\"><\/path><\/svg><\/span>\n\t\t<\/span>\n\n\t\t\t\t\t\t<\/summary>\n\t\t\t\t<div role=\"region\" aria-labelledby=\"e-n-accordion-item-1563\" class=\"elementor-element elementor-element-998b886 e-con-full e-flex e-con e-child\" data-id=\"998b886\" data-element_type=\"container\" data-e-type=\"container\">\n\t\t\t\t<div class=\"elementor-element elementor-element-2b0ee1f elementor-widget elementor-widget-text-editor\" data-id=\"2b0ee1f\" data-element_type=\"widget\" data-e-type=\"widget\" data-widget_type=\"text-editor.default\">\n\t\t\t\t\t\t\t\t\t<p>You may collect your race bib at the finish venue (M\u00e9tabief) or on the day of the race at the start (Lancrans).<\/p><ul><li>Thursday from 2:00 PM to 7:00 PM at M\u00e9tabief, Place Xavier Authier<\/li><li>Friday from 10:00 AM to 12:00 PM at Lancrans, multi-purpose hall<br \/><br \/><\/li><\/ul><p>ID is mandatory. Copies will not be accepted. A third party may collect your pack on your behalf only with your original ID.<\/p>\t\t\t\t\t\t\t\t<\/div>\n\t\t\t\t<\/div>\n\t\t\t\t\t<\/details>\n\t\t\t\t\t\t<details id=\"e-n-accordion-item-1564\" class=\"e-n-accordion-item\" >\n\t\t\t\t<summary class=\"e-n-accordion-item-title\" data-accordion-index=\"5\" tabindex=\"-1\" aria-expanded=\"false\" aria-controls=\"e-n-accordion-item-1564\" >\n\t\t\t\t\t<span class='e-n-accordion-item-title-header'><div class=\"e-n-accordion-item-title-text\"> Start Wave <\/div><\/span>\n\t\t\t\t\t\t\t<span class='e-n-accordion-item-title-icon'>\n\t\t\t<span class='e-opened' ><svg aria-hidden=\"true\" class=\"e-font-icon-svg e-fas-minus\" viewbox=\"0 0 448 512\" xmlns=\"http:\/\/www.w3.org\/2000\/svg\"><path d=\"M416 208H32c-17.67 0-32 14.33-32 32v32c0 17.67 14.33 32 32 32h384c17.67 0 32-14.33 32-32v-32c0-17.67-14.33-32-32-32z\"><\/path><\/svg><\/span>\n\t\t\t<span class='e-closed'><svg aria-hidden=\"true\" class=\"e-font-icon-svg e-fas-plus\" viewbox=\"0 0 448 512\" xmlns=\"http:\/\/www.w3.org\/2000\/svg\"><path d=\"M416 208H272V64c0-17.67-14.33-32-32-32h-32c-17.67 0-32 14.33-32 32v144H32c-17.67 0-32 14.33-32 32v32c0 17.67 14.33 32 32 32h144v144c0 17.67 14.33 32 32 32h32c17.67 0 32-14.33 32-32V304h144c17.67 0 32-14.33 32-32v-32c0-17.67-14.33-32-32-32z\"><\/path><\/svg><\/span>\n\t\t<\/span>\n\n\t\t\t\t\t\t<\/summary>\n\t\t\t\t<div role=\"region\" aria-labelledby=\"e-n-accordion-item-1564\" class=\"elementor-element elementor-element-9bb40e5 e-con-full e-flex e-con e-child\" data-id=\"9bb40e5\" data-element_type=\"container\" data-e-type=\"container\">\n\t\t\t\t<div class=\"elementor-element elementor-element-5616d5c elementor-widget elementor-widget-text-editor\" data-id=\"5616d5c\" data-element_type=\"widget\" data-e-type=\"widget\" data-widget_type=\"text-editor.default\">\n\t\t\t\t\t\t\t\t\t<ul><li>Single start wave<\/li><\/ul><p>Elite runners wishing to line up at the front should email <strong>contact@utmj.fr<\/strong><\/p>\t\t\t\t\t\t\t\t<\/div>\n\t\t\t\t<\/div>\n\t\t\t\t\t<\/details>\n\t\t\t\t\t<\/div>\n\t\t\t\t\t\t<\/div>\n\t\t\t\t<div class=\"elementor-element elementor-element-09aeed8 elementor-widget__width-initial elementor-widget-mobile__width-inherit elementor-widget elementor-widget-n-accordion\" data-id=\"09aeed8\" data-element_type=\"widget\" data-e-type=\"widget\" data-settings=\"{&quot;default_state&quot;:&quot;all_collapsed&quot;,&quot;n_accordion_animation_duration&quot;:{&quot;unit&quot;:&quot;ms&quot;,&quot;size&quot;:200,&quot;sizes&quot;:[]},&quot;max_items_expended&quot;:&quot;one&quot;}\" data-widget_type=\"nested-accordion.default\">\n\t\t\t\t\t\t\t<div class=\"e-n-accordion\" aria-label=\"Accordion. Open links with Enter or Space, close with Escape, and navigate with Arrow Keys\">\n\t\t\t\t\t\t<details id=\"e-n-accordion-item-1010\" class=\"e-n-accordion-item\" >\n\t\t\t\t<summary class=\"e-n-accordion-item-title\" data-accordion-index=\"1\" tabindex=\"0\" aria-expanded=\"false\" aria-controls=\"e-n-accordion-item-1010\" >\n\t\t\t\t\t<span class='e-n-accordion-item-title-header'><div class=\"e-n-accordion-item-title-text\"> Race Regulation <\/div><\/span>\n\t\t\t\t\t\t\t<span class='e-n-accordion-item-title-icon'>\n\t\t\t<span class='e-opened' ><svg aria-hidden=\"true\" class=\"e-font-icon-svg e-fas-minus\" viewbox=\"0 0 448 512\" xmlns=\"http:\/\/www.w3.org\/2000\/svg\"><path d=\"M416 208H32c-17.67 0-32 14.33-32 32v32c0 17.67 14.33 32 32 32h384c17.67 0 32-14.33 32-32v-32c0-17.67-14.33-32-32-32z\"><\/path><\/svg><\/span>\n\t\t\t<span class='e-closed'><svg aria-hidden=\"true\" class=\"e-font-icon-svg e-fas-plus\" viewbox=\"0 0 448 512\" xmlns=\"http:\/\/www.w3.org\/2000\/svg\"><path d=\"M416 208H272V64c0-17.67-14.33-32-32-32h-32c-17.67 0-32 14.33-32 32v144H32c-17.67 0-32 14.33-32 32v32c0 17.67 14.33 32 32 32h144v144c0 17.67 14.33 32 32 32h32c17.67 0 32-14.33 32-32V304h144c17.67 0 32-14.33 32-32v-32c0-17.67-14.33-32-32-32z\"><\/path><\/svg><\/span>\n\t\t<\/span>\n\n\t\t\t\t\t\t<\/summary>\n\t\t\t\t<div role=\"region\" aria-labelledby=\"e-n-accordion-item-1010\" class=\"elementor-element elementor-element-ed17c6a e-con-full e-flex e-con e-child\" data-id=\"ed17c6a\" data-element_type=\"container\" data-e-type=\"container\">\n\t\t\t\t<div class=\"elementor-element elementor-element-4f0ac7b elementor-widget elementor-widget-text-editor\" data-id=\"4f0ac7b\" data-element_type=\"widget\" data-e-type=\"widget\" data-widget_type=\"text-editor.default\">\n\t\t\t\t\t\t\t\t\t<p>The race regulation is available <a href=\"https:\/\/ultra-trail-montagnes-jura.fr\/en\/reglement\/\" target=\"_blank\" rel=\"noopener\"><strong>here<\/strong><\/a><\/p>\t\t\t\t\t\t\t\t<\/div>\n\t\t\t\t<\/div>\n\t\t\t\t\t<\/details>\n\t\t\t\t\t\t<details id=\"e-n-accordion-item-1011\" class=\"e-n-accordion-item\" >\n\t\t\t\t<summary class=\"e-n-accordion-item-title\" data-accordion-index=\"2\" tabindex=\"-1\" aria-expanded=\"false\" aria-controls=\"e-n-accordion-item-1011\" >\n\t\t\t\t\t<span class='e-n-accordion-item-title-header'><div class=\"e-n-accordion-item-title-text\"> Mandatory &amp; Recommended Kit <\/div><\/span>\n\t\t\t\t\t\t\t<span class='e-n-accordion-item-title-icon'>\n\t\t\t<span class='e-opened' ><svg aria-hidden=\"true\" class=\"e-font-icon-svg e-fas-minus\" viewbox=\"0 0 448 512\" xmlns=\"http:\/\/www.w3.org\/2000\/svg\"><path d=\"M416 208H32c-17.67 0-32 14.33-32 32v32c0 17.67 14.33 32 32 32h384c17.67 0 32-14.33 32-32v-32c0-17.67-14.33-32-32-32z\"><\/path><\/svg><\/span>\n\t\t\t<span class='e-closed'><svg aria-hidden=\"true\" class=\"e-font-icon-svg e-fas-plus\" viewbox=\"0 0 448 512\" xmlns=\"http:\/\/www.w3.org\/2000\/svg\"><path d=\"M416 208H272V64c0-17.67-14.33-32-32-32h-32c-17.67 0-32 14.33-32 32v144H32c-17.67 0-32 14.33-32 32v32c0 17.67 14.33 32 32 32h144v144c0 17.67 14.33 32 32 32h32c17.67 0 32-14.33 32-32V304h144c17.67 0 32-14.33 32-32v-32c0-17.67-14.33-32-32-32z\"><\/path><\/svg><\/span>\n\t\t<\/span>\n\n\t\t\t\t\t\t<\/summary>\n\t\t\t\t<div role=\"region\" aria-labelledby=\"e-n-accordion-item-1011\" class=\"elementor-element elementor-element-4bb95e2 e-con-full e-flex e-con e-child\" data-id=\"4bb95e2\" data-element_type=\"container\" data-e-type=\"container\">\n\t\t\t\t<div class=\"elementor-element elementor-element-6bc3ce5 elementor-widget elementor-widget-text-editor\" data-id=\"6bc3ce5\" data-element_type=\"widget\" data-e-type=\"widget\" data-widget_type=\"text-editor.default\">\n\t\t\t\t\t\t\t\t\t<p><strong>Mandatory kit:<\/strong> :<\/p><ul><li>500mL water reservoir<\/li><li>Brand-new emergency survival blanket<\/li><li><span style=\"font-weight: 400;\">Waterproof and windproof jacket <\/span><span style=\"font-weight: 400;\">with fitted <\/span><span style=\"font-weight: 400;\">hood<\/span><\/li><li>Waterproof and windproof trousers<\/li><li>Fitted hat\/beanie<\/li><li>Fully charged and switched-on mobile phone<\/li><li>Individual reusable cup<\/li><li>Working head torch<\/li><li>Valid ID (required for crossing into Switzerland)<\/li><\/ul><p><strong><br \/>Recommended\/Permitted kit:<\/strong> :<\/p><ul><li style=\"font-weight: 400;\" aria-level=\"1\"><span style=\"font-weight: 400;\">Whistle<\/span><\/li><li style=\"font-weight: 400;\" aria-level=\"1\"><span style=\"font-weight: 400;\">Thermal base layer (top and bottom)<\/span><\/li><li style=\"font-weight: 400;\" aria-level=\"1\"><span style=\"font-weight: 400;\">Neck gaiter<\/span><\/li><li style=\"font-weight: 400;\" aria-level=\"1\"><span style=\"font-weight: 400;\">Gloves<\/span><\/li><li style=\"font-weight: 400;\" aria-level=\"1\"><span style=\"font-weight: 400;\">Spare clothes<\/span><\/li><li style=\"font-weight: 400;\" aria-level=\"1\"><span style=\"font-weight: 400;\">Personal food supplies<\/span><\/li><li style=\"font-weight: 400;\" aria-level=\"1\"><span style=\"font-weight: 400;\">First aid kit<\/span><\/li><\/ul><p><span style=\"font-weight: 400;\">Poles are permitted on all races (not recommended for the 40 km, 20 km and 10 km).<\/span><\/p><p><strong>Cold Weather Kit \/ Warm Weather Kit:<\/strong><\/p><p><span style=\"font-weight: 400;\">Depending on forecast weather conditions, the organisation may require participants to carry additional defined kit items, on top of the mandatory gear (see race regulation). Runners will be informed of any such requirement in the days leading up to their race.\u00a0<\/span><\/p>\t\t\t\t\t\t\t\t<\/div>\n\t\t\t\t<\/div>\n\t\t\t\t\t<\/details>\n\t\t\t\t\t\t<details id=\"e-n-accordion-item-1012\" class=\"e-n-accordion-item\" >\n\t\t\t\t<summary class=\"e-n-accordion-item-title\" data-accordion-index=\"3\" tabindex=\"-1\" aria-expanded=\"false\" aria-controls=\"e-n-accordion-item-1012\" >\n\t\t\t\t\t<span class='e-n-accordion-item-title-header'><div class=\"e-n-accordion-item-title-text\"> Aid Stations <\/div><\/span>\n\t\t\t\t\t\t\t<span class='e-n-accordion-item-title-icon'>\n\t\t\t<span class='e-opened' ><svg aria-hidden=\"true\" class=\"e-font-icon-svg e-fas-minus\" viewbox=\"0 0 448 512\" xmlns=\"http:\/\/www.w3.org\/2000\/svg\"><path d=\"M416 208H32c-17.67 0-32 14.33-32 32v32c0 17.67 14.33 32 32 32h384c17.67 0 32-14.33 32-32v-32c0-17.67-14.33-32-32-32z\"><\/path><\/svg><\/span>\n\t\t\t<span class='e-closed'><svg aria-hidden=\"true\" class=\"e-font-icon-svg e-fas-plus\" viewbox=\"0 0 448 512\" xmlns=\"http:\/\/www.w3.org\/2000\/svg\"><path d=\"M416 208H272V64c0-17.67-14.33-32-32-32h-32c-17.67 0-32 14.33-32 32v144H32c-17.67 0-32 14.33-32 32v32c0 17.67 14.33 32 32 32h144v144c0 17.67 14.33 32 32 32h32c17.67 0 32-14.33 32-32V304h144c17.67 0 32-14.33 32-32v-32c0-17.67-14.33-32-32-32z\"><\/path><\/svg><\/span>\n\t\t<\/span>\n\n\t\t\t\t\t\t<\/summary>\n\t\t\t\t<div role=\"region\" aria-labelledby=\"e-n-accordion-item-1012\" class=\"elementor-element elementor-element-c4c83bc e-con-full e-flex e-con e-child\" data-id=\"c4c83bc\" data-element_type=\"container\" data-e-type=\"container\">\n\t\t\t\t<div class=\"elementor-element elementor-element-7ea549a elementor-widget elementor-widget-text-editor\" data-id=\"7ea549a\" data-element_type=\"widget\" data-e-type=\"widget\" data-widget_type=\"text-editor.default\">\n\t\t\t\t\t\t\t\t\t<p><strong>14 aid stations and 2 base camps<br \/><\/strong><\/p><p>Menthi\u00e8res \/ Ch\u00e9z\u00e9ry \/ Lelex \/ Le Manon \/ La Frasse \/ Les Rousses (BC) \/ Morbier \/ Bellefontaine \/ Chapelle des Bois \/ Chaux Neuve \/ Mouthe \/ Les Granges Raguin \/ Jougne (BC) \/ Grange Neuve \/ Jougne \/ M\u00e9tabief (Finish)<\/p><p><strong>At aid stations:<\/strong> Coffee, Tea \/ St-Yorre, Cristaline \/ Jura Cola \/ Broth \/ Oranges, Bananas \/ Dried raisins, Dried apricots \/ Peanuts \/ Cereal bars \/ Chocolate \/ Sugar \/ Bread \/ Gingerbread \/ Crackers \/ Dry sausage \/ Comt\u00e9, Morbier cheese<\/p><p><strong>Hot meals at base camps:<\/strong><\/p><ul><li>Les Rousses: Hot ham \u2013 Mashed potato<\/li><li>Jougne: Rice, bolognaise, pea soup<\/li><\/ul>\t\t\t\t\t\t\t\t<\/div>\n\t\t\t\t<\/div>\n\t\t\t\t\t<\/details>\n\t\t\t\t\t\t<details id=\"e-n-accordion-item-1013\" class=\"e-n-accordion-item\" >\n\t\t\t\t<summary class=\"e-n-accordion-item-title\" data-accordion-index=\"4\" tabindex=\"-1\" aria-expanded=\"false\" aria-controls=\"e-n-accordion-item-1013\" >\n\t\t\t\t\t<span class='e-n-accordion-item-title-header'><div class=\"e-n-accordion-item-title-text\"> ITRA \/UTMB Points <\/div><\/span>\n\t\t\t\t\t\t\t<span class='e-n-accordion-item-title-icon'>\n\t\t\t<span class='e-opened' ><svg aria-hidden=\"true\" class=\"e-font-icon-svg e-fas-minus\" viewbox=\"0 0 448 512\" xmlns=\"http:\/\/www.w3.org\/2000\/svg\"><path d=\"M416 208H32c-17.67 0-32 14.33-32 32v32c0 17.67 14.33 32 32 32h384c17.67 0 32-14.33 32-32v-32c0-17.67-14.33-32-32-32z\"><\/path><\/svg><\/span>\n\t\t\t<span class='e-closed'><svg aria-hidden=\"true\" class=\"e-font-icon-svg e-fas-plus\" viewbox=\"0 0 448 512\" xmlns=\"http:\/\/www.w3.org\/2000\/svg\"><path d=\"M416 208H272V64c0-17.67-14.33-32-32-32h-32c-17.67 0-32 14.33-32 32v144H32c-17.67 0-32 14.33-32 32v32c0 17.67 14.33 32 32 32h144v144c0 17.67 14.33 32 32 32h32c17.67 0 32-14.33 32-32V304h144c17.67 0 32-14.33 32-32v-32c0-17.67-14.33-32-32-32z\"><\/path><\/svg><\/span>\n\t\t<\/span>\n\n\t\t\t\t\t\t<\/summary>\n\t\t\t\t<div role=\"region\" aria-labelledby=\"e-n-accordion-item-1013\" class=\"elementor-element elementor-element-dc97e2f e-con-full e-flex e-con e-child\" data-id=\"dc97e2f\" data-element_type=\"container\" data-e-type=\"container\">\n\t\t\t\t<div class=\"elementor-element elementor-element-8ced0c3 elementor-widget elementor-widget-text-editor\" data-id=\"8ced0c3\" data-element_type=\"widget\" data-e-type=\"widget\" data-widget_type=\"text-editor.default\">\n\t\t\t\t\t\t\t\t\t<p><a href=\"https:\/\/itra.run\/\"><img loading=\"lazy\" decoding=\"async\" class=\"aligncenter wp-image-135 size-full\" src=\"https:\/\/ultra-trail-montagnes-jura.fr\/wp-content\/uploads\/2025\/12\/ITRA6.png\" alt=\"UTMJ - ITRA6\" width=\"283\" height=\"123\" \/><\/a> <a href=\"https:\/\/utmb.world\/fr\"><img loading=\"lazy\" decoding=\"async\" class=\"aligncenter wp-image-136 size-full\" src=\"https:\/\/ultra-trail-montagnes-jura.fr\/wp-content\/uploads\/2025\/12\/UTMMB100M.png\" alt=\"UTMJ - UTMB100M\" width=\"283\" height=\"123\" \/><\/a><\/p>\t\t\t\t\t\t\t\t<\/div>\n\t\t\t\t<\/div>\n\t\t\t\t\t<\/details>\n\t\t\t\t\t\t<details id=\"e-n-accordion-item-1014\" class=\"e-n-accordion-item\" >\n\t\t\t\t<summary class=\"e-n-accordion-item-title\" data-accordion-index=\"5\" tabindex=\"-1\" aria-expanded=\"false\" aria-controls=\"e-n-accordion-item-1014\" >\n\t\t\t\t\t<span class='e-n-accordion-item-title-header'><div class=\"e-n-accordion-item-title-text\"> Elite Race Bib <\/div><\/span>\n\t\t\t\t\t\t\t<span class='e-n-accordion-item-title-icon'>\n\t\t\t<span class='e-opened' ><svg aria-hidden=\"true\" class=\"e-font-icon-svg e-fas-minus\" viewbox=\"0 0 448 512\" xmlns=\"http:\/\/www.w3.org\/2000\/svg\"><path d=\"M416 208H32c-17.67 0-32 14.33-32 32v32c0 17.67 14.33 32 32 32h384c17.67 0 32-14.33 32-32v-32c0-17.67-14.33-32-32-32z\"><\/path><\/svg><\/span>\n\t\t\t<span class='e-closed'><svg aria-hidden=\"true\" class=\"e-font-icon-svg e-fas-plus\" viewbox=\"0 0 448 512\" xmlns=\"http:\/\/www.w3.org\/2000\/svg\"><path d=\"M416 208H272V64c0-17.67-14.33-32-32-32h-32c-17.67 0-32 14.33-32 32v144H32c-17.67 0-32 14.33-32 32v32c0 17.67 14.33 32 32 32h144v144c0 17.67 14.33 32 32 32h32c17.67 0 32-14.33 32-32V304h144c17.67 0 32-14.33 32-32v-32c0-17.67-14.33-32-32-32z\"><\/path><\/svg><\/span>\n\t\t<\/span>\n\n\t\t\t\t\t\t<\/summary>\n\t\t\t\t<div role=\"region\" aria-labelledby=\"e-n-accordion-item-1014\" class=\"elementor-element elementor-element-7285024 e-con-full e-flex e-con e-child\" data-id=\"7285024\" data-element_type=\"container\" data-e-type=\"container\">\n\t\t\t\t<div class=\"elementor-element elementor-element-0e82e1e elementor-widget elementor-widget-text-editor\" data-id=\"0e82e1e\" data-element_type=\"widget\" data-e-type=\"widget\" data-widget_type=\"text-editor.default\">\n\t\t\t\t\t\t\t\t\t<p>If you have 650 ITRA points (women) or 800 ITRA points (men), please email <strong>contact@utmj.fr<\/strong> to receive a complimentary elite bib.\u00a0<\/p><p>The request must be made before 1 September 2026.\u00a0<\/p><p><span style=\"font-weight: 400;\">Les b\u00e9n\u00e9ficiaires d\u2019un dossard \u00e9lite s\u2019engagent \u00e0 \u00eatre pr\u00e9sents \u00e0 la remise des prix s\u2019ils figurent au classement r\u00e9compens\u00e9.<\/span><\/p>\t\t\t\t\t\t\t\t<\/div>\n\t\t\t\t<\/div>\n\t\t\t\t\t<\/details>\n\t\t\t\t\t<\/div>\n\t\t\t\t\t\t<\/div>\n\t\t\t\t<\/div>\n\t\t\t\t\t<\/div>\n\t\t\t\t<\/div>\n\t\t\t\t<\/div>","protected":false},"excerpt":{"rendered":"<p>L&rsquo;UTMJ &#8211; 175 KM JE M&rsquo;INSCRIS Envie de vivre l\u2019UTMJ dans sa version la plus authentique et exigeante ?\u00a0Lancez-vous sur le 175 km, un parcours d\u2019exception imagin\u00e9 par des passionn\u00e9s, pour des passionn\u00e9s.\u00a0 Traversez des paysages grandioses, repoussez vos limites sur des singles techniques et d\u00e9couvrez le Jura comme jamais auparavant. 3 d\u00e9partements, 2 r\u00e9gions, [&hellip;]<\/p>\n","protected":false},"author":1,"featured_media":0,"parent":0,"menu_order":0,"comment_status":"closed","ping_status":"closed","template":"","meta":{"_eb_attr":"","footnotes":""},"class_list":["post-91","page","type-page","status-publish","hentry"],"yoast_head":"<!-- This site is optimized with the Yoast SEO plugin v26.9 - https:\/\/yoast.com\/product\/yoast-seo-wordpress\/ -->\n<title>UTMJ - 175KM - Ultra Trail des Montagnes du Jura<\/title>\n<meta name=\"robots\" content=\"index, follow, max-snippet:-1, max-image-preview:large, max-video-preview:-1\" \/>\n<link rel=\"canonical\" href=\"https:\/\/ultra-trail-montagnes-jura.fr\/en\/utmj\/\" \/>\n<meta property=\"og:locale\" content=\"en_GB\" \/>\n<meta property=\"og:type\" content=\"article\" \/>\n<meta property=\"og:title\" content=\"UTMJ - 175KM - Ultra Trail des Montagnes du Jura\" \/>\n<meta property=\"og:description\" content=\"L&rsquo;UTMJ &#8211; 175 KM JE M&rsquo;INSCRIS Envie de vivre l\u2019UTMJ dans sa version la plus authentique et exigeante ?\u00a0Lancez-vous sur le 175 km, un parcours d\u2019exception imagin\u00e9 par des passionn\u00e9s, pour des passionn\u00e9s.\u00a0 Traversez des paysages grandioses, repoussez vos limites sur des singles techniques et d\u00e9couvrez le Jura comme jamais auparavant. 3 d\u00e9partements, 2 r\u00e9gions, [&hellip;]\" \/>\n<meta property=\"og:url\" content=\"https:\/\/ultra-trail-montagnes-jura.fr\/en\/utmj\/\" \/>\n<meta property=\"og:site_name\" content=\"Ultra Trail des Montagnes du Jura\" \/>\n<meta property=\"article:modified_time\" content=\"2026-04-13T09:08:30+00:00\" \/>\n<meta property=\"og:image\" content=\"https:\/\/ultra-trail-montagnes-jura.fr\/wp-content\/uploads\/2025\/12\/2510_BEN_BECKER_utmj_00732_reseaux-scaled.jpg\" \/>\n\t<meta property=\"og:image:width\" content=\"2560\" \/>\n\t<meta property=\"og:image:height\" content=\"1706\" \/>\n\t<meta property=\"og:image:type\" content=\"image\/jpeg\" \/>\n<meta name=\"twitter:card\" content=\"summary_large_image\" \/>\n<meta name=\"twitter:label1\" content=\"Estimated reading time\" \/>\n\t<meta name=\"twitter:data1\" content=\"9 minutes\" \/>\n<script type=\"application\/ld+json\" class=\"yoast-schema-graph\">{\"@context\":\"https:\/\/schema.org\",\"@graph\":[{\"@type\":\"WebPage\",\"@id\":\"https:\/\/ultra-trail-montagnes-jura.fr\/utmj\/\",\"url\":\"https:\/\/ultra-trail-montagnes-jura.fr\/utmj\/\",\"name\":\"UTMJ - 175KM - Ultra Trail des Montagnes du Jura\",\"isPartOf\":{\"@id\":\"https:\/\/ultra-trail-montagnes-jura.fr\/#website\"},\"primaryImageOfPage\":{\"@id\":\"https:\/\/ultra-trail-montagnes-jura.fr\/utmj\/#primaryimage\"},\"image\":{\"@id\":\"https:\/\/ultra-trail-montagnes-jura.fr\/utmj\/#primaryimage\"},\"thumbnailUrl\":\"https:\/\/ultra-trail-montagnes-jura.fr\/wp-content\/uploads\/2025\/12\/2510_BEN_BECKER_utmj_00732_reseaux-scaled.jpg\",\"datePublished\":\"2025-12-10T12:37:37+00:00\",\"dateModified\":\"2026-04-13T09:08:30+00:00\",\"breadcrumb\":{\"@id\":\"https:\/\/ultra-trail-montagnes-jura.fr\/utmj\/#breadcrumb\"},\"inLanguage\":\"en-GB\",\"potentialAction\":[{\"@type\":\"ReadAction\",\"target\":[\"https:\/\/ultra-trail-montagnes-jura.fr\/utmj\/\"]}]},{\"@type\":\"ImageObject\",\"inLanguage\":\"en-GB\",\"@id\":\"https:\/\/ultra-trail-montagnes-jura.fr\/utmj\/#primaryimage\",\"url\":\"https:\/\/ultra-trail-montagnes-jura.fr\/wp-content\/uploads\/2025\/12\/2510_BEN_BECKER_utmj_00732_reseaux-scaled.jpg\",\"contentUrl\":\"https:\/\/ultra-trail-montagnes-jura.fr\/wp-content\/uploads\/2025\/12\/2510_BEN_BECKER_utmj_00732_reseaux-scaled.jpg\"},{\"@type\":\"BreadcrumbList\",\"@id\":\"https:\/\/ultra-trail-montagnes-jura.fr\/utmj\/#breadcrumb\",\"itemListElement\":[{\"@type\":\"ListItem\",\"position\":1,\"name\":\"Accueil\",\"item\":\"https:\/\/ultra-trail-montagnes-jura.fr\/\"},{\"@type\":\"ListItem\",\"position\":2,\"name\":\"UTMJ &#8211; 175KM\"}]},{\"@type\":\"WebSite\",\"@id\":\"https:\/\/ultra-trail-montagnes-jura.fr\/#website\",\"url\":\"https:\/\/ultra-trail-montagnes-jura.fr\/\",\"name\":\"Ultra Trail des Montagnes du Jura\",\"description\":\"\",\"publisher\":{\"@id\":\"https:\/\/ultra-trail-montagnes-jura.fr\/#organization\"},\"potentialAction\":[{\"@type\":\"SearchAction\",\"target\":{\"@type\":\"EntryPoint\",\"urlTemplate\":\"https:\/\/ultra-trail-montagnes-jura.fr\/?s={search_term_string}\"},\"query-input\":{\"@type\":\"PropertyValueSpecification\",\"valueRequired\":true,\"valueName\":\"search_term_string\"}}],\"inLanguage\":\"en-GB\"},{\"@type\":\"Organization\",\"@id\":\"https:\/\/ultra-trail-montagnes-jura.fr\/#organization\",\"name\":\"Ultra Trail des Montagnes du Jura\",\"url\":\"https:\/\/ultra-trail-montagnes-jura.fr\/\",\"logo\":{\"@type\":\"ImageObject\",\"inLanguage\":\"en-GB\",\"@id\":\"https:\/\/ultra-trail-montagnes-jura.fr\/#\/schema\/logo\/image\/\",\"url\":\"https:\/\/ultra-trail-montagnes-jura.fr\/wp-content\/uploads\/2025\/12\/cropped-logo-FINAL-Bleu.png\",\"contentUrl\":\"https:\/\/ultra-trail-montagnes-jura.fr\/wp-content\/uploads\/2025\/12\/cropped-logo-FINAL-Bleu.png\",\"width\":1918,\"height\":630,\"caption\":\"Ultra Trail des Montagnes du Jura\"},\"image\":{\"@id\":\"https:\/\/ultra-trail-montagnes-jura.fr\/#\/schema\/logo\/image\/\"}}]}<\/script>\n<!-- \/ Yoast SEO plugin. -->","yoast_head_json":{"title":"UTMJ - 175KM - Ultra Trail des Montagnes du Jura","robots":{"index":"index","follow":"follow","max-snippet":"max-snippet:-1","max-image-preview":"max-image-preview:large","max-video-preview":"max-video-preview:-1"},"canonical":"https:\/\/ultra-trail-montagnes-jura.fr\/en\/utmj\/","og_locale":"en_GB","og_type":"article","og_title":"UTMJ - 175KM - Ultra Trail des Montagnes du Jura","og_description":"L&rsquo;UTMJ &#8211; 175 KM JE M&rsquo;INSCRIS Envie de vivre l\u2019UTMJ dans sa version la plus authentique et exigeante ?\u00a0Lancez-vous sur le 175 km, un parcours d\u2019exception imagin\u00e9 par des passionn\u00e9s, pour des passionn\u00e9s.\u00a0 Traversez des paysages grandioses, repoussez vos limites sur des singles techniques et d\u00e9couvrez le Jura comme jamais auparavant. 3 d\u00e9partements, 2 r\u00e9gions, [&hellip;]","og_url":"https:\/\/ultra-trail-montagnes-jura.fr\/en\/utmj\/","og_site_name":"Ultra Trail des Montagnes du Jura","article_modified_time":"2026-04-13T09:08:30+00:00","og_image":[{"width":2560,"height":1706,"url":"https:\/\/ultra-trail-montagnes-jura.fr\/wp-content\/uploads\/2025\/12\/2510_BEN_BECKER_utmj_00732_reseaux-scaled.jpg","type":"image\/jpeg"}],"twitter_card":"summary_large_image","twitter_misc":{"Estimated reading time":"9 minutes"},"schema":{"@context":"https:\/\/schema.org","@graph":[{"@type":"WebPage","@id":"https:\/\/ultra-trail-montagnes-jura.fr\/utmj\/","url":"https:\/\/ultra-trail-montagnes-jura.fr\/utmj\/","name":"UTMJ - 175KM - Ultra Trail des Montagnes du Jura","isPartOf":{"@id":"https:\/\/ultra-trail-montagnes-jura.fr\/#website"},"primaryImageOfPage":{"@id":"https:\/\/ultra-trail-montagnes-jura.fr\/utmj\/#primaryimage"},"image":{"@id":"https:\/\/ultra-trail-montagnes-jura.fr\/utmj\/#primaryimage"},"thumbnailUrl":"https:\/\/ultra-trail-montagnes-jura.fr\/wp-content\/uploads\/2025\/12\/2510_BEN_BECKER_utmj_00732_reseaux-scaled.jpg","datePublished":"2025-12-10T12:37:37+00:00","dateModified":"2026-04-13T09:08:30+00:00","breadcrumb":{"@id":"https:\/\/ultra-trail-montagnes-jura.fr\/utmj\/#breadcrumb"},"inLanguage":"en-GB","potentialAction":[{"@type":"ReadAction","target":["https:\/\/ultra-trail-montagnes-jura.fr\/utmj\/"]}]},{"@type":"ImageObject","inLanguage":"en-GB","@id":"https:\/\/ultra-trail-montagnes-jura.fr\/utmj\/#primaryimage","url":"https:\/\/ultra-trail-montagnes-jura.fr\/wp-content\/uploads\/2025\/12\/2510_BEN_BECKER_utmj_00732_reseaux-scaled.jpg","contentUrl":"https:\/\/ultra-trail-montagnes-jura.fr\/wp-content\/uploads\/2025\/12\/2510_BEN_BECKER_utmj_00732_reseaux-scaled.jpg"},{"@type":"BreadcrumbList","@id":"https:\/\/ultra-trail-montagnes-jura.fr\/utmj\/#breadcrumb","itemListElement":[{"@type":"ListItem","position":1,"name":"Accueil","item":"https:\/\/ultra-trail-montagnes-jura.fr\/"},{"@type":"ListItem","position":2,"name":"UTMJ &#8211; 175KM"}]},{"@type":"WebSite","@id":"https:\/\/ultra-trail-montagnes-jura.fr\/#website","url":"https:\/\/ultra-trail-montagnes-jura.fr\/","name":"Ultra Trail des Montagnes du Jura","description":"","publisher":{"@id":"https:\/\/ultra-trail-montagnes-jura.fr\/#organization"},"potentialAction":[{"@type":"SearchAction","target":{"@type":"EntryPoint","urlTemplate":"https:\/\/ultra-trail-montagnes-jura.fr\/?s={search_term_string}"},"query-input":{"@type":"PropertyValueSpecification","valueRequired":true,"valueName":"search_term_string"}}],"inLanguage":"en-GB"},{"@type":"Organization","@id":"https:\/\/ultra-trail-montagnes-jura.fr\/#organization","name":"Ultra Trail des Montagnes du Jura","url":"https:\/\/ultra-trail-montagnes-jura.fr\/","logo":{"@type":"ImageObject","inLanguage":"en-GB","@id":"https:\/\/ultra-trail-montagnes-jura.fr\/#\/schema\/logo\/image\/","url":"https:\/\/ultra-trail-montagnes-jura.fr\/wp-content\/uploads\/2025\/12\/cropped-logo-FINAL-Bleu.png","contentUrl":"https:\/\/ultra-trail-montagnes-jura.fr\/wp-content\/uploads\/2025\/12\/cropped-logo-FINAL-Bleu.png","width":1918,"height":630,"caption":"Ultra Trail des Montagnes du Jura"},"image":{"@id":"https:\/\/ultra-trail-montagnes-jura.fr\/#\/schema\/logo\/image\/"}}]}},"_links":{"self":[{"href":"https:\/\/ultra-trail-montagnes-jura.fr\/en\/wp-json\/wp\/v2\/pages\/91","targetHints":{"allow":["GET"]}}],"collection":[{"href":"https:\/\/ultra-trail-montagnes-jura.fr\/en\/wp-json\/wp\/v2\/pages"}],"about":[{"href":"https:\/\/ultra-trail-montagnes-jura.fr\/en\/wp-json\/wp\/v2\/types\/page"}],"author":[{"embeddable":true,"href":"https:\/\/ultra-trail-montagnes-jura.fr\/en\/wp-json\/wp\/v2\/users\/1"}],"replies":[{"embeddable":true,"href":"https:\/\/ultra-trail-montagnes-jura.fr\/en\/wp-json\/wp\/v2\/comments?post=91"}],"version-history":[{"count":182,"href":"https:\/\/ultra-trail-montagnes-jura.fr\/en\/wp-json\/wp\/v2\/pages\/91\/revisions"}],"predecessor-version":[{"id":2000,"href":"https:\/\/ultra-trail-montagnes-jura.fr\/en\/wp-json\/wp\/v2\/pages\/91\/revisions\/2000"}],"wp:attachment":[{"href":"https:\/\/ultra-trail-montagnes-jura.fr\/en\/wp-json\/wp\/v2\/media?parent=91"}],"curies":[{"name":"wp","href":"https:\/\/api.w.org\/{rel}","templated":true}]}}